{"id":2409,"date":"2025-11-15T12:51:28","date_gmt":"2025-11-15T11:51:28","guid":{"rendered":"https:\/\/venerala.org\/?post_type=storie&#038;p=2409"},"modified":"2025-11-15T12:51:28","modified_gmt":"2025-11-15T11:51:28","slug":"il-futuro-irrompe-e-noi-con-lui","status":"publish","type":"storie","link":"https:\/\/venerala.org\/?storie=il-futuro-irrompe-e-noi-con-lui","title":{"rendered":"Il futuro irrompe e noi con lui"},"content":{"rendered":"<p><strong>Il 18 ottobre non \u00e8 solo una data.<\/strong>\u00a0\u00c8 una fenditura nel presente. \u00c8 una crepa da cui far passare la forza generativa dei corpi, dei desideri, dei saperi. \u00c8 il momento in cui le lotte si incontrano.\u00a0<strong>I corpi della Venere Biomeccanica saranno in strada al fianco della GKN<\/strong>, perch\u00e9 questa fabbrica, simbolo di un\u2019alternativa possibile, \u00e8 oggi terreno di convergenza tra chi resiste, chi crea e chi lotta per un mondo nuovo.<\/p>\n<p>Ma questa presenza non nasce dal nulla. \u00c8 il frutto di un percorso iniziato con il risveglio della Venere il 29 marzo, che ha messo in circolo linguaggi, corpi e visioni, tra generazioni, memorie e desideri, tra pratiche artistiche e istanze sociali, tra collettivi e singol\u0259.\u00a0<strong>La rete Wish Parade e l\u2019assemblea venerala.org<\/strong>\u00a0 al fianco di chi lotta per gli spazi e chi resiste nei territori: esperienze e persone che si sono incontrate nel desiderio di dare forma a una presenza politica nuova, incarnata, radicale e accogliente.<\/p>\n<p><strong>Una presenza che non si limita a rivendicare ma immagina, costruisce e trasforma.<\/strong>\u00a0Che difende l\u2019autogestione, rifiuta la svendita del patrimonio pubblico, lo sfruttamento del lavoro e dell\u2019ambiente. Rifiuta l\u2019estrattivismo capitalista come modello e sistema per renderci sempre pi\u00f9 poveri e stanchi, rifiuta l\u2019economia del genocidio e del riarmo. Ma si prende cura delle contraddizioni e le abita, costruisce un passo alla volta delle relazioni umane basate sulla condivisione e la costruzione collettiva di un altro mondo possibile. Un tempo si diceva \u201cpensare globale, agire locale\u201d.<\/p>\n<p><strong>Siamo convint\u0259 che senza convergenza non ci sia futuro. E che senza corpo non ci sia politica.<\/strong><\/p>\n<p>Per questo il 18 ottobre saremo in corteo: per disturbare il presente, per sognare in grande. Per questo, per altro, per tutto saremo in corteo il 18 ottobre. Perch\u00e9 il corteo per la GKN non \u00e8 solo vertenza. \u00c8 simbolo di un mondo che ancora esiste e resiste all\u2019imposizione della resa. \u00c8 rete di reti, corpo multiplo, rito. \u00c8 spazio per dire che s\u00ec, possiamo fare altro. Che s\u00ec, esiste una breccia nel reale. Che s\u00ec, possiamo prendercela. Insieme.<\/p>\n<p>La Venere non ha un solo volto. Ma molte maschere.<br \/>\nNon ha un solo messaggio. Ma molti gesti.<br \/>\nNon ha un solo passo. Ma molti ritmi.<br \/>\nEppure converge.<br \/>\n<strong>Il futuro non si aspetta. Si irrompe<\/strong><\/p>\n","protected":false},"excerpt":{"rendered":"<p>Il 18 ottobre non \u00e8 solo una data.\u00a0\u00c8 una fenditura nel presente. \u00c8 una crepa da cui far passare la forza generativa dei corpi, dei desideri, dei saperi. \u00c8 il momento in cui le lotte si incontrano.\u00a0I corpi della Venere Biomeccanica saranno in strada al fianco della GKN, perch\u00e9 questa fabbrica, simbolo di un\u2019alternativa possibile, \u00e8 oggi terreno di convergenza tra chi resiste, chi crea e chi lotta per un mondo nuovo.<\/p>\n","protected":false},"featured_media":2435,"template":"","tipo-storia":[33],"tags-storia":[61,35,62],"class_list":["post-2409","storie","type-storie","status-publish","has-post-thumbnail","hentry","tipo-storia-evento","tags-storia-fabbrica-integrata","tags-storia-gkn","tags-storia-palestina-libera"],"acf":{"photo_gallery":{"gallery-storia":[[{"id":2434,"title":"galleria-18ottobre134","caption":"","full_image_url":"https:\/\/venerala.org\/wp-content\/uploads\/2025\/11\/galleria-18ottobre134.jpg","thumbnail_image_url":"https:\/\/venerala.org\/wp-content\/uploads\/2025\/11\/galleria-18ottobre134-150x150.jpg","large_srcset":"https:\/\/venerala.org\/wp-content\/uploads\/2025\/11\/galleria-18ottobre134.jpg 900w, https:\/\/venerala.org\/wp-content\/uploads\/2025\/11\/galleria-18ottobre134-300x200.jpg 300w, https:\/\/venerala.org\/wp-content\/uploads\/2025\/11\/galleria-18ottobre134-768x512.jpg 768w","medium_srcset":"https:\/\/venerala.org\/wp-content\/uploads\/2025\/11\/galleria-18ottobre134-300x200.jpg 300w, https:\/\/venerala.org\/wp-content\/uploads\/2025\/11\/galleria-18ottobre134-768x512.jpg 768w, https:\/\/venerala.org\/wp-content\/uploads\/2025\/11\/galleria-18ottobre134.jpg 900w","media_details":{"width":900,"height":600,"sizes":{"medium":{"file":"galleria-18ottobre134-300x200.jpg","width":300,"height":200,"mime-type":"image\/jpeg","filesize":32415,"source_url":"https:\/\/venerala.org\/wp-content\/uploads\/2025\/11\/galleria-18ottobre134-300x200.jpg"},"thumbnail":{"file":"galleria-18ottobre134-150x150.jpg","width":150,"height":150,"mime-type":"image\/jpeg","filesize":23407,"source_url":"https:\/\/venerala.org\/wp-content\/uploads\/2025\/11\/galleria-18ottobre134-150x150.jpg"},"medium_large":{"file":"galleria-18ottobre134-768x512.jpg","width":768,"height":512,"mime-type":"image\/jpeg","filesize":92028,"source_url":"https:\/\/venerala.org\/wp-content\/uploads\/2025\/11\/galleria-18ottobre134-768x512.jpg"}}},"alt_text":"","url":"","target":""},{"id":2433,"title":"galleria-18ottobre135","caption":"","full_image_url":"https:\/\/venerala.org\/wp-content\/uploads\/2025\/11\/galleria-18ottobre135.jpg","thumbnail_image_url":"https:\/\/venerala.org\/wp-content\/uploads\/2025\/11\/galleria-18ottobre135-150x150.jpg","large_srcset":"https:\/\/venerala.org\/wp-content\/uploads\/2025\/11\/galleria-18ottobre135.jpg 900w, https:\/\/venerala.org\/wp-content\/uploads\/2025\/11\/galleria-18ottobre135-300x200.jpg 300w, https:\/\/venerala.org\/wp-content\/uploads\/2025\/11\/galleria-18ottobre135-768x512.jpg 768w","medium_srcset":"https:\/\/venerala.org\/wp-content\/uploads\/2025\/11\/galleria-18ottobre135-300x200.jpg 300w, https:\/\/venerala.org\/wp-content\/uploads\/2025\/11\/galleria-18ottobre135-768x512.jpg 768w, https:\/\/venerala.org\/wp-content\/uploads\/2025\/11\/galleria-18ottobre135.jpg 900w","media_details":{"width":900,"height":600,"sizes":{"medium":{"file":"galleria-18ottobre135-300x200.jpg","width":300,"height":200,"mime-type":"image\/jpeg","filesize":28643,"source_url":"https:\/\/venerala.org\/wp-content\/uploads\/2025\/11\/galleria-18ottobre135-300x200.jpg"},"thumbnail":{"file":"galleria-18ottobre135-150x150.jpg","width":150,"height":150,"mime-type":"image\/jpeg","filesize":20181,"source_url":"https:\/\/venerala.org\/wp-content\/uploads\/2025\/11\/galleria-18ottobre135-150x150.jpg"},"medium_large":{"file":"galleria-18ottobre135-768x512.jpg","width":768,"height":512,"mime-type":"image\/jpeg","filesize":79561,"source_url":"https:\/\/venerala.org\/wp-content\/uploads\/2025\/11\/galleria-18ottobre135-768x512.jpg"}}},"alt_text":"","url":"","target":""},{"id":2432,"title":"galleria-18ottobre136","caption":"","full_image_url":"https:\/\/venerala.org\/wp-content\/uploads\/2025\/11\/galleria-18ottobre136.jpg","thumbnail_image_url":"https:\/\/venerala.org\/wp-content\/uploads\/2025\/11\/galleria-18ottobre136-150x150.jpg","large_srcset":"https:\/\/venerala.org\/wp-content\/uploads\/2025\/11\/galleria-18ottobre136.jpg 600w, https:\/\/venerala.org\/wp-content\/uploads\/2025\/11\/galleria-18ottobre136-200x300.jpg 200w","medium_srcset":"https:\/\/venerala.org\/wp-content\/uploads\/2025\/11\/galleria-18ottobre136-200x300.jpg 200w, https:\/\/venerala.org\/wp-content\/uploads\/2025\/11\/galleria-18ottobre136.jpg 600w","media_details":{"width":600,"height":900,"sizes":{"medium":{"file":"galleria-18ottobre136-200x300.jpg","width":200,"height":300,"mime-type":"image\/jpeg","filesize":33036,"source_url":"https:\/\/venerala.org\/wp-content\/uploads\/2025\/11\/galleria-18ottobre136-200x300.jpg"},"thumbnail":{"file":"galleria-18ottobre136-150x150.jpg","width":150,"height":150,"mime-type":"image\/jpeg","filesize":24679,"source_url":"https:\/\/venerala.org\/wp-content\/uploads\/2025\/11\/galleria-18ottobre136-150x150.jpg"}}},"alt_text":"","url":"","target":""},{"id":2431,"title":"galleria-18ottobre137","caption":"","full_image_url":"https:\/\/venerala.org\/wp-content\/uploads\/2025\/11\/galleria-18ottobre137.jpg","thumbnail_image_url":"https:\/\/venerala.org\/wp-content\/uploads\/2025\/11\/galleria-18ottobre137-150x150.jpg","large_srcset":"https:\/\/venerala.org\/wp-content\/uploads\/2025\/11\/galleria-18ottobre137.jpg 900w, https:\/\/venerala.org\/wp-content\/uploads\/2025\/11\/galleria-18ottobre137-300x200.jpg 300w, https:\/\/venerala.org\/wp-content\/uploads\/2025\/11\/galleria-18ottobre137-768x512.jpg 768w","medium_srcset":"https:\/\/venerala.org\/wp-content\/uploads\/2025\/11\/galleria-18ottobre137-300x200.jpg 300w, https:\/\/venerala.org\/wp-content\/uploads\/2025\/11\/galleria-18ottobre137-768x512.jpg 768w, https:\/\/venerala.org\/wp-content\/uploads\/2025\/11\/galleria-18ottobre137.jpg 900w","media_details":{"width":900,"height":600,"sizes":{"medium":{"file":"galleria-18ottobre137-300x200.jpg","width":300,"height":200,"mime-type":"image\/jpeg","filesize":40921,"source_url":"https:\/\/venerala.org\/wp-content\/uploads\/2025\/11\/galleria-18ottobre137-300x200.jpg"},"thumbnail":{"file":"galleria-18ottobre137-150x150.jpg","width":150,"height":150,"mime-type":"image\/jpeg","filesize":29708,"source_url":"https:\/\/venerala.org\/wp-content\/uploads\/2025\/11\/galleria-18ottobre137-150x150.jpg"},"medium_large":{"file":"galleria-18ottobre137-768x512.jpg","width":768,"height":512,"mime-type":"image\/jpeg","filesize":117533,"source_url":"https:\/\/venerala.org\/wp-content\/uploads\/2025\/11\/galleria-18ottobre137-768x512.jpg"}}},"alt_text":"","url":"","target":""},{"id":2430,"title":"galleria-18ottobre138","caption":"","full_image_url":"https:\/\/venerala.org\/wp-content\/uploads\/2025\/11\/galleria-18ottobre138.jpg","thumbnail_image_url":"https:\/\/venerala.org\/wp-content\/uploads\/2025\/11\/galleria-18ottobre138-150x150.jpg","large_srcset":"https:\/\/venerala.org\/wp-content\/uploads\/2025\/11\/galleria-18ottobre138.jpg 900w, https:\/\/venerala.org\/wp-content\/uploads\/2025\/11\/galleria-18ottobre138-300x200.jpg 300w, https:\/\/venerala.org\/wp-content\/uploads\/2025\/11\/galleria-18ottobre138-768x512.jpg 768w","medium_srcset":"https:\/\/venerala.org\/wp-content\/uploads\/2025\/11\/galleria-18ottobre138-300x200.jpg 300w, https:\/\/venerala.org\/wp-content\/uploads\/2025\/11\/galleria-18ottobre138-768x512.jpg 768w, https:\/\/venerala.org\/wp-content\/uploads\/2025\/11\/galleria-18ottobre138.jpg 900w","media_details":{"width":900,"height":600,"sizes":{"medium":{"file":"galleria-18ottobre138-300x200.jpg","width":300,"height":200,"mime-type":"image\/jpeg","filesize":33988,"source_url":"https:\/\/venerala.org\/wp-content\/uploads\/2025\/11\/galleria-18ottobre138-300x200.jpg"},"thumbnail":{"file":"galleria-18ottobre138-150x150.jpg","width":150,"height":150,"mime-type":"image\/jpeg","filesize":24170,"source_url":"https:\/\/venerala.org\/wp-content\/uploads\/2025\/11\/galleria-18ottobre138-150x150.jpg"},"medium_large":{"file":"galleria-18ottobre138-768x512.jpg","width":768,"height":512,"mime-type":"image\/jpeg","filesize":98509,"source_url":"https:\/\/venerala.org\/wp-content\/uploads\/2025\/11\/galleria-18ottobre138-768x512.jpg"}}},"alt_text":"","url":"","target":""},{"id":2429,"title":"galleria-18ottobre139","caption":"","full_image_url":"https:\/\/venerala.org\/wp-content\/uploads\/2025\/11\/galleria-18ottobre139.jpg","thumbnail_image_url":"https:\/\/venerala.org\/wp-content\/uploads\/2025\/11\/galleria-18ottobre139-150x150.jpg","large_srcset":"https:\/\/venerala.org\/wp-content\/uploads\/2025\/11\/galleria-18ottobre139.jpg 900w, https:\/\/venerala.org\/wp-content\/uploads\/2025\/11\/galleria-18ottobre139-300x200.jpg 300w, https:\/\/venerala.org\/wp-content\/uploads\/2025\/11\/galleria-18ottobre139-768x512.jpg 768w","medium_srcset":"https:\/\/venerala.org\/wp-content\/uploads\/2025\/11\/galleria-18ottobre139-300x200.jpg 300w, https:\/\/venerala.org\/wp-content\/uploads\/2025\/11\/galleria-18ottobre139-768x512.jpg 768w, https:\/\/venerala.org\/wp-content\/uploads\/2025\/11\/galleria-18ottobre139.jpg 900w","media_details":{"width":900,"height":600,"sizes":{"medium":{"file":"galleria-18ottobre139-300x200.jpg","width":300,"height":200,"mime-type":"image\/jpeg","filesize":41345,"source_url":"https:\/\/venerala.org\/wp-content\/uploads\/2025\/11\/galleria-18ottobre139-300x200.jpg"},"thumbnail":{"file":"galleria-18ottobre139-150x150.jpg","width":150,"height":150,"mime-type":"image\/jpeg","filesize":29477,"source_url":"https:\/\/venerala.org\/wp-content\/uploads\/2025\/11\/galleria-18ottobre139-150x150.jpg"},"medium_large":{"file":"galleria-18ottobre139-768x512.jpg","width":768,"height":512,"mime-type":"image\/jpeg","filesize":113561,"source_url":"https:\/\/venerala.org\/wp-content\/uploads\/2025\/11\/galleria-18ottobre139-768x512.jpg"}}},"alt_text":"","url":"","target":""},{"id":2428,"title":"galleria-18ottobre140","caption":"","full_image_url":"https:\/\/venerala.org\/wp-content\/uploads\/2025\/11\/galleria-18ottobre140.jpg","thumbnail_image_url":"https:\/\/venerala.org\/wp-content\/uploads\/2025\/11\/galleria-18ottobre140-150x150.jpg","large_srcset":"https:\/\/venerala.org\/wp-content\/uploads\/2025\/11\/galleria-18ottobre140.jpg 900w, https:\/\/venerala.org\/wp-content\/uploads\/2025\/11\/galleria-18ottobre140-300x200.jpg 300w, https:\/\/venerala.org\/wp-content\/uploads\/2025\/11\/galleria-18ottobre140-768x512.jpg 768w","medium_srcset":"https:\/\/venerala.org\/wp-content\/uploads\/2025\/11\/galleria-18ottobre140-300x200.jpg 300w, https:\/\/venerala.org\/wp-content\/uploads\/2025\/11\/galleria-18ottobre140-768x512.jpg 768w, https:\/\/venerala.org\/wp-content\/uploads\/2025\/11\/galleria-18ottobre140.jpg 900w","media_details":{"width":900,"height":600,"sizes":{"medium":{"file":"galleria-18ottobre140-300x200.jpg","width":300,"height":200,"mime-type":"image\/jpeg","filesize":42713,"source_url":"https:\/\/venerala.org\/wp-content\/uploads\/2025\/11\/galleria-18ottobre140-300x200.jpg"},"thumbnail":{"file":"galleria-18ottobre140-150x150.jpg","width":150,"height":150,"mime-type":"image\/jpeg","filesize":29573,"source_url":"https:\/\/venerala.org\/wp-content\/uploads\/2025\/11\/galleria-18ottobre140-150x150.jpg"},"medium_large":{"file":"galleria-18ottobre140-768x512.jpg","width":768,"height":512,"mime-type":"image\/jpeg","filesize":120877,"source_url":"https:\/\/venerala.org\/wp-content\/uploads\/2025\/11\/galleria-18ottobre140-768x512.jpg"}}},"alt_text":"","url":"","target":""},{"id":2427,"title":"galleria-18ottobre141","caption":"","full_image_url":"https:\/\/venerala.org\/wp-content\/uploads\/2025\/11\/galleria-18ottobre141.jpg","thumbnail_image_url":"https:\/\/venerala.org\/wp-content\/uploads\/2025\/11\/galleria-18ottobre141-150x150.jpg","large_srcset":"https:\/\/venerala.org\/wp-content\/uploads\/2025\/11\/galleria-18ottobre141.jpg 900w, https:\/\/venerala.org\/wp-content\/uploads\/2025\/11\/galleria-18ottobre141-300x200.jpg 300w, https:\/\/venerala.org\/wp-content\/uploads\/2025\/11\/galleria-18ottobre141-768x512.jpg 768w","medium_srcset":"https:\/\/venerala.org\/wp-content\/uploads\/2025\/11\/galleria-18ottobre141-300x200.jpg 300w, https:\/\/venerala.org\/wp-content\/uploads\/2025\/11\/galleria-18ottobre141-768x512.jpg 768w, https:\/\/venerala.org\/wp-content\/uploads\/2025\/11\/galleria-18ottobre141.jpg 900w","media_details":{"width":900,"height":600,"sizes":{"medium":{"file":"galleria-18ottobre141-300x200.jpg","width":300,"height":200,"mime-type":"image\/jpeg","filesize":45439,"source_url":"https:\/\/venerala.org\/wp-content\/uploads\/2025\/11\/galleria-18ottobre141-300x200.jpg"},"thumbnail":{"file":"galleria-18ottobre141-150x150.jpg","width":150,"height":150,"mime-type":"image\/jpeg","filesize":32114,"source_url":"https:\/\/venerala.org\/wp-content\/uploads\/2025\/11\/galleria-18ottobre141-150x150.jpg"},"medium_large":{"file":"galleria-18ottobre141-768x512.jpg","width":768,"height":512,"mime-type":"image\/jpeg","filesize":129524,"source_url":"https:\/\/venerala.org\/wp-content\/uploads\/2025\/11\/galleria-18ottobre141-768x512.jpg"}}},"alt_text":"","url":"","target":""},{"id":2426,"title":"galleria-18ottobre142","caption":"","full_image_url":"https:\/\/venerala.org\/wp-content\/uploads\/2025\/11\/galleria-18ottobre142.jpg","thumbnail_image_url":"https:\/\/venerala.org\/wp-content\/uploads\/2025\/11\/galleria-18ottobre142-150x150.jpg","large_srcset":"https:\/\/venerala.org\/wp-content\/uploads\/2025\/11\/galleria-18ottobre142.jpg 900w, https:\/\/venerala.org\/wp-content\/uploads\/2025\/11\/galleria-18ottobre142-300x200.jpg 300w, https:\/\/venerala.org\/wp-content\/uploads\/2025\/11\/galleria-18ottobre142-768x512.jpg 768w","medium_srcset":"https:\/\/venerala.org\/wp-content\/uploads\/2025\/11\/galleria-18ottobre142-300x200.jpg 300w, https:\/\/venerala.org\/wp-content\/uploads\/2025\/11\/galleria-18ottobre142-768x512.jpg 768w, https:\/\/venerala.org\/wp-content\/uploads\/2025\/11\/galleria-18ottobre142.jpg 900w","media_details":{"width":900,"height":600,"sizes":{"medium":{"file":"galleria-18ottobre142-300x200.jpg","width":300,"height":200,"mime-type":"image\/jpeg","filesize":39771,"source_url":"https:\/\/venerala.org\/wp-content\/uploads\/2025\/11\/galleria-18ottobre142-300x200.jpg"},"thumbnail":{"file":"galleria-18ottobre142-150x150.jpg","width":150,"height":150,"mime-type":"image\/jpeg","filesize":28000,"source_url":"https:\/\/venerala.org\/wp-content\/uploads\/2025\/11\/galleria-18ottobre142-150x150.jpg"},"medium_large":{"file":"galleria-18ottobre142-768x512.jpg","width":768,"height":512,"mime-type":"image\/jpeg","filesize":111861,"source_url":"https:\/\/venerala.org\/wp-content\/uploads\/2025\/11\/galleria-18ottobre142-768x512.jpg"}}},"alt_text":"","url":"","target":""},{"id":2425,"title":"galleria-18ottobre143","caption":"","full_image_url":"https:\/\/venerala.org\/wp-content\/uploads\/2025\/11\/galleria-18ottobre143.jpg","thumbnail_image_url":"https:\/\/venerala.org\/wp-content\/uploads\/2025\/11\/galleria-18ottobre143-150x150.jpg","large_srcset":"https:\/\/venerala.org\/wp-content\/uploads\/2025\/11\/galleria-18ottobre143.jpg 900w, https:\/\/venerala.org\/wp-content\/uploads\/2025\/11\/galleria-18ottobre143-300x200.jpg 300w, https:\/\/venerala.org\/wp-content\/uploads\/2025\/11\/galleria-18ottobre143-768x512.jpg 768w","medium_srcset":"https:\/\/venerala.org\/wp-content\/uploads\/2025\/11\/galleria-18ottobre143-300x200.jpg 300w, https:\/\/venerala.org\/wp-content\/uploads\/2025\/11\/galleria-18ottobre143-768x512.jpg 768w, https:\/\/venerala.org\/wp-content\/uploads\/2025\/11\/galleria-18ottobre143.jpg 900w","media_details":{"width":900,"height":600,"sizes":{"medium":{"file":"galleria-18ottobre143-300x200.jpg","width":300,"height":200,"mime-type":"image\/jpeg","filesize":44601,"source_url":"https:\/\/venerala.org\/wp-content\/uploads\/2025\/11\/galleria-18ottobre143-300x200.jpg"},"thumbnail":{"file":"galleria-18ottobre143-150x150.jpg","width":150,"height":150,"mime-type":"image\/jpeg","filesize":31464,"source_url":"https:\/\/venerala.org\/wp-content\/uploads\/2025\/11\/galleria-18ottobre143-150x150.jpg"},"medium_large":{"file":"galleria-18ottobre143-768x512.jpg","width":768,"height":512,"mime-type":"image\/jpeg","filesize":127996,"source_url":"https:\/\/venerala.org\/wp-content\/uploads\/2025\/11\/galleria-18ottobre143-768x512.jpg"}}},"alt_text":"","url":"","target":""},{"id":2424,"title":"galleria-18ottobre145","caption":"","full_image_url":"https:\/\/venerala.org\/wp-content\/uploads\/2025\/11\/galleria-18ottobre145.jpg","thumbnail_image_url":"https:\/\/venerala.org\/wp-content\/uploads\/2025\/11\/galleria-18ottobre145-150x150.jpg","large_srcset":"https:\/\/venerala.org\/wp-content\/uploads\/2025\/11\/galleria-18ottobre145.jpg 900w, https:\/\/venerala.org\/wp-content\/uploads\/2025\/11\/galleria-18ottobre145-300x200.jpg 300w, https:\/\/venerala.org\/wp-content\/uploads\/2025\/11\/galleria-18ottobre145-768x512.jpg 768w","medium_srcset":"https:\/\/venerala.org\/wp-content\/uploads\/2025\/11\/galleria-18ottobre145-300x200.jpg 300w, https:\/\/venerala.org\/wp-content\/uploads\/2025\/11\/galleria-18ottobre145-768x512.jpg 768w, https:\/\/venerala.org\/wp-content\/uploads\/2025\/11\/galleria-18ottobre145.jpg 900w","media_details":{"width":900,"height":600,"sizes":{"medium":{"file":"galleria-18ottobre145-300x200.jpg","width":300,"height":200,"mime-type":"image\/jpeg","filesize":36661,"source_url":"https:\/\/venerala.org\/wp-content\/uploads\/2025\/11\/galleria-18ottobre145-300x200.jpg"},"thumbnail":{"file":"galleria-18ottobre145-150x150.jpg","width":150,"height":150,"mime-type":"image\/jpeg","filesize":26427,"source_url":"https:\/\/venerala.org\/wp-content\/uploads\/2025\/11\/galleria-18ottobre145-150x150.jpg"},"medium_large":{"file":"galleria-18ottobre145-768x512.jpg","width":768,"height":512,"mime-type":"image\/jpeg","filesize":102207,"source_url":"https:\/\/venerala.org\/wp-content\/uploads\/2025\/11\/galleria-18ottobre145-768x512.jpg"}}},"alt_text":"","url":"","target":""},{"id":2423,"title":"galleria-18ottobre144","caption":"","full_image_url":"https:\/\/venerala.org\/wp-content\/uploads\/2025\/11\/galleria-18ottobre144.jpg","thumbnail_image_url":"https:\/\/venerala.org\/wp-content\/uploads\/2025\/11\/galleria-18ottobre144-150x150.jpg","large_srcset":"https:\/\/venerala.org\/wp-content\/uploads\/2025\/11\/galleria-18ottobre144.jpg 600w, https:\/\/venerala.org\/wp-content\/uploads\/2025\/11\/galleria-18ottobre144-200x300.jpg 200w","medium_srcset":"https:\/\/venerala.org\/wp-content\/uploads\/2025\/11\/galleria-18ottobre144-200x300.jpg 200w, https:\/\/venerala.org\/wp-content\/uploads\/2025\/11\/galleria-18ottobre144.jpg 600w","media_details":{"width":600,"height":900,"sizes":{"medium":{"file":"galleria-18ottobre144-200x300.jpg","width":200,"height":300,"mime-type":"image\/jpeg","filesize":23058,"source_url":"https:\/\/venerala.org\/wp-content\/uploads\/2025\/11\/galleria-18ottobre144-200x300.jpg"},"thumbnail":{"file":"galleria-18ottobre144-150x150.jpg","width":150,"height":150,"mime-type":"image\/jpeg","filesize":17162,"source_url":"https:\/\/venerala.org\/wp-content\/uploads\/2025\/11\/galleria-18ottobre144-150x150.jpg"}}},"alt_text":"","url":"","target":""},{"id":2422,"title":"galleria-18ottobre146","caption":"","full_image_url":"https:\/\/venerala.org\/wp-content\/uploads\/2025\/11\/galleria-18ottobre146.jpg","thumbnail_image_url":"https:\/\/venerala.org\/wp-content\/uploads\/2025\/11\/galleria-18ottobre146-150x150.jpg","large_srcset":"https:\/\/venerala.org\/wp-content\/uploads\/2025\/11\/galleria-18ottobre146.jpg 900w, https:\/\/venerala.org\/wp-content\/uploads\/2025\/11\/galleria-18ottobre146-300x200.jpg 300w, https:\/\/venerala.org\/wp-content\/uploads\/2025\/11\/galleria-18ottobre146-768x512.jpg 768w","medium_srcset":"https:\/\/venerala.org\/wp-content\/uploads\/2025\/11\/galleria-18ottobre146-300x200.jpg 300w, https:\/\/venerala.org\/wp-content\/uploads\/2025\/11\/galleria-18ottobre146-768x512.jpg 768w, https:\/\/venerala.org\/wp-content\/uploads\/2025\/11\/galleria-18ottobre146.jpg 900w","media_details":{"width":900,"height":600,"sizes":{"medium":{"file":"galleria-18ottobre146-300x200.jpg","width":300,"height":200,"mime-type":"image\/jpeg","filesize":34194,"source_url":"https:\/\/venerala.org\/wp-content\/uploads\/2025\/11\/galleria-18ottobre146-300x200.jpg"},"thumbnail":{"file":"galleria-18ottobre146-150x150.jpg","width":150,"height":150,"mime-type":"image\/jpeg","filesize":23983,"source_url":"https:\/\/venerala.org\/wp-content\/uploads\/2025\/11\/galleria-18ottobre146-150x150.jpg"},"medium_large":{"file":"galleria-18ottobre146-768x512.jpg","width":768,"height":512,"mime-type":"image\/jpeg","filesize":95108,"source_url":"https:\/\/venerala.org\/wp-content\/uploads\/2025\/11\/galleria-18ottobre146-768x512.jpg"}}},"alt_text":"","url":"","target":""},{"id":2421,"title":"galleria-18ottobre147","caption":"","full_image_url":"https:\/\/venerala.org\/wp-content\/uploads\/2025\/11\/galleria-18ottobre147.jpg","thumbnail_image_url":"https:\/\/venerala.org\/wp-content\/uploads\/2025\/11\/galleria-18ottobre147-150x150.jpg","large_srcset":"https:\/\/venerala.org\/wp-content\/uploads\/2025\/11\/galleria-18ottobre147.jpg 900w, https:\/\/venerala.org\/wp-content\/uploads\/2025\/11\/galleria-18ottobre147-300x200.jpg 300w, https:\/\/venerala.org\/wp-content\/uploads\/2025\/11\/galleria-18ottobre147-768x512.jpg 768w","medium_srcset":"https:\/\/venerala.org\/wp-content\/uploads\/2025\/11\/galleria-18ottobre147-300x200.jpg 300w, https:\/\/venerala.org\/wp-content\/uploads\/2025\/11\/galleria-18ottobre147-768x512.jpg 768w, https:\/\/venerala.org\/wp-content\/uploads\/2025\/11\/galleria-18ottobre147.jpg 900w","media_details":{"width":900,"height":600,"sizes":{"medium":{"file":"galleria-18ottobre147-300x200.jpg","width":300,"height":200,"mime-type":"image\/jpeg","filesize":32084,"source_url":"https:\/\/venerala.org\/wp-content\/uploads\/2025\/11\/galleria-18ottobre147-300x200.jpg"},"thumbnail":{"file":"galleria-18ottobre147-150x150.jpg","width":150,"height":150,"mime-type":"image\/jpeg","filesize":22462,"source_url":"https:\/\/venerala.org\/wp-content\/uploads\/2025\/11\/galleria-18ottobre147-150x150.jpg"},"medium_large":{"file":"galleria-18ottobre147-768x512.jpg","width":768,"height":512,"mime-type":"image\/jpeg","filesize":91296,"source_url":"https:\/\/venerala.org\/wp-content\/uploads\/2025\/11\/galleria-18ottobre147-768x512.jpg"}}},"alt_text":"","url":"","target":""},{"id":2420,"title":"galleria-18ottobre115","caption":"","full_image_url":"https:\/\/venerala.org\/wp-content\/uploads\/2025\/11\/galleria-18ottobre115.jpg","thumbnail_image_url":"https:\/\/venerala.org\/wp-content\/uploads\/2025\/11\/galleria-18ottobre115-150x150.jpg","large_srcset":"https:\/\/venerala.org\/wp-content\/uploads\/2025\/11\/galleria-18ottobre115.jpg 405w, https:\/\/venerala.org\/wp-content\/uploads\/2025\/11\/galleria-18ottobre115-135x300.jpg 135w","medium_srcset":"https:\/\/venerala.org\/wp-content\/uploads\/2025\/11\/galleria-18ottobre115-135x300.jpg 135w, https:\/\/venerala.org\/wp-content\/uploads\/2025\/11\/galleria-18ottobre115.jpg 405w","media_details":{"width":405,"height":900,"sizes":{"medium":{"file":"galleria-18ottobre115-135x300.jpg","width":135,"height":300,"mime-type":"image\/jpeg","filesize":23821,"source_url":"https:\/\/venerala.org\/wp-content\/uploads\/2025\/11\/galleria-18ottobre115-135x300.jpg"},"thumbnail":{"file":"galleria-18ottobre115-150x150.jpg","width":150,"height":150,"mime-type":"image\/jpeg","filesize":20107,"source_url":"https:\/\/venerala.org\/wp-content\/uploads\/2025\/11\/galleria-18ottobre115-150x150.jpg"}}},"alt_text":"","url":"","target":""},{"id":2419,"title":"galleria-18ottobre114","caption":"","full_image_url":"https:\/\/venerala.org\/wp-content\/uploads\/2025\/11\/galleria-18ottobre114.jpg","thumbnail_image_url":"https:\/\/venerala.org\/wp-content\/uploads\/2025\/11\/galleria-18ottobre114-150x150.jpg","large_srcset":"https:\/\/venerala.org\/wp-content\/uploads\/2025\/11\/galleria-18ottobre114.jpg 900w, https:\/\/venerala.org\/wp-content\/uploads\/2025\/11\/galleria-18ottobre114-300x225.jpg 300w, https:\/\/venerala.org\/wp-content\/uploads\/2025\/11\/galleria-18ottobre114-768x576.jpg 768w","medium_srcset":"https:\/\/venerala.org\/wp-content\/uploads\/2025\/11\/galleria-18ottobre114-300x225.jpg 300w, https:\/\/venerala.org\/wp-content\/uploads\/2025\/11\/galleria-18ottobre114-768x576.jpg 768w, https:\/\/venerala.org\/wp-content\/uploads\/2025\/11\/galleria-18ottobre114.jpg 900w","media_details":{"width":900,"height":675,"sizes":{"medium":{"file":"galleria-18ottobre114-300x225.jpg","width":300,"height":225,"mime-type":"image\/jpeg","filesize":26070,"source_url":"https:\/\/venerala.org\/wp-content\/uploads\/2025\/11\/galleria-18ottobre114-300x225.jpg"},"thumbnail":{"file":"galleria-18ottobre114-150x150.jpg","width":150,"height":150,"mime-type":"image\/jpeg","filesize":17626,"source_url":"https:\/\/venerala.org\/wp-content\/uploads\/2025\/11\/galleria-18ottobre114-150x150.jpg"},"medium_large":{"file":"galleria-18ottobre114-768x576.jpg","width":768,"height":576,"mime-type":"image\/jpeg","filesize":86745,"source_url":"https:\/\/venerala.org\/wp-content\/uploads\/2025\/11\/galleria-18ottobre114-768x576.jpg"}}},"alt_text":"","url":"","target":""},{"id":2418,"title":"galleria-18ottobre116","caption":"","full_image_url":"https:\/\/venerala.org\/wp-content\/uploads\/2025\/11\/galleria-18ottobre116.jpg","thumbnail_image_url":"https:\/\/venerala.org\/wp-content\/uploads\/2025\/11\/galleria-18ottobre116-150x150.jpg","large_srcset":"https:\/\/venerala.org\/wp-content\/uploads\/2025\/11\/galleria-18ottobre116.jpg 900w, https:\/\/venerala.org\/wp-content\/uploads\/2025\/11\/galleria-18ottobre116-300x247.jpg 300w, https:\/\/venerala.org\/wp-content\/uploads\/2025\/11\/galleria-18ottobre116-768x633.jpg 768w","medium_srcset":"https:\/\/venerala.org\/wp-content\/uploads\/2025\/11\/galleria-18ottobre116-300x247.jpg 300w, https:\/\/venerala.org\/wp-content\/uploads\/2025\/11\/galleria-18ottobre116-768x633.jpg 768w, https:\/\/venerala.org\/wp-content\/uploads\/2025\/11\/galleria-18ottobre116.jpg 900w","media_details":{"width":900,"height":742,"sizes":{"medium":{"file":"galleria-18ottobre116-300x247.jpg","width":300,"height":247,"mime-type":"image\/jpeg","filesize":32658,"source_url":"https:\/\/venerala.org\/wp-content\/uploads\/2025\/11\/galleria-18ottobre116-300x247.jpg"},"thumbnail":{"file":"galleria-18ottobre116-150x150.jpg","width":150,"height":150,"mime-type":"image\/jpeg","filesize":22722,"source_url":"https:\/\/venerala.org\/wp-content\/uploads\/2025\/11\/galleria-18ottobre116-150x150.jpg"},"medium_large":{"file":"galleria-18ottobre116-768x633.jpg","width":768,"height":633,"mime-type":"image\/jpeg","filesize":82176,"source_url":"https:\/\/venerala.org\/wp-content\/uploads\/2025\/11\/galleria-18ottobre116-768x633.jpg"}}},"alt_text":"","url":"","target":""},{"id":2417,"title":"galleria-18ottobre113","caption":"","full_image_url":"https:\/\/venerala.org\/wp-content\/uploads\/2025\/11\/galleria-18ottobre113.jpg","thumbnail_image_url":"https:\/\/venerala.org\/wp-content\/uploads\/2025\/11\/galleria-18ottobre113-150x150.jpg","large_srcset":"https:\/\/venerala.org\/wp-content\/uploads\/2025\/11\/galleria-18ottobre113.jpg 675w, https:\/\/venerala.org\/wp-content\/uploads\/2025\/11\/galleria-18ottobre113-225x300.jpg 225w","medium_srcset":"https:\/\/venerala.org\/wp-content\/uploads\/2025\/11\/galleria-18ottobre113-225x300.jpg 225w, https:\/\/venerala.org\/wp-content\/uploads\/2025\/11\/galleria-18ottobre113.jpg 675w","media_details":{"width":675,"height":900,"sizes":{"medium":{"file":"galleria-18ottobre113-225x300.jpg","width":225,"height":300,"mime-type":"image\/jpeg","filesize":35856,"source_url":"https:\/\/venerala.org\/wp-content\/uploads\/2025\/11\/galleria-18ottobre113-225x300.jpg"},"thumbnail":{"file":"galleria-18ottobre113-150x150.jpg","width":150,"height":150,"mime-type":"image\/jpeg","filesize":24450,"source_url":"https:\/\/venerala.org\/wp-content\/uploads\/2025\/11\/galleria-18ottobre113-150x150.jpg"}}},"alt_text":"","url":"","target":""},{"id":2416,"title":"galleria-18ottobre117","caption":"","full_image_url":"https:\/\/venerala.org\/wp-content\/uploads\/2025\/11\/galleria-18ottobre117.jpg","thumbnail_image_url":"https:\/\/venerala.org\/wp-content\/uploads\/2025\/11\/galleria-18ottobre117-150x150.jpg","large_srcset":"https:\/\/venerala.org\/wp-content\/uploads\/2025\/11\/galleria-18ottobre117.jpg 900w, https:\/\/venerala.org\/wp-content\/uploads\/2025\/11\/galleria-18ottobre117-300x187.jpg 300w, https:\/\/venerala.org\/wp-content\/uploads\/2025\/11\/galleria-18ottobre117-768x479.jpg 768w","medium_srcset":"https:\/\/venerala.org\/wp-content\/uploads\/2025\/11\/galleria-18ottobre117-300x187.jpg 300w, https:\/\/venerala.org\/wp-content\/uploads\/2025\/11\/galleria-18ottobre117-768x479.jpg 768w, https:\/\/venerala.org\/wp-content\/uploads\/2025\/11\/galleria-18ottobre117.jpg 900w","media_details":{"width":900,"height":561,"sizes":{"medium":{"file":"galleria-18ottobre117-300x187.jpg","width":300,"height":187,"mime-type":"image\/jpeg","filesize":26290,"source_url":"https:\/\/venerala.org\/wp-content\/uploads\/2025\/11\/galleria-18ottobre117-300x187.jpg"},"thumbnail":{"file":"galleria-18ottobre117-150x150.jpg","width":150,"height":150,"mime-type":"image\/jpeg","filesize":19350,"source_url":"https:\/\/venerala.org\/wp-content\/uploads\/2025\/11\/galleria-18ottobre117-150x150.jpg"},"medium_large":{"file":"galleria-18ottobre117-768x479.jpg","width":768,"height":479,"mime-type":"image\/jpeg","filesize":70951,"source_url":"https:\/\/venerala.org\/wp-content\/uploads\/2025\/11\/galleria-18ottobre117-768x479.jpg"}}},"alt_text":"","url":"","target":""},{"id":2415,"title":"galleria-18ottobre121","caption":"","full_image_url":"https:\/\/venerala.org\/wp-content\/uploads\/2025\/11\/galleria-18ottobre121.jpg","thumbnail_image_url":"https:\/\/venerala.org\/wp-content\/uploads\/2025\/11\/galleria-18ottobre121-150x150.jpg","large_srcset":"https:\/\/venerala.org\/wp-content\/uploads\/2025\/11\/galleria-18ottobre121.jpg 675w, https:\/\/venerala.org\/wp-content\/uploads\/2025\/11\/galleria-18ottobre121-225x300.jpg 225w","medium_srcset":"https:\/\/venerala.org\/wp-content\/uploads\/2025\/11\/galleria-18ottobre121-225x300.jpg 225w, https:\/\/venerala.org\/wp-content\/uploads\/2025\/11\/galleria-18ottobre121.jpg 675w","media_details":{"width":675,"height":900,"sizes":{"medium":{"file":"galleria-18ottobre121-225x300.jpg","width":225,"height":300,"mime-type":"image\/jpeg","filesize":43000,"source_url":"https:\/\/venerala.org\/wp-content\/uploads\/2025\/11\/galleria-18ottobre121-225x300.jpg"},"thumbnail":{"file":"galleria-18ottobre121-150x150.jpg","width":150,"height":150,"mime-type":"image\/jpeg","filesize":30049,"source_url":"https:\/\/venerala.org\/wp-content\/uploads\/2025\/11\/galleria-18ottobre121-150x150.jpg"}}},"alt_text":"","url":"","target":""},{"id":2414,"title":"galleria-18ottobre118","caption":"","full_image_url":"https:\/\/venerala.org\/wp-content\/uploads\/2025\/11\/galleria-18ottobre118.jpg","thumbnail_image_url":"https:\/\/venerala.org\/wp-content\/uploads\/2025\/11\/galleria-18ottobre118-150x150.jpg","large_srcset":"https:\/\/venerala.org\/wp-content\/uploads\/2025\/11\/galleria-18ottobre118.jpg 675w, https:\/\/venerala.org\/wp-content\/uploads\/2025\/11\/galleria-18ottobre118-225x300.jpg 225w","medium_srcset":"https:\/\/venerala.org\/wp-content\/uploads\/2025\/11\/galleria-18ottobre118-225x300.jpg 225w, https:\/\/venerala.org\/wp-content\/uploads\/2025\/11\/galleria-18ottobre118.jpg 675w","media_details":{"width":675,"height":900,"sizes":{"medium":{"file":"galleria-18ottobre118-225x300.jpg","width":225,"height":300,"mime-type":"image\/jpeg","filesize":38453,"source_url":"https:\/\/venerala.org\/wp-content\/uploads\/2025\/11\/galleria-18ottobre118-225x300.jpg"},"thumbnail":{"file":"galleria-18ottobre118-150x150.jpg","width":150,"height":150,"mime-type":"image\/jpeg","filesize":27168,"source_url":"https:\/\/venerala.org\/wp-content\/uploads\/2025\/11\/galleria-18ottobre118-150x150.jpg"}}},"alt_text":"","url":"","target":""},{"id":2413,"title":"galleria-18ottobre119","caption":"","full_image_url":"https:\/\/venerala.org\/wp-content\/uploads\/2025\/11\/galleria-18ottobre119.jpg","thumbnail_image_url":"https:\/\/venerala.org\/wp-content\/uploads\/2025\/11\/galleria-18ottobre119-150x150.jpg","large_srcset":"https:\/\/venerala.org\/wp-content\/uploads\/2025\/11\/galleria-18ottobre119.jpg 900w, https:\/\/venerala.org\/wp-content\/uploads\/2025\/11\/galleria-18ottobre119-300x225.jpg 300w, https:\/\/venerala.org\/wp-content\/uploads\/2025\/11\/galleria-18ottobre119-768x576.jpg 768w","medium_srcset":"https:\/\/venerala.org\/wp-content\/uploads\/2025\/11\/galleria-18ottobre119-300x225.jpg 300w, https:\/\/venerala.org\/wp-content\/uploads\/2025\/11\/galleria-18ottobre119-768x576.jpg 768w, https:\/\/venerala.org\/wp-content\/uploads\/2025\/11\/galleria-18ottobre119.jpg 900w","media_details":{"width":900,"height":675,"sizes":{"medium":{"file":"galleria-18ottobre119-300x225.jpg","width":300,"height":225,"mime-type":"image\/jpeg","filesize":31940,"source_url":"https:\/\/venerala.org\/wp-content\/uploads\/2025\/11\/galleria-18ottobre119-300x225.jpg"},"thumbnail":{"file":"galleria-18ottobre119-150x150.jpg","width":150,"height":150,"mime-type":"image\/jpeg","filesize":21173,"source_url":"https:\/\/venerala.org\/wp-content\/uploads\/2025\/11\/galleria-18ottobre119-150x150.jpg"},"medium_large":{"file":"galleria-18ottobre119-768x576.jpg","width":768,"height":576,"mime-type":"image\/jpeg","filesize":94119,"source_url":"https:\/\/venerala.org\/wp-content\/uploads\/2025\/11\/galleria-18ottobre119-768x576.jpg"}}},"alt_text":"","url":"","target":""},{"id":2412,"title":"galleria-18ottobre120","caption":"","full_image_url":"https:\/\/venerala.org\/wp-content\/uploads\/2025\/11\/galleria-18ottobre120.jpg","thumbnail_image_url":"https:\/\/venerala.org\/wp-content\/uploads\/2025\/11\/galleria-18ottobre120-150x150.jpg","large_srcset":"https:\/\/venerala.org\/wp-content\/uploads\/2025\/11\/galleria-18ottobre120.jpg 675w, https:\/\/venerala.org\/wp-content\/uploads\/2025\/11\/galleria-18ottobre120-225x300.jpg 225w","medium_srcset":"https:\/\/venerala.org\/wp-content\/uploads\/2025\/11\/galleria-18ottobre120-225x300.jpg 225w, https:\/\/venerala.org\/wp-content\/uploads\/2025\/11\/galleria-18ottobre120.jpg 675w","media_details":{"width":675,"height":900,"sizes":{"medium":{"file":"galleria-18ottobre120-225x300.jpg","width":225,"height":300,"mime-type":"image\/jpeg","filesize":34400,"source_url":"https:\/\/venerala.org\/wp-content\/uploads\/2025\/11\/galleria-18ottobre120-225x300.jpg"},"thumbnail":{"file":"galleria-18ottobre120-150x150.jpg","width":150,"height":150,"mime-type":"image\/jpeg","filesize":24423,"source_url":"https:\/\/venerala.org\/wp-content\/uploads\/2025\/11\/galleria-18ottobre120-150x150.jpg"}}},"alt_text":"","url":"","target":""},{"id":2411,"title":"galleria-18ottobre122","caption":"","full_image_url":"https:\/\/venerala.org\/wp-content\/uploads\/2025\/11\/galleria-18ottobre122.jpg","thumbnail_image_url":"https:\/\/venerala.org\/wp-content\/uploads\/2025\/11\/galleria-18ottobre122-150x150.jpg","large_srcset":"https:\/\/venerala.org\/wp-content\/uploads\/2025\/11\/galleria-18ottobre122.jpg 675w, https:\/\/venerala.org\/wp-content\/uploads\/2025\/11\/galleria-18ottobre122-225x300.jpg 225w","medium_srcset":"https:\/\/venerala.org\/wp-content\/uploads\/2025\/11\/galleria-18ottobre122-225x300.jpg 225w, https:\/\/venerala.org\/wp-content\/uploads\/2025\/11\/galleria-18ottobre122.jpg 675w","media_details":{"width":675,"height":900,"sizes":{"medium":{"file":"galleria-18ottobre122-225x300.jpg","width":225,"height":300,"mime-type":"image\/jpeg","filesize":40984,"source_url":"https:\/\/venerala.org\/wp-content\/uploads\/2025\/11\/galleria-18ottobre122-225x300.jpg"},"thumbnail":{"file":"galleria-18ottobre122-150x150.jpg","width":150,"height":150,"mime-type":"image\/jpeg","filesize":28830,"source_url":"https:\/\/venerala.org\/wp-content\/uploads\/2025\/11\/galleria-18ottobre122-150x150.jpg"}}},"alt_text":"","url":"","target":""},{"id":2410,"title":"galleria-18ottobre123","caption":"","full_image_url":"https:\/\/venerala.org\/wp-content\/uploads\/2025\/11\/galleria-18ottobre123.jpg","thumbnail_image_url":"https:\/\/venerala.org\/wp-content\/uploads\/2025\/11\/galleria-18ottobre123-150x150.jpg","large_srcset":"https:\/\/venerala.org\/wp-content\/uploads\/2025\/11\/galleria-18ottobre123.jpg 900w, https:\/\/venerala.org\/wp-content\/uploads\/2025\/11\/galleria-18ottobre123-300x240.jpg 300w, https:\/\/venerala.org\/wp-content\/uploads\/2025\/11\/galleria-18ottobre123-768x614.jpg 768w","medium_srcset":"https:\/\/venerala.org\/wp-content\/uploads\/2025\/11\/galleria-18ottobre123-300x240.jpg 300w, https:\/\/venerala.org\/wp-content\/uploads\/2025\/11\/galleria-18ottobre123-768x614.jpg 768w, https:\/\/venerala.org\/wp-content\/uploads\/2025\/11\/galleria-18ottobre123.jpg 900w","media_details":{"width":900,"height":719,"sizes":{"medium":{"file":"galleria-18ottobre123-300x240.jpg","width":300,"height":240,"mime-type":"image\/jpeg","filesize":47104,"source_url":"https:\/\/venerala.org\/wp-content\/uploads\/2025\/11\/galleria-18ottobre123-300x240.jpg"},"thumbnail":{"file":"galleria-18ottobre123-150x150.jpg","width":150,"height":150,"mime-type":"image\/jpeg","filesize":32316,"source_url":"https:\/\/venerala.org\/wp-content\/uploads\/2025\/11\/galleria-18ottobre123-150x150.jpg"},"medium_large":{"file":"galleria-18ottobre123-768x614.jpg","width":768,"height":614,"mime-type":"image\/jpeg","filesize":143092,"source_url":"https:\/\/venerala.org\/wp-content\/uploads\/2025\/11\/galleria-18ottobre123-768x614.jpg"}}},"alt_text":"","url":"","target":""}]]}},"yoast_head":"<!-- This site is optimized with the Yoast SEO plugin v27.5 - https:\/\/yoast.com\/product\/yoast-seo-wordpress\/ -->\n<title>Il futuro irrompe e noi con lui - veneraLA<\/title>\n<meta name=\"robots\" content=\"index, follow, max-snippet:-1, max-image-preview:large, max-video-preview:-1\" \/>\n<link rel=\"canonical\" href=\"https:\/\/venerala.org\/?storie=il-futuro-irrompe-e-noi-con-lui\" \/>\n<meta property=\"og:locale\" content=\"it_IT\" \/>\n<meta property=\"og:type\" content=\"article\" \/>\n<meta property=\"og:title\" content=\"Il futuro irrompe e noi con lui - veneraLA\" \/>\n<meta property=\"og:description\" content=\"Il 18 ottobre non \u00e8 solo una data.\u00a0\u00c8 una fenditura nel presente. \u00c8 una crepa da cui far passare la forza generativa dei corpi, dei desideri, dei saperi. \u00c8 il momento in cui le lotte si incontrano.\u00a0I corpi della Venere Biomeccanica saranno in strada al fianco della GKN, perch\u00e9 questa fabbrica, simbolo di un\u2019alternativa possibile, \u00e8 oggi terreno di convergenza tra chi resiste, chi crea e chi lotta per un mondo nuovo.\" \/>\n<meta property=\"og:url\" content=\"https:\/\/venerala.org\/?storie=il-futuro-irrompe-e-noi-con-lui\" \/>\n<meta property=\"og:site_name\" content=\"veneraLA\" \/>\n<meta property=\"og:image\" content=\"https:\/\/venerala.org\/wp-content\/uploads\/2025\/11\/copertina-18ottobre148.jpg\" \/>\n\t<meta property=\"og:image:width\" content=\"1920\" \/>\n\t<meta property=\"og:image:height\" content=\"1280\" \/>\n\t<meta property=\"og:image:type\" content=\"image\/jpeg\" \/>\n<meta name=\"twitter:card\" content=\"summary_large_image\" \/>\n<meta name=\"twitter:label1\" content=\"Tempo di lettura stimato\" \/>\n\t<meta name=\"twitter:data1\" content=\"3 minuti\" \/>\n<script type=\"application\/ld+json\" class=\"yoast-schema-graph\">{\"@context\":\"https:\\\/\\\/schema.org\",\"@graph\":[{\"@type\":\"WebPage\",\"@id\":\"https:\\\/\\\/venerala.org\\\/?storie=il-futuro-irrompe-e-noi-con-lui\",\"url\":\"https:\\\/\\\/venerala.org\\\/?storie=il-futuro-irrompe-e-noi-con-lui\",\"name\":\"Il futuro irrompe e noi con lui - veneraLA\",\"isPartOf\":{\"@id\":\"https:\\\/\\\/venerala.org\\\/#website\"},\"primaryImageOfPage\":{\"@id\":\"https:\\\/\\\/venerala.org\\\/?storie=il-futuro-irrompe-e-noi-con-lui#primaryimage\"},\"image\":{\"@id\":\"https:\\\/\\\/venerala.org\\\/?storie=il-futuro-irrompe-e-noi-con-lui#primaryimage\"},\"thumbnailUrl\":\"https:\\\/\\\/venerala.org\\\/wp-content\\\/uploads\\\/2025\\\/11\\\/copertina-18ottobre148.jpg\",\"datePublished\":\"2025-11-15T11:51:28+00:00\",\"breadcrumb\":{\"@id\":\"https:\\\/\\\/venerala.org\\\/?storie=il-futuro-irrompe-e-noi-con-lui#breadcrumb\"},\"inLanguage\":\"it-IT\",\"potentialAction\":[{\"@type\":\"ReadAction\",\"target\":[\"https:\\\/\\\/venerala.org\\\/?storie=il-futuro-irrompe-e-noi-con-lui\"]}]},{\"@type\":\"ImageObject\",\"inLanguage\":\"it-IT\",\"@id\":\"https:\\\/\\\/venerala.org\\\/?storie=il-futuro-irrompe-e-noi-con-lui#primaryimage\",\"url\":\"https:\\\/\\\/venerala.org\\\/wp-content\\\/uploads\\\/2025\\\/11\\\/copertina-18ottobre148.jpg\",\"contentUrl\":\"https:\\\/\\\/venerala.org\\\/wp-content\\\/uploads\\\/2025\\\/11\\\/copertina-18ottobre148.jpg\",\"width\":1920,\"height\":1280},{\"@type\":\"BreadcrumbList\",\"@id\":\"https:\\\/\\\/venerala.org\\\/?storie=il-futuro-irrompe-e-noi-con-lui#breadcrumb\",\"itemListElement\":[{\"@type\":\"ListItem\",\"position\":1,\"name\":\"Home\",\"item\":\"https:\\\/\\\/venerala.org\\\/\"},{\"@type\":\"ListItem\",\"position\":2,\"name\":\"storie\",\"item\":\"https:\\\/\\\/venerala.org\\\/?post_type=storie\"},{\"@type\":\"ListItem\",\"position\":3,\"name\":\"Il futuro irrompe e noi con lui\"}]},{\"@type\":\"WebSite\",\"@id\":\"https:\\\/\\\/venerala.org\\\/#website\",\"url\":\"https:\\\/\\\/venerala.org\\\/\",\"name\":\"veneraLA\",\"description\":\"l&#039;odissea continua...\",\"publisher\":{\"@id\":\"https:\\\/\\\/venerala.org\\\/#organization\"},\"potentialAction\":[{\"@type\":\"SearchAction\",\"target\":{\"@type\":\"EntryPoint\",\"urlTemplate\":\"https:\\\/\\\/venerala.org\\\/?s={search_term_string}\"},\"query-input\":{\"@type\":\"PropertyValueSpecification\",\"valueRequired\":true,\"valueName\":\"search_term_string\"}}],\"inLanguage\":\"it-IT\"},{\"@type\":\"Organization\",\"@id\":\"https:\\\/\\\/venerala.org\\\/#organization\",\"name\":\"veneraLA\",\"url\":\"https:\\\/\\\/venerala.org\\\/\",\"logo\":{\"@type\":\"ImageObject\",\"inLanguage\":\"it-IT\",\"@id\":\"https:\\\/\\\/venerala.org\\\/#\\\/schema\\\/logo\\\/image\\\/\",\"url\":\"https:\\\/\\\/venerala.org\\\/wp-content\\\/uploads\\\/2025\\\/03\\\/favicon-venere-80.jpg\",\"contentUrl\":\"https:\\\/\\\/venerala.org\\\/wp-content\\\/uploads\\\/2025\\\/03\\\/favicon-venere-80.jpg\",\"width\":512,\"height\":512,\"caption\":\"veneraLA\"},\"image\":{\"@id\":\"https:\\\/\\\/venerala.org\\\/#\\\/schema\\\/logo\\\/image\\\/\"}}]}<\/script>\n<!-- \/ Yoast SEO plugin. -->","yoast_head_json":{"title":"Il futuro irrompe e noi con lui - veneraLA","robots":{"index":"index","follow":"follow","max-snippet":"max-snippet:-1","max-image-preview":"max-image-preview:large","max-video-preview":"max-video-preview:-1"},"canonical":"https:\/\/venerala.org\/?storie=il-futuro-irrompe-e-noi-con-lui","og_locale":"it_IT","og_type":"article","og_title":"Il futuro irrompe e noi con lui - veneraLA","og_description":"Il 18 ottobre non \u00e8 solo una data.\u00a0\u00c8 una fenditura nel presente. \u00c8 una crepa da cui far passare la forza generativa dei corpi, dei desideri, dei saperi. \u00c8 il momento in cui le lotte si incontrano.\u00a0I corpi della Venere Biomeccanica saranno in strada al fianco della GKN, perch\u00e9 questa fabbrica, simbolo di un\u2019alternativa possibile, \u00e8 oggi terreno di convergenza tra chi resiste, chi crea e chi lotta per un mondo nuovo.","og_url":"https:\/\/venerala.org\/?storie=il-futuro-irrompe-e-noi-con-lui","og_site_name":"veneraLA","og_image":[{"width":1920,"height":1280,"url":"https:\/\/venerala.org\/wp-content\/uploads\/2025\/11\/copertina-18ottobre148.jpg","type":"image\/jpeg"}],"twitter_card":"summary_large_image","twitter_misc":{"Tempo di lettura stimato":"3 minuti"},"schema":{"@context":"https:\/\/schema.org","@graph":[{"@type":"WebPage","@id":"https:\/\/venerala.org\/?storie=il-futuro-irrompe-e-noi-con-lui","url":"https:\/\/venerala.org\/?storie=il-futuro-irrompe-e-noi-con-lui","name":"Il futuro irrompe e noi con lui - veneraLA","isPartOf":{"@id":"https:\/\/venerala.org\/#website"},"primaryImageOfPage":{"@id":"https:\/\/venerala.org\/?storie=il-futuro-irrompe-e-noi-con-lui#primaryimage"},"image":{"@id":"https:\/\/venerala.org\/?storie=il-futuro-irrompe-e-noi-con-lui#primaryimage"},"thumbnailUrl":"https:\/\/venerala.org\/wp-content\/uploads\/2025\/11\/copertina-18ottobre148.jpg","datePublished":"2025-11-15T11:51:28+00:00","breadcrumb":{"@id":"https:\/\/venerala.org\/?storie=il-futuro-irrompe-e-noi-con-lui#breadcrumb"},"inLanguage":"it-IT","potentialAction":[{"@type":"ReadAction","target":["https:\/\/venerala.org\/?storie=il-futuro-irrompe-e-noi-con-lui"]}]},{"@type":"ImageObject","inLanguage":"it-IT","@id":"https:\/\/venerala.org\/?storie=il-futuro-irrompe-e-noi-con-lui#primaryimage","url":"https:\/\/venerala.org\/wp-content\/uploads\/2025\/11\/copertina-18ottobre148.jpg","contentUrl":"https:\/\/venerala.org\/wp-content\/uploads\/2025\/11\/copertina-18ottobre148.jpg","width":1920,"height":1280},{"@type":"BreadcrumbList","@id":"https:\/\/venerala.org\/?storie=il-futuro-irrompe-e-noi-con-lui#breadcrumb","itemListElement":[{"@type":"ListItem","position":1,"name":"Home","item":"https:\/\/venerala.org\/"},{"@type":"ListItem","position":2,"name":"storie","item":"https:\/\/venerala.org\/?post_type=storie"},{"@type":"ListItem","position":3,"name":"Il futuro irrompe e noi con lui"}]},{"@type":"WebSite","@id":"https:\/\/venerala.org\/#website","url":"https:\/\/venerala.org\/","name":"veneraLA","description":"l&#039;odissea continua...","publisher":{"@id":"https:\/\/venerala.org\/#organization"},"potentialAction":[{"@type":"SearchAction","target":{"@type":"EntryPoint","urlTemplate":"https:\/\/venerala.org\/?s={search_term_string}"},"query-input":{"@type":"PropertyValueSpecification","valueRequired":true,"valueName":"search_term_string"}}],"inLanguage":"it-IT"},{"@type":"Organization","@id":"https:\/\/venerala.org\/#organization","name":"veneraLA","url":"https:\/\/venerala.org\/","logo":{"@type":"ImageObject","inLanguage":"it-IT","@id":"https:\/\/venerala.org\/#\/schema\/logo\/image\/","url":"https:\/\/venerala.org\/wp-content\/uploads\/2025\/03\/favicon-venere-80.jpg","contentUrl":"https:\/\/venerala.org\/wp-content\/uploads\/2025\/03\/favicon-venere-80.jpg","width":512,"height":512,"caption":"veneraLA"},"image":{"@id":"https:\/\/venerala.org\/#\/schema\/logo\/image\/"}}]}},"_links":{"self":[{"href":"https:\/\/venerala.org\/index.php?rest_route=\/wp\/v2\/storie\/2409","targetHints":{"allow":["GET"]}}],"collection":[{"href":"https:\/\/venerala.org\/index.php?rest_route=\/wp\/v2\/storie"}],"about":[{"href":"https:\/\/venerala.org\/index.php?rest_route=\/wp\/v2\/types\/storie"}],"wp:featuredmedia":[{"embeddable":true,"href":"https:\/\/venerala.org\/index.php?rest_route=\/wp\/v2\/media\/2435"}],"wp:attachment":[{"href":"https:\/\/venerala.org\/index.php?rest_route=%2Fwp%2Fv2%2Fmedia&parent=2409"}],"wp:term":[{"taxonomy":"tipo-storia","embeddable":true,"href":"https:\/\/venerala.org\/index.php?rest_route=%2Fwp%2Fv2%2Ftipo-storia&post=2409"},{"taxonomy":"tags-storia","embeddable":true,"href":"https:\/\/venerala.org\/index.php?rest_route=%2Fwp%2Fv2%2Ftags-storia&post=2409"}],"curies":[{"name":"wp","href":"https:\/\/api.w.org\/{rel}","templated":true}]}}