{"id":2373,"date":"2025-11-14T10:49:19","date_gmt":"2025-11-14T09:49:19","guid":{"rendered":"https:\/\/venerala.org\/?post_type=storie&#038;p=2373"},"modified":"2025-11-14T10:49:19","modified_gmt":"2025-11-14T09:49:19","slug":"la-venere-al-lumen","status":"publish","type":"storie","link":"https:\/\/venerala.org\/?storie=la-venere-al-lumen","title":{"rendered":"La Venere al Lumen"},"content":{"rendered":"<p class=\"p1\">Da Marted\u00ec 2 a Domenica 7 settembre 2025 a Lumen si \u00e8 tenuto Copula Mundi, il festival di sperimentazione che stimola la creazione di nuovi immaginari artistici, culturali e laboratoriali. Nei sei giorni di festival \u2013 a ingresso gratuito \u2013 si sono alternati performance, laboratori, attivit\u00e0 per i pi\u00f9 piccoli, attivit\u00e0 sportive, spettacoli teatrali e concerti. La Dea ha deciso di presidiare l&#8217;evento, come espressione di una socialit\u00e0 dal basso e aperta alla cittdinanza, dove sperimentare pratiche e condividere competenze. Crediamo infatti che Il progetto del Lumen possa essere una delle risposte possibili al riutilizzo di spazi pubblici in disuso e una strada sperimentale per riportare le persone a condividere i propri interessi e le proprie relazioni, mettendosi in gioco al di fuori delle dinamiche di consumo e di prodotto in cui la cultura si \u00e8 andata a incastrare.<\/p>\n","protected":false},"excerpt":{"rendered":"<p>La Dea ha deciso di presidiare l&#8217;evento, come espressione di una socialit\u00e0 dal basso e aperta alla cittdinanza, dove sperimentare pratiche e condividere competenze<\/p>\n","protected":false},"featured_media":2374,"template":"","tipo-storia":[33],"tags-storia":[60,59,58,57],"class_list":["post-2373","storie","type-storie","status-publish","has-post-thumbnail","hentry","tipo-storia-evento","tags-storia-accessibilita","tags-storia-cultura-dal-basso","tags-storia-spazi-dismessi","tags-storia-spazi-pubblici"],"acf":{"photo_gallery":{"gallery-storia":[[{"id":2380,"title":"galleria-lumen107","caption":"","full_image_url":"https:\/\/venerala.org\/wp-content\/uploads\/2025\/11\/galleria-lumen107.jpg","thumbnail_image_url":"https:\/\/venerala.org\/wp-content\/uploads\/2025\/11\/galleria-lumen107-150x150.jpg","large_srcset":"https:\/\/venerala.org\/wp-content\/uploads\/2025\/11\/galleria-lumen107-683x1024.jpg 683w, https:\/\/venerala.org\/wp-content\/uploads\/2025\/11\/galleria-lumen107-200x300.jpg 200w, https:\/\/venerala.org\/wp-content\/uploads\/2025\/11\/galleria-lumen107-768x1152.jpg 768w, https:\/\/venerala.org\/wp-content\/uploads\/2025\/11\/galleria-lumen107-1024x1536.jpg 1024w, https:\/\/venerala.org\/wp-content\/uploads\/2025\/11\/galleria-lumen107.jpg 1280w","medium_srcset":"https:\/\/venerala.org\/wp-content\/uploads\/2025\/11\/galleria-lumen107-200x300.jpg 200w, https:\/\/venerala.org\/wp-content\/uploads\/2025\/11\/galleria-lumen107-683x1024.jpg 683w, https:\/\/venerala.org\/wp-content\/uploads\/2025\/11\/galleria-lumen107-768x1152.jpg 768w, https:\/\/venerala.org\/wp-content\/uploads\/2025\/11\/galleria-lumen107-1024x1536.jpg 1024w, https:\/\/venerala.org\/wp-content\/uploads\/2025\/11\/galleria-lumen107.jpg 1280w","media_details":{"width":1280,"height":1920,"sizes":{"medium":{"file":"galleria-lumen107-200x300.jpg","width":200,"height":300,"mime-type":"image\/jpeg","filesize":19867,"source_url":"https:\/\/venerala.org\/wp-content\/uploads\/2025\/11\/galleria-lumen107-200x300.jpg"},"large":{"file":"galleria-lumen107-683x1024.jpg","width":683,"height":1024,"mime-type":"image\/jpeg","filesize":82046,"source_url":"https:\/\/venerala.org\/wp-content\/uploads\/2025\/11\/galleria-lumen107-683x1024.jpg"},"thumbnail":{"file":"galleria-lumen107-150x150.jpg","width":150,"height":150,"mime-type":"image\/jpeg","filesize":14881,"source_url":"https:\/\/venerala.org\/wp-content\/uploads\/2025\/11\/galleria-lumen107-150x150.jpg"},"medium_large":{"file":"galleria-lumen107-768x1152.jpg","width":768,"height":1152,"mime-type":"image\/jpeg","filesize":99437,"source_url":"https:\/\/venerala.org\/wp-content\/uploads\/2025\/11\/galleria-lumen107-768x1152.jpg"},"1536x1536":{"file":"galleria-lumen107-1024x1536.jpg","width":1024,"height":1536,"mime-type":"image\/jpeg","filesize":159839,"source_url":"https:\/\/venerala.org\/wp-content\/uploads\/2025\/11\/galleria-lumen107-1024x1536.jpg"}}},"alt_text":"","url":"","target":""},{"id":2379,"title":"galleria-lumen108","caption":"","full_image_url":"https:\/\/venerala.org\/wp-content\/uploads\/2025\/11\/galleria-lumen108.jpg","thumbnail_image_url":"https:\/\/venerala.org\/wp-content\/uploads\/2025\/11\/galleria-lumen108-150x150.jpg","large_srcset":"https:\/\/venerala.org\/wp-content\/uploads\/2025\/11\/galleria-lumen108-683x1024.jpg 683w, https:\/\/venerala.org\/wp-content\/uploads\/2025\/11\/galleria-lumen108-200x300.jpg 200w, https:\/\/venerala.org\/wp-content\/uploads\/2025\/11\/galleria-lumen108-768x1152.jpg 768w, https:\/\/venerala.org\/wp-content\/uploads\/2025\/11\/galleria-lumen108-1024x1536.jpg 1024w, https:\/\/venerala.org\/wp-content\/uploads\/2025\/11\/galleria-lumen108.jpg 1280w","medium_srcset":"https:\/\/venerala.org\/wp-content\/uploads\/2025\/11\/galleria-lumen108-200x300.jpg 200w, https:\/\/venerala.org\/wp-content\/uploads\/2025\/11\/galleria-lumen108-683x1024.jpg 683w, https:\/\/venerala.org\/wp-content\/uploads\/2025\/11\/galleria-lumen108-768x1152.jpg 768w, https:\/\/venerala.org\/wp-content\/uploads\/2025\/11\/galleria-lumen108-1024x1536.jpg 1024w, https:\/\/venerala.org\/wp-content\/uploads\/2025\/11\/galleria-lumen108.jpg 1280w","media_details":{"width":1280,"height":1920,"sizes":{"medium":{"file":"galleria-lumen108-200x300.jpg","width":200,"height":300,"mime-type":"image\/jpeg","filesize":21168,"source_url":"https:\/\/venerala.org\/wp-content\/uploads\/2025\/11\/galleria-lumen108-200x300.jpg"},"large":{"file":"galleria-lumen108-683x1024.jpg","width":683,"height":1024,"mime-type":"image\/jpeg","filesize":93995,"source_url":"https:\/\/venerala.org\/wp-content\/uploads\/2025\/11\/galleria-lumen108-683x1024.jpg"},"thumbnail":{"file":"galleria-lumen108-150x150.jpg","width":150,"height":150,"mime-type":"image\/jpeg","filesize":15734,"source_url":"https:\/\/venerala.org\/wp-content\/uploads\/2025\/11\/galleria-lumen108-150x150.jpg"},"medium_large":{"file":"galleria-lumen108-768x1152.jpg","width":768,"height":1152,"mime-type":"image\/jpeg","filesize":113184,"source_url":"https:\/\/venerala.org\/wp-content\/uploads\/2025\/11\/galleria-lumen108-768x1152.jpg"},"1536x1536":{"file":"galleria-lumen108-1024x1536.jpg","width":1024,"height":1536,"mime-type":"image\/jpeg","filesize":180043,"source_url":"https:\/\/venerala.org\/wp-content\/uploads\/2025\/11\/galleria-lumen108-1024x1536.jpg"}}},"alt_text":"","url":"","target":""},{"id":2378,"title":"galleria-lumen110","caption":"","full_image_url":"https:\/\/venerala.org\/wp-content\/uploads\/2025\/11\/galleria-lumen110.jpg","thumbnail_image_url":"https:\/\/venerala.org\/wp-content\/uploads\/2025\/11\/galleria-lumen110-150x150.jpg","large_srcset":"https:\/\/venerala.org\/wp-content\/uploads\/2025\/11\/galleria-lumen110-683x1024.jpg 683w, https:\/\/venerala.org\/wp-content\/uploads\/2025\/11\/galleria-lumen110-200x300.jpg 200w, https:\/\/venerala.org\/wp-content\/uploads\/2025\/11\/galleria-lumen110-768x1152.jpg 768w, https:\/\/venerala.org\/wp-content\/uploads\/2025\/11\/galleria-lumen110-1024x1536.jpg 1024w, https:\/\/venerala.org\/wp-content\/uploads\/2025\/11\/galleria-lumen110.jpg 1280w","medium_srcset":"https:\/\/venerala.org\/wp-content\/uploads\/2025\/11\/galleria-lumen110-200x300.jpg 200w, https:\/\/venerala.org\/wp-content\/uploads\/2025\/11\/galleria-lumen110-683x1024.jpg 683w, https:\/\/venerala.org\/wp-content\/uploads\/2025\/11\/galleria-lumen110-768x1152.jpg 768w, https:\/\/venerala.org\/wp-content\/uploads\/2025\/11\/galleria-lumen110-1024x1536.jpg 1024w, https:\/\/venerala.org\/wp-content\/uploads\/2025\/11\/galleria-lumen110.jpg 1280w","media_details":{"width":1280,"height":1920,"sizes":{"medium":{"file":"galleria-lumen110-200x300.jpg","width":200,"height":300,"mime-type":"image\/jpeg","filesize":18784,"source_url":"https:\/\/venerala.org\/wp-content\/uploads\/2025\/11\/galleria-lumen110-200x300.jpg"},"large":{"file":"galleria-lumen110-683x1024.jpg","width":683,"height":1024,"mime-type":"image\/jpeg","filesize":76051,"source_url":"https:\/\/venerala.org\/wp-content\/uploads\/2025\/11\/galleria-lumen110-683x1024.jpg"},"thumbnail":{"file":"galleria-lumen110-150x150.jpg","width":150,"height":150,"mime-type":"image\/jpeg","filesize":15033,"source_url":"https:\/\/venerala.org\/wp-content\/uploads\/2025\/11\/galleria-lumen110-150x150.jpg"},"medium_large":{"file":"galleria-lumen110-768x1152.jpg","width":768,"height":1152,"mime-type":"image\/jpeg","filesize":90799,"source_url":"https:\/\/venerala.org\/wp-content\/uploads\/2025\/11\/galleria-lumen110-768x1152.jpg"},"1536x1536":{"file":"galleria-lumen110-1024x1536.jpg","width":1024,"height":1536,"mime-type":"image\/jpeg","filesize":141756,"source_url":"https:\/\/venerala.org\/wp-content\/uploads\/2025\/11\/galleria-lumen110-1024x1536.jpg"}}},"alt_text":"","url":"","target":""},{"id":2377,"title":"galleria-lumen109","caption":"","full_image_url":"https:\/\/venerala.org\/wp-content\/uploads\/2025\/11\/galleria-lumen109.jpg","thumbnail_image_url":"https:\/\/venerala.org\/wp-content\/uploads\/2025\/11\/galleria-lumen109-150x150.jpg","large_srcset":"https:\/\/venerala.org\/wp-content\/uploads\/2025\/11\/galleria-lumen109-1024x683.jpg 1024w, https:\/\/venerala.org\/wp-content\/uploads\/2025\/11\/galleria-lumen109-300x200.jpg 300w, https:\/\/venerala.org\/wp-content\/uploads\/2025\/11\/galleria-lumen109-768x512.jpg 768w, https:\/\/venerala.org\/wp-content\/uploads\/2025\/11\/galleria-lumen109-1536x1024.jpg 1536w, https:\/\/venerala.org\/wp-content\/uploads\/2025\/11\/galleria-lumen109.jpg 1920w","medium_srcset":"https:\/\/venerala.org\/wp-content\/uploads\/2025\/11\/galleria-lumen109-300x200.jpg 300w, https:\/\/venerala.org\/wp-content\/uploads\/2025\/11\/galleria-lumen109-1024x683.jpg 1024w, https:\/\/venerala.org\/wp-content\/uploads\/2025\/11\/galleria-lumen109-768x512.jpg 768w, https:\/\/venerala.org\/wp-content\/uploads\/2025\/11\/galleria-lumen109-1536x1024.jpg 1536w, https:\/\/venerala.org\/wp-content\/uploads\/2025\/11\/galleria-lumen109.jpg 1920w","media_details":{"width":1920,"height":1280,"sizes":{"medium":{"file":"galleria-lumen109-300x200.jpg","width":300,"height":200,"mime-type":"image\/jpeg","filesize":23612,"source_url":"https:\/\/venerala.org\/wp-content\/uploads\/2025\/11\/galleria-lumen109-300x200.jpg"},"large":{"file":"galleria-lumen109-1024x683.jpg","width":1024,"height":683,"mime-type":"image\/jpeg","filesize":101654,"source_url":"https:\/\/venerala.org\/wp-content\/uploads\/2025\/11\/galleria-lumen109-1024x683.jpg"},"thumbnail":{"file":"galleria-lumen109-150x150.jpg","width":150,"height":150,"mime-type":"image\/jpeg","filesize":17878,"source_url":"https:\/\/venerala.org\/wp-content\/uploads\/2025\/11\/galleria-lumen109-150x150.jpg"},"medium_large":{"file":"galleria-lumen109-768x512.jpg","width":768,"height":512,"mime-type":"image\/jpeg","filesize":66360,"source_url":"https:\/\/venerala.org\/wp-content\/uploads\/2025\/11\/galleria-lumen109-768x512.jpg"},"1536x1536":{"file":"galleria-lumen109-1536x1024.jpg","width":1536,"height":1024,"mime-type":"image\/jpeg","filesize":190345,"source_url":"https:\/\/venerala.org\/wp-content\/uploads\/2025\/11\/galleria-lumen109-1536x1024.jpg"}}},"alt_text":"","url":"","target":""},{"id":2376,"title":"galleria-lumen111","caption":"","full_image_url":"https:\/\/venerala.org\/wp-content\/uploads\/2025\/11\/galleria-lumen111.jpg","thumbnail_image_url":"https:\/\/venerala.org\/wp-content\/uploads\/2025\/11\/galleria-lumen111-150x150.jpg","large_srcset":"https:\/\/venerala.org\/wp-content\/uploads\/2025\/11\/galleria-lumen111-683x1024.jpg 683w, https:\/\/venerala.org\/wp-content\/uploads\/2025\/11\/galleria-lumen111-200x300.jpg 200w, https:\/\/venerala.org\/wp-content\/uploads\/2025\/11\/galleria-lumen111-768x1152.jpg 768w, https:\/\/venerala.org\/wp-content\/uploads\/2025\/11\/galleria-lumen111-1024x1536.jpg 1024w, https:\/\/venerala.org\/wp-content\/uploads\/2025\/11\/galleria-lumen111.jpg 1280w","medium_srcset":"https:\/\/venerala.org\/wp-content\/uploads\/2025\/11\/galleria-lumen111-200x300.jpg 200w, https:\/\/venerala.org\/wp-content\/uploads\/2025\/11\/galleria-lumen111-683x1024.jpg 683w, https:\/\/venerala.org\/wp-content\/uploads\/2025\/11\/galleria-lumen111-768x1152.jpg 768w, https:\/\/venerala.org\/wp-content\/uploads\/2025\/11\/galleria-lumen111-1024x1536.jpg 1024w, https:\/\/venerala.org\/wp-content\/uploads\/2025\/11\/galleria-lumen111.jpg 1280w","media_details":{"width":1280,"height":1920,"sizes":{"medium":{"file":"galleria-lumen111-200x300.jpg","width":200,"height":300,"mime-type":"image\/jpeg","filesize":20946,"source_url":"https:\/\/venerala.org\/wp-content\/uploads\/2025\/11\/galleria-lumen111-200x300.jpg"},"large":{"file":"galleria-lumen111-683x1024.jpg","width":683,"height":1024,"mime-type":"image\/jpeg","filesize":88156,"source_url":"https:\/\/venerala.org\/wp-content\/uploads\/2025\/11\/galleria-lumen111-683x1024.jpg"},"thumbnail":{"file":"galleria-lumen111-150x150.jpg","width":150,"height":150,"mime-type":"image\/jpeg","filesize":16310,"source_url":"https:\/\/venerala.org\/wp-content\/uploads\/2025\/11\/galleria-lumen111-150x150.jpg"},"medium_large":{"file":"galleria-lumen111-768x1152.jpg","width":768,"height":1152,"mime-type":"image\/jpeg","filesize":106175,"source_url":"https:\/\/venerala.org\/wp-content\/uploads\/2025\/11\/galleria-lumen111-768x1152.jpg"},"1536x1536":{"file":"galleria-lumen111-1024x1536.jpg","width":1024,"height":1536,"mime-type":"image\/jpeg","filesize":166938,"source_url":"https:\/\/venerala.org\/wp-content\/uploads\/2025\/11\/galleria-lumen111-1024x1536.jpg"}}},"alt_text":"","url":"","target":""},{"id":2375,"title":"galleria-lumen112","caption":"","full_image_url":"https:\/\/venerala.org\/wp-content\/uploads\/2025\/11\/galleria-lumen112.jpg","thumbnail_image_url":"https:\/\/venerala.org\/wp-content\/uploads\/2025\/11\/galleria-lumen112-150x150.jpg","large_srcset":"https:\/\/venerala.org\/wp-content\/uploads\/2025\/11\/galleria-lumen112-683x1024.jpg 683w, https:\/\/venerala.org\/wp-content\/uploads\/2025\/11\/galleria-lumen112-200x300.jpg 200w, https:\/\/venerala.org\/wp-content\/uploads\/2025\/11\/galleria-lumen112-768x1152.jpg 768w, https:\/\/venerala.org\/wp-content\/uploads\/2025\/11\/galleria-lumen112-1024x1536.jpg 1024w, https:\/\/venerala.org\/wp-content\/uploads\/2025\/11\/galleria-lumen112.jpg 1280w","medium_srcset":"https:\/\/venerala.org\/wp-content\/uploads\/2025\/11\/galleria-lumen112-200x300.jpg 200w, https:\/\/venerala.org\/wp-content\/uploads\/2025\/11\/galleria-lumen112-683x1024.jpg 683w, https:\/\/venerala.org\/wp-content\/uploads\/2025\/11\/galleria-lumen112-768x1152.jpg 768w, https:\/\/venerala.org\/wp-content\/uploads\/2025\/11\/galleria-lumen112-1024x1536.jpg 1024w, https:\/\/venerala.org\/wp-content\/uploads\/2025\/11\/galleria-lumen112.jpg 1280w","media_details":{"width":1280,"height":1920,"sizes":{"medium":{"file":"galleria-lumen112-200x300.jpg","width":200,"height":300,"mime-type":"image\/jpeg","filesize":20937,"source_url":"https:\/\/venerala.org\/wp-content\/uploads\/2025\/11\/galleria-lumen112-200x300.jpg"},"large":{"file":"galleria-lumen112-683x1024.jpg","width":683,"height":1024,"mime-type":"image\/jpeg","filesize":88535,"source_url":"https:\/\/venerala.org\/wp-content\/uploads\/2025\/11\/galleria-lumen112-683x1024.jpg"},"thumbnail":{"file":"galleria-lumen112-150x150.jpg","width":150,"height":150,"mime-type":"image\/jpeg","filesize":16444,"source_url":"https:\/\/venerala.org\/wp-content\/uploads\/2025\/11\/galleria-lumen112-150x150.jpg"},"medium_large":{"file":"galleria-lumen112-768x1152.jpg","width":768,"height":1152,"mime-type":"image\/jpeg","filesize":106784,"source_url":"https:\/\/venerala.org\/wp-content\/uploads\/2025\/11\/galleria-lumen112-768x1152.jpg"},"1536x1536":{"file":"galleria-lumen112-1024x1536.jpg","width":1024,"height":1536,"mime-type":"image\/jpeg","filesize":166726,"source_url":"https:\/\/venerala.org\/wp-content\/uploads\/2025\/11\/galleria-lumen112-1024x1536.jpg"}}},"alt_text":"","url":"","target":""}]]}},"yoast_head":"<!-- This site is optimized with the Yoast SEO plugin v27.5 - https:\/\/yoast.com\/product\/yoast-seo-wordpress\/ -->\n<title>La Venere al Lumen - veneraLA<\/title>\n<meta name=\"robots\" content=\"index, follow, max-snippet:-1, max-image-preview:large, max-video-preview:-1\" \/>\n<link rel=\"canonical\" href=\"https:\/\/venerala.org\/?storie=la-venere-al-lumen\" \/>\n<meta property=\"og:locale\" content=\"it_IT\" \/>\n<meta property=\"og:type\" content=\"article\" \/>\n<meta property=\"og:title\" content=\"La Venere al Lumen - veneraLA\" \/>\n<meta property=\"og:description\" content=\"La Dea ha deciso di presidiare l&#039;evento, come espressione di una socialit\u00e0 dal basso e aperta alla cittdinanza, dove sperimentare pratiche e condividere competenze\" \/>\n<meta property=\"og:url\" content=\"https:\/\/venerala.org\/?storie=la-venere-al-lumen\" \/>\n<meta property=\"og:site_name\" content=\"veneraLA\" \/>\n<meta property=\"og:image\" content=\"https:\/\/venerala.org\/wp-content\/uploads\/2025\/11\/copertina-lumen106.jpg\" \/>\n\t<meta property=\"og:image:width\" content=\"1920\" \/>\n\t<meta property=\"og:image:height\" content=\"1280\" \/>\n\t<meta property=\"og:image:type\" content=\"image\/jpeg\" \/>\n<meta name=\"twitter:card\" content=\"summary_large_image\" \/>\n<meta name=\"twitter:label1\" content=\"Tempo di lettura stimato\" \/>\n\t<meta name=\"twitter:data1\" content=\"1 minuto\" \/>\n<script type=\"application\/ld+json\" class=\"yoast-schema-graph\">{\"@context\":\"https:\\\/\\\/schema.org\",\"@graph\":[{\"@type\":\"WebPage\",\"@id\":\"https:\\\/\\\/venerala.org\\\/?storie=la-venere-al-lumen\",\"url\":\"https:\\\/\\\/venerala.org\\\/?storie=la-venere-al-lumen\",\"name\":\"La Venere al Lumen - veneraLA\",\"isPartOf\":{\"@id\":\"https:\\\/\\\/venerala.org\\\/#website\"},\"primaryImageOfPage\":{\"@id\":\"https:\\\/\\\/venerala.org\\\/?storie=la-venere-al-lumen#primaryimage\"},\"image\":{\"@id\":\"https:\\\/\\\/venerala.org\\\/?storie=la-venere-al-lumen#primaryimage\"},\"thumbnailUrl\":\"https:\\\/\\\/venerala.org\\\/wp-content\\\/uploads\\\/2025\\\/11\\\/copertina-lumen106.jpg\",\"datePublished\":\"2025-11-14T09:49:19+00:00\",\"breadcrumb\":{\"@id\":\"https:\\\/\\\/venerala.org\\\/?storie=la-venere-al-lumen#breadcrumb\"},\"inLanguage\":\"it-IT\",\"potentialAction\":[{\"@type\":\"ReadAction\",\"target\":[\"https:\\\/\\\/venerala.org\\\/?storie=la-venere-al-lumen\"]}]},{\"@type\":\"ImageObject\",\"inLanguage\":\"it-IT\",\"@id\":\"https:\\\/\\\/venerala.org\\\/?storie=la-venere-al-lumen#primaryimage\",\"url\":\"https:\\\/\\\/venerala.org\\\/wp-content\\\/uploads\\\/2025\\\/11\\\/copertina-lumen106.jpg\",\"contentUrl\":\"https:\\\/\\\/venerala.org\\\/wp-content\\\/uploads\\\/2025\\\/11\\\/copertina-lumen106.jpg\",\"width\":1920,\"height\":1280},{\"@type\":\"BreadcrumbList\",\"@id\":\"https:\\\/\\\/venerala.org\\\/?storie=la-venere-al-lumen#breadcrumb\",\"itemListElement\":[{\"@type\":\"ListItem\",\"position\":1,\"name\":\"Home\",\"item\":\"https:\\\/\\\/venerala.org\\\/\"},{\"@type\":\"ListItem\",\"position\":2,\"name\":\"storie\",\"item\":\"https:\\\/\\\/venerala.org\\\/?post_type=storie\"},{\"@type\":\"ListItem\",\"position\":3,\"name\":\"La Venere al Lumen\"}]},{\"@type\":\"WebSite\",\"@id\":\"https:\\\/\\\/venerala.org\\\/#website\",\"url\":\"https:\\\/\\\/venerala.org\\\/\",\"name\":\"veneraLA\",\"description\":\"l&#039;odissea continua...\",\"publisher\":{\"@id\":\"https:\\\/\\\/venerala.org\\\/#organization\"},\"potentialAction\":[{\"@type\":\"SearchAction\",\"target\":{\"@type\":\"EntryPoint\",\"urlTemplate\":\"https:\\\/\\\/venerala.org\\\/?s={search_term_string}\"},\"query-input\":{\"@type\":\"PropertyValueSpecification\",\"valueRequired\":true,\"valueName\":\"search_term_string\"}}],\"inLanguage\":\"it-IT\"},{\"@type\":\"Organization\",\"@id\":\"https:\\\/\\\/venerala.org\\\/#organization\",\"name\":\"veneraLA\",\"url\":\"https:\\\/\\\/venerala.org\\\/\",\"logo\":{\"@type\":\"ImageObject\",\"inLanguage\":\"it-IT\",\"@id\":\"https:\\\/\\\/venerala.org\\\/#\\\/schema\\\/logo\\\/image\\\/\",\"url\":\"https:\\\/\\\/venerala.org\\\/wp-content\\\/uploads\\\/2025\\\/03\\\/favicon-venere-80.jpg\",\"contentUrl\":\"https:\\\/\\\/venerala.org\\\/wp-content\\\/uploads\\\/2025\\\/03\\\/favicon-venere-80.jpg\",\"width\":512,\"height\":512,\"caption\":\"veneraLA\"},\"image\":{\"@id\":\"https:\\\/\\\/venerala.org\\\/#\\\/schema\\\/logo\\\/image\\\/\"}}]}<\/script>\n<!-- \/ Yoast SEO plugin. -->","yoast_head_json":{"title":"La Venere al Lumen - veneraLA","robots":{"index":"index","follow":"follow","max-snippet":"max-snippet:-1","max-image-preview":"max-image-preview:large","max-video-preview":"max-video-preview:-1"},"canonical":"https:\/\/venerala.org\/?storie=la-venere-al-lumen","og_locale":"it_IT","og_type":"article","og_title":"La Venere al Lumen - veneraLA","og_description":"La Dea ha deciso di presidiare l'evento, come espressione di una socialit\u00e0 dal basso e aperta alla cittdinanza, dove sperimentare pratiche e condividere competenze","og_url":"https:\/\/venerala.org\/?storie=la-venere-al-lumen","og_site_name":"veneraLA","og_image":[{"width":1920,"height":1280,"url":"https:\/\/venerala.org\/wp-content\/uploads\/2025\/11\/copertina-lumen106.jpg","type":"image\/jpeg"}],"twitter_card":"summary_large_image","twitter_misc":{"Tempo di lettura stimato":"1 minuto"},"schema":{"@context":"https:\/\/schema.org","@graph":[{"@type":"WebPage","@id":"https:\/\/venerala.org\/?storie=la-venere-al-lumen","url":"https:\/\/venerala.org\/?storie=la-venere-al-lumen","name":"La Venere al Lumen - veneraLA","isPartOf":{"@id":"https:\/\/venerala.org\/#website"},"primaryImageOfPage":{"@id":"https:\/\/venerala.org\/?storie=la-venere-al-lumen#primaryimage"},"image":{"@id":"https:\/\/venerala.org\/?storie=la-venere-al-lumen#primaryimage"},"thumbnailUrl":"https:\/\/venerala.org\/wp-content\/uploads\/2025\/11\/copertina-lumen106.jpg","datePublished":"2025-11-14T09:49:19+00:00","breadcrumb":{"@id":"https:\/\/venerala.org\/?storie=la-venere-al-lumen#breadcrumb"},"inLanguage":"it-IT","potentialAction":[{"@type":"ReadAction","target":["https:\/\/venerala.org\/?storie=la-venere-al-lumen"]}]},{"@type":"ImageObject","inLanguage":"it-IT","@id":"https:\/\/venerala.org\/?storie=la-venere-al-lumen#primaryimage","url":"https:\/\/venerala.org\/wp-content\/uploads\/2025\/11\/copertina-lumen106.jpg","contentUrl":"https:\/\/venerala.org\/wp-content\/uploads\/2025\/11\/copertina-lumen106.jpg","width":1920,"height":1280},{"@type":"BreadcrumbList","@id":"https:\/\/venerala.org\/?storie=la-venere-al-lumen#breadcrumb","itemListElement":[{"@type":"ListItem","position":1,"name":"Home","item":"https:\/\/venerala.org\/"},{"@type":"ListItem","position":2,"name":"storie","item":"https:\/\/venerala.org\/?post_type=storie"},{"@type":"ListItem","position":3,"name":"La Venere al Lumen"}]},{"@type":"WebSite","@id":"https:\/\/venerala.org\/#website","url":"https:\/\/venerala.org\/","name":"veneraLA","description":"l&#039;odissea continua...","publisher":{"@id":"https:\/\/venerala.org\/#organization"},"potentialAction":[{"@type":"SearchAction","target":{"@type":"EntryPoint","urlTemplate":"https:\/\/venerala.org\/?s={search_term_string}"},"query-input":{"@type":"PropertyValueSpecification","valueRequired":true,"valueName":"search_term_string"}}],"inLanguage":"it-IT"},{"@type":"Organization","@id":"https:\/\/venerala.org\/#organization","name":"veneraLA","url":"https:\/\/venerala.org\/","logo":{"@type":"ImageObject","inLanguage":"it-IT","@id":"https:\/\/venerala.org\/#\/schema\/logo\/image\/","url":"https:\/\/venerala.org\/wp-content\/uploads\/2025\/03\/favicon-venere-80.jpg","contentUrl":"https:\/\/venerala.org\/wp-content\/uploads\/2025\/03\/favicon-venere-80.jpg","width":512,"height":512,"caption":"veneraLA"},"image":{"@id":"https:\/\/venerala.org\/#\/schema\/logo\/image\/"}}]}},"_links":{"self":[{"href":"https:\/\/venerala.org\/index.php?rest_route=\/wp\/v2\/storie\/2373","targetHints":{"allow":["GET"]}}],"collection":[{"href":"https:\/\/venerala.org\/index.php?rest_route=\/wp\/v2\/storie"}],"about":[{"href":"https:\/\/venerala.org\/index.php?rest_route=\/wp\/v2\/types\/storie"}],"wp:featuredmedia":[{"embeddable":true,"href":"https:\/\/venerala.org\/index.php?rest_route=\/wp\/v2\/media\/2374"}],"wp:attachment":[{"href":"https:\/\/venerala.org\/index.php?rest_route=%2Fwp%2Fv2%2Fmedia&parent=2373"}],"wp:term":[{"taxonomy":"tipo-storia","embeddable":true,"href":"https:\/\/venerala.org\/index.php?rest_route=%2Fwp%2Fv2%2Ftipo-storia&post=2373"},{"taxonomy":"tags-storia","embeddable":true,"href":"https:\/\/venerala.org\/index.php?rest_route=%2Fwp%2Fv2%2Ftags-storia&post=2373"}],"curies":[{"name":"wp","href":"https:\/\/api.w.org\/{rel}","templated":true}]}}