{"id":2311,"date":"2025-11-05T22:47:43","date_gmt":"2025-11-05T21:47:43","guid":{"rendered":"https:\/\/venerala.org\/?post_type=storie&#038;p=2311"},"modified":"2025-11-13T22:49:22","modified_gmt":"2025-11-13T21:49:22","slug":"la-dea-a-mondeggi-fattoria-senza-padroni","status":"publish","type":"storie","link":"https:\/\/venerala.org\/?storie=la-dea-a-mondeggi-fattoria-senza-padroni","title":{"rendered":"La Dea a Mondeggi &#8211; Fattoria senza padroni"},"content":{"rendered":"<p>Mondeggi Bene Comune APS ha presentato alla cittadinanza il <strong>progetto Mondeggi 2027<\/strong>, frutto di un percorso con dieci altre realt\u00e0 associative del territorio. Questo progetto non \u00e8 \u201csolo degli abitanti ma di una comunit\u00e0 allargata di riferimento; La forza di Mondeggi sta nella partecipazione estesa, nei beni comuni \u2013 che in questo caso implicano la compenetrazione di agroecologia, pratiche nel sociale, attivit\u00e0 politica ed economica \u2013 e l\u2019aver rigenerato e gestito per undici anni una fattoria abbandonata dalle istituzioni dia forza, coesione, autorevolezza.<\/p>\n<p>La rete \u00e8 composta da <strong>undici associazioni<\/strong>\u00a0che si riconoscono nella\u00a0<a href=\"https:\/\/mondeggibenecomune.org\/carta-dei-principi-e-degli-intenti\/\" target=\"_blank\" rel=\"noreferrer noopener\"><em>Carta dei Principi<\/em><\/a>: Mondeggi Bene Comune (capofila), ARCI Firenze, Cooperativa Sociale Coop 21, Rete Semi Rurali, Associazione di Solidariet\u00e0 e Cultura \u201cPopular\u201d, Cooperativa CAT, Cooperativa Fontenuova, Tutto \u00e8 Vita, Officine Croma, Solidarius, PassePasse. La tenuta di Mondeggi \u00e8 <strong>un essere vivente unico e complesso<\/strong>, composto da vari organi e funzioni; se la Citt\u00e0 Metropolitana \u00e8 riuscita a concepire solo un bando \u201csui casali\u201d (con il rischio che ne derivi uno spezzatino o una \u201cfusione a freddo\u201d), il progetto Mondeggi 2027 punta invece a\u00a0<strong>mettere in relazione la rete associativa, le strutture fisiche (i casali) e i terreni<\/strong>, attraverso il lavoro vivo di chi si impegna ad avere cura del luogo. Tendenzialmente, in ogni casale ci saranno pi\u00f9 realt\u00e0 accomunate da un agire che punta alla sinergia e al potenziamento reciproco; e ogni casale non sar\u00e0 un fortino a s\u00e9 stante, ma un organo che comunica con gli altri, per sviluppare al massimo le potenzialit\u00e0 della fattoria.<\/p>\n<p><strong>Il filo conduttore \u00e8 l\u2019attivit\u00e0 agricola, anzi agroecologica<\/strong>, che permea anche le attivit\u00e0 nel sociale: l\u2019agroecologia \u00e8 lo zoccolo duro, il sociale \u00e8 il servizio alla collettivit\u00e0, la rivoluzione dei beni comuni \u2013 o un altro mondo possibile \u2013 \u00e8 l\u2019obiettivo esplicito. Nello specifico e grazie alle competenze della rete associativa, si prevedono tra le altre cose spazi per disabili, per persone vulnerabili in et\u00e0 18-22, un centro residenziale specifico per il fine vita e uno per l\u2019accoglienza dei migranti, un appartamento per l\u2019autonomia della salute mentale.<\/p>\n<p>Tutti questi progetti interagiranno su base quotidiana con le attivit\u00e0 tipicamente \u201cmondeggine\u201d: oltre al lavoro nei campi, i laboratori di trasformazione dei prodotti, uno spaccio contadino, una mensa popolare, una foresteria, uno spazio dedicato alle attivit\u00e0 fisiche. Ma anche eventi culturali e artistici. La governance della Mondeggi futura sar\u00e0 di tipo\u00a0<strong>sociocratico<\/strong>, basata cio\u00e8 sulle assemblee di casale e su momenti di incontro collettivo; il metodo sar\u00e0 quello del consenso e dell\u2019assenso attraverso tecniche di facilitazione. L&#8217;innovazione politica consiste anche in questo.<\/p>\n<p>&nbsp;<\/p>\n","protected":false},"excerpt":{"rendered":"<p>La Dea si muove sulle colline interno a Firenze e approda a Mondeggi fattoria senza padroni.<\/p>\n","protected":false},"featured_media":1523,"template":"","tipo-storia":[33],"tags-storia":[55,54,53],"class_list":["post-2311","storie","type-storie","status-publish","has-post-thumbnail","hentry","tipo-storia-evento","tags-storia-abitare-collettivo","tags-storia-agriecologia","tags-storia-beni-comuni"],"acf":{"photo_gallery":{"gallery-storia":[[{"id":2318,"title":"gallery-mondeggi99","caption":"","full_image_url":"https:\/\/venerala.org\/wp-content\/uploads\/2025\/11\/gallery-mondeggi99.jpg","thumbnail_image_url":"https:\/\/venerala.org\/wp-content\/uploads\/2025\/11\/gallery-mondeggi99-150x150.jpg","large_srcset":"https:\/\/venerala.org\/wp-content\/uploads\/2025\/11\/gallery-mondeggi99.jpg 900w, https:\/\/venerala.org\/wp-content\/uploads\/2025\/11\/gallery-mondeggi99-300x169.jpg 300w, https:\/\/venerala.org\/wp-content\/uploads\/2025\/11\/gallery-mondeggi99-768x432.jpg 768w","medium_srcset":"https:\/\/venerala.org\/wp-content\/uploads\/2025\/11\/gallery-mondeggi99-300x169.jpg 300w, https:\/\/venerala.org\/wp-content\/uploads\/2025\/11\/gallery-mondeggi99-768x432.jpg 768w, https:\/\/venerala.org\/wp-content\/uploads\/2025\/11\/gallery-mondeggi99.jpg 900w","media_details":{"width":900,"height":506,"sizes":{"medium":{"file":"gallery-mondeggi99-300x169.jpg","width":300,"height":169,"mime-type":"image\/jpeg","filesize":29346,"source_url":"https:\/\/venerala.org\/wp-content\/uploads\/2025\/11\/gallery-mondeggi99-300x169.jpg"},"thumbnail":{"file":"gallery-mondeggi99-150x150.jpg","width":150,"height":150,"mime-type":"image\/jpeg","filesize":22299,"source_url":"https:\/\/venerala.org\/wp-content\/uploads\/2025\/11\/gallery-mondeggi99-150x150.jpg"},"medium_large":{"file":"gallery-mondeggi99-768x432.jpg","width":768,"height":432,"mime-type":"image\/jpeg","filesize":108033,"source_url":"https:\/\/venerala.org\/wp-content\/uploads\/2025\/11\/gallery-mondeggi99-768x432.jpg"}}},"alt_text":"","url":"","target":""},{"id":2317,"title":"gallery-mondeggi100","caption":"","full_image_url":"https:\/\/venerala.org\/wp-content\/uploads\/2025\/11\/gallery-mondeggi100.jpg","thumbnail_image_url":"https:\/\/venerala.org\/wp-content\/uploads\/2025\/11\/gallery-mondeggi100-150x150.jpg","large_srcset":"https:\/\/venerala.org\/wp-content\/uploads\/2025\/11\/gallery-mondeggi100.jpg 900w, https:\/\/venerala.org\/wp-content\/uploads\/2025\/11\/gallery-mondeggi100-300x169.jpg 300w, https:\/\/venerala.org\/wp-content\/uploads\/2025\/11\/gallery-mondeggi100-768x432.jpg 768w","medium_srcset":"https:\/\/venerala.org\/wp-content\/uploads\/2025\/11\/gallery-mondeggi100-300x169.jpg 300w, https:\/\/venerala.org\/wp-content\/uploads\/2025\/11\/gallery-mondeggi100-768x432.jpg 768w, https:\/\/venerala.org\/wp-content\/uploads\/2025\/11\/gallery-mondeggi100.jpg 900w","media_details":{"width":900,"height":506,"sizes":{"medium":{"file":"gallery-mondeggi100-300x169.jpg","width":300,"height":169,"mime-type":"image\/jpeg","filesize":24247,"source_url":"https:\/\/venerala.org\/wp-content\/uploads\/2025\/11\/gallery-mondeggi100-300x169.jpg"},"thumbnail":{"file":"gallery-mondeggi100-150x150.jpg","width":150,"height":150,"mime-type":"image\/jpeg","filesize":18744,"source_url":"https:\/\/venerala.org\/wp-content\/uploads\/2025\/11\/gallery-mondeggi100-150x150.jpg"},"medium_large":{"file":"gallery-mondeggi100-768x432.jpg","width":768,"height":432,"mime-type":"image\/jpeg","filesize":74820,"source_url":"https:\/\/venerala.org\/wp-content\/uploads\/2025\/11\/gallery-mondeggi100-768x432.jpg"}}},"alt_text":"","url":"","target":""},{"id":2316,"title":"gallery-mondeggi102","caption":"","full_image_url":"https:\/\/venerala.org\/wp-content\/uploads\/2025\/11\/gallery-mondeggi102.jpg","thumbnail_image_url":"https:\/\/venerala.org\/wp-content\/uploads\/2025\/11\/gallery-mondeggi102-150x150.jpg","large_srcset":"https:\/\/venerala.org\/wp-content\/uploads\/2025\/11\/gallery-mondeggi102.jpg 900w, https:\/\/venerala.org\/wp-content\/uploads\/2025\/11\/gallery-mondeggi102-300x169.jpg 300w, https:\/\/venerala.org\/wp-content\/uploads\/2025\/11\/gallery-mondeggi102-768x432.jpg 768w","medium_srcset":"https:\/\/venerala.org\/wp-content\/uploads\/2025\/11\/gallery-mondeggi102-300x169.jpg 300w, https:\/\/venerala.org\/wp-content\/uploads\/2025\/11\/gallery-mondeggi102-768x432.jpg 768w, https:\/\/venerala.org\/wp-content\/uploads\/2025\/11\/gallery-mondeggi102.jpg 900w","media_details":{"width":900,"height":506,"sizes":{"medium":{"file":"gallery-mondeggi102-300x169.jpg","width":300,"height":169,"mime-type":"image\/jpeg","filesize":27405,"source_url":"https:\/\/venerala.org\/wp-content\/uploads\/2025\/11\/gallery-mondeggi102-300x169.jpg"},"thumbnail":{"file":"gallery-mondeggi102-150x150.jpg","width":150,"height":150,"mime-type":"image\/jpeg","filesize":21031,"source_url":"https:\/\/venerala.org\/wp-content\/uploads\/2025\/11\/gallery-mondeggi102-150x150.jpg"},"medium_large":{"file":"gallery-mondeggi102-768x432.jpg","width":768,"height":432,"mime-type":"image\/jpeg","filesize":91874,"source_url":"https:\/\/venerala.org\/wp-content\/uploads\/2025\/11\/gallery-mondeggi102-768x432.jpg"}}},"alt_text":"","url":"","target":""},{"id":2315,"title":"gallery-mondeggi101","caption":"","full_image_url":"https:\/\/venerala.org\/wp-content\/uploads\/2025\/11\/gallery-mondeggi101.jpg","thumbnail_image_url":"https:\/\/venerala.org\/wp-content\/uploads\/2025\/11\/gallery-mondeggi101-150x150.jpg","large_srcset":"https:\/\/venerala.org\/wp-content\/uploads\/2025\/11\/gallery-mondeggi101.jpg 900w, https:\/\/venerala.org\/wp-content\/uploads\/2025\/11\/gallery-mondeggi101-300x169.jpg 300w, https:\/\/venerala.org\/wp-content\/uploads\/2025\/11\/gallery-mondeggi101-768x432.jpg 768w","medium_srcset":"https:\/\/venerala.org\/wp-content\/uploads\/2025\/11\/gallery-mondeggi101-300x169.jpg 300w, https:\/\/venerala.org\/wp-content\/uploads\/2025\/11\/gallery-mondeggi101-768x432.jpg 768w, https:\/\/venerala.org\/wp-content\/uploads\/2025\/11\/gallery-mondeggi101.jpg 900w","media_details":{"width":900,"height":506,"sizes":{"medium":{"file":"gallery-mondeggi101-300x169.jpg","width":300,"height":169,"mime-type":"image\/jpeg","filesize":32960,"source_url":"https:\/\/venerala.org\/wp-content\/uploads\/2025\/11\/gallery-mondeggi101-300x169.jpg"},"thumbnail":{"file":"gallery-mondeggi101-150x150.jpg","width":150,"height":150,"mime-type":"image\/jpeg","filesize":25299,"source_url":"https:\/\/venerala.org\/wp-content\/uploads\/2025\/11\/gallery-mondeggi101-150x150.jpg"},"medium_large":{"file":"gallery-mondeggi101-768x432.jpg","width":768,"height":432,"mime-type":"image\/jpeg","filesize":110853,"source_url":"https:\/\/venerala.org\/wp-content\/uploads\/2025\/11\/gallery-mondeggi101-768x432.jpg"}}},"alt_text":"","url":"","target":""},{"id":2314,"title":"gallery-mondeggi103","caption":"","full_image_url":"https:\/\/venerala.org\/wp-content\/uploads\/2025\/11\/gallery-mondeggi103.jpg","thumbnail_image_url":"https:\/\/venerala.org\/wp-content\/uploads\/2025\/11\/gallery-mondeggi103-150x150.jpg","large_srcset":"https:\/\/venerala.org\/wp-content\/uploads\/2025\/11\/gallery-mondeggi103.jpg 900w, https:\/\/venerala.org\/wp-content\/uploads\/2025\/11\/gallery-mondeggi103-300x169.jpg 300w, https:\/\/venerala.org\/wp-content\/uploads\/2025\/11\/gallery-mondeggi103-768x432.jpg 768w","medium_srcset":"https:\/\/venerala.org\/wp-content\/uploads\/2025\/11\/gallery-mondeggi103-300x169.jpg 300w, https:\/\/venerala.org\/wp-content\/uploads\/2025\/11\/gallery-mondeggi103-768x432.jpg 768w, https:\/\/venerala.org\/wp-content\/uploads\/2025\/11\/gallery-mondeggi103.jpg 900w","media_details":{"width":900,"height":506,"sizes":{"medium":{"file":"gallery-mondeggi103-300x169.jpg","width":300,"height":169,"mime-type":"image\/jpeg","filesize":20587,"source_url":"https:\/\/venerala.org\/wp-content\/uploads\/2025\/11\/gallery-mondeggi103-300x169.jpg"},"thumbnail":{"file":"gallery-mondeggi103-150x150.jpg","width":150,"height":150,"mime-type":"image\/jpeg","filesize":15421,"source_url":"https:\/\/venerala.org\/wp-content\/uploads\/2025\/11\/gallery-mondeggi103-150x150.jpg"},"medium_large":{"file":"gallery-mondeggi103-768x432.jpg","width":768,"height":432,"mime-type":"image\/jpeg","filesize":58562,"source_url":"https:\/\/venerala.org\/wp-content\/uploads\/2025\/11\/gallery-mondeggi103-768x432.jpg"}}},"alt_text":"","url":"","target":""},{"id":2313,"title":"gallery-mondeggi104","caption":"","full_image_url":"https:\/\/venerala.org\/wp-content\/uploads\/2025\/11\/gallery-mondeggi104.jpg","thumbnail_image_url":"https:\/\/venerala.org\/wp-content\/uploads\/2025\/11\/gallery-mondeggi104-150x150.jpg","large_srcset":"https:\/\/venerala.org\/wp-content\/uploads\/2025\/11\/gallery-mondeggi104.jpg 900w, https:\/\/venerala.org\/wp-content\/uploads\/2025\/11\/gallery-mondeggi104-300x169.jpg 300w, https:\/\/venerala.org\/wp-content\/uploads\/2025\/11\/gallery-mondeggi104-768x432.jpg 768w","medium_srcset":"https:\/\/venerala.org\/wp-content\/uploads\/2025\/11\/gallery-mondeggi104-300x169.jpg 300w, https:\/\/venerala.org\/wp-content\/uploads\/2025\/11\/gallery-mondeggi104-768x432.jpg 768w, https:\/\/venerala.org\/wp-content\/uploads\/2025\/11\/gallery-mondeggi104.jpg 900w","media_details":{"width":900,"height":506,"sizes":{"medium":{"file":"gallery-mondeggi104-300x169.jpg","width":300,"height":169,"mime-type":"image\/jpeg","filesize":25891,"source_url":"https:\/\/venerala.org\/wp-content\/uploads\/2025\/11\/gallery-mondeggi104-300x169.jpg"},"thumbnail":{"file":"gallery-mondeggi104-150x150.jpg","width":150,"height":150,"mime-type":"image\/jpeg","filesize":19152,"source_url":"https:\/\/venerala.org\/wp-content\/uploads\/2025\/11\/gallery-mondeggi104-150x150.jpg"},"medium_large":{"file":"gallery-mondeggi104-768x432.jpg","width":768,"height":432,"mime-type":"image\/jpeg","filesize":77732,"source_url":"https:\/\/venerala.org\/wp-content\/uploads\/2025\/11\/gallery-mondeggi104-768x432.jpg"}}},"alt_text":"","url":"","target":""},{"id":2312,"title":"gallery-mondeggi105","caption":"","full_image_url":"https:\/\/venerala.org\/wp-content\/uploads\/2025\/11\/gallery-mondeggi105.jpg","thumbnail_image_url":"https:\/\/venerala.org\/wp-content\/uploads\/2025\/11\/gallery-mondeggi105-150x150.jpg","large_srcset":"https:\/\/venerala.org\/wp-content\/uploads\/2025\/11\/gallery-mondeggi105.jpg 900w, https:\/\/venerala.org\/wp-content\/uploads\/2025\/11\/gallery-mondeggi105-300x169.jpg 300w, https:\/\/venerala.org\/wp-content\/uploads\/2025\/11\/gallery-mondeggi105-768x432.jpg 768w","medium_srcset":"https:\/\/venerala.org\/wp-content\/uploads\/2025\/11\/gallery-mondeggi105-300x169.jpg 300w, https:\/\/venerala.org\/wp-content\/uploads\/2025\/11\/gallery-mondeggi105-768x432.jpg 768w, https:\/\/venerala.org\/wp-content\/uploads\/2025\/11\/gallery-mondeggi105.jpg 900w","media_details":{"width":900,"height":506,"sizes":{"medium":{"file":"gallery-mondeggi105-300x169.jpg","width":300,"height":169,"mime-type":"image\/jpeg","filesize":22169,"source_url":"https:\/\/venerala.org\/wp-content\/uploads\/2025\/11\/gallery-mondeggi105-300x169.jpg"},"thumbnail":{"file":"gallery-mondeggi105-150x150.jpg","width":150,"height":150,"mime-type":"image\/jpeg","filesize":16140,"source_url":"https:\/\/venerala.org\/wp-content\/uploads\/2025\/11\/gallery-mondeggi105-150x150.jpg"},"medium_large":{"file":"gallery-mondeggi105-768x432.jpg","width":768,"height":432,"mime-type":"image\/jpeg","filesize":62197,"source_url":"https:\/\/venerala.org\/wp-content\/uploads\/2025\/11\/gallery-mondeggi105-768x432.jpg"}}},"alt_text":"","url":"","target":""}]]}},"yoast_head":"<!-- This site is optimized with the Yoast SEO plugin v27.5 - https:\/\/yoast.com\/product\/yoast-seo-wordpress\/ -->\n<title>La Dea a Mondeggi - Fattoria senza padroni - veneraLA<\/title>\n<meta name=\"robots\" content=\"index, follow, max-snippet:-1, max-image-preview:large, max-video-preview:-1\" \/>\n<link rel=\"canonical\" href=\"https:\/\/venerala.org\/?storie=la-dea-a-mondeggi-fattoria-senza-padroni\" \/>\n<meta property=\"og:locale\" content=\"it_IT\" \/>\n<meta property=\"og:type\" content=\"article\" \/>\n<meta property=\"og:title\" content=\"La Dea a Mondeggi - Fattoria senza padroni - veneraLA\" \/>\n<meta property=\"og:description\" content=\"La Dea si muove sulle colline interno a Firenze e approda a Mondeggi fattoria senza padroni.\" \/>\n<meta property=\"og:url\" content=\"https:\/\/venerala.org\/?storie=la-dea-a-mondeggi-fattoria-senza-padroni\" \/>\n<meta property=\"og:site_name\" content=\"veneraLA\" \/>\n<meta property=\"article:modified_time\" content=\"2025-11-13T21:49:22+00:00\" \/>\n<meta property=\"og:image\" content=\"https:\/\/venerala.org\/wp-content\/uploads\/2025\/05\/venere-mondeggi36.jpg\" \/>\n\t<meta property=\"og:image:width\" content=\"1900\" \/>\n\t<meta property=\"og:image:height\" content=\"1069\" \/>\n\t<meta property=\"og:image:type\" content=\"image\/jpeg\" \/>\n<meta name=\"twitter:card\" content=\"summary_large_image\" \/>\n<meta name=\"twitter:label1\" content=\"Tempo di lettura stimato\" \/>\n\t<meta name=\"twitter:data1\" content=\"3 minuti\" \/>\n<script type=\"application\/ld+json\" class=\"yoast-schema-graph\">{\"@context\":\"https:\\\/\\\/schema.org\",\"@graph\":[{\"@type\":\"WebPage\",\"@id\":\"https:\\\/\\\/venerala.org\\\/?storie=la-dea-a-mondeggi-fattoria-senza-padroni\",\"url\":\"https:\\\/\\\/venerala.org\\\/?storie=la-dea-a-mondeggi-fattoria-senza-padroni\",\"name\":\"La Dea a Mondeggi - Fattoria senza padroni - veneraLA\",\"isPartOf\":{\"@id\":\"https:\\\/\\\/venerala.org\\\/#website\"},\"primaryImageOfPage\":{\"@id\":\"https:\\\/\\\/venerala.org\\\/?storie=la-dea-a-mondeggi-fattoria-senza-padroni#primaryimage\"},\"image\":{\"@id\":\"https:\\\/\\\/venerala.org\\\/?storie=la-dea-a-mondeggi-fattoria-senza-padroni#primaryimage\"},\"thumbnailUrl\":\"https:\\\/\\\/venerala.org\\\/wp-content\\\/uploads\\\/2025\\\/05\\\/venere-mondeggi36.jpg\",\"datePublished\":\"2025-11-05T21:47:43+00:00\",\"dateModified\":\"2025-11-13T21:49:22+00:00\",\"breadcrumb\":{\"@id\":\"https:\\\/\\\/venerala.org\\\/?storie=la-dea-a-mondeggi-fattoria-senza-padroni#breadcrumb\"},\"inLanguage\":\"it-IT\",\"potentialAction\":[{\"@type\":\"ReadAction\",\"target\":[\"https:\\\/\\\/venerala.org\\\/?storie=la-dea-a-mondeggi-fattoria-senza-padroni\"]}]},{\"@type\":\"ImageObject\",\"inLanguage\":\"it-IT\",\"@id\":\"https:\\\/\\\/venerala.org\\\/?storie=la-dea-a-mondeggi-fattoria-senza-padroni#primaryimage\",\"url\":\"https:\\\/\\\/venerala.org\\\/wp-content\\\/uploads\\\/2025\\\/05\\\/venere-mondeggi36.jpg\",\"contentUrl\":\"https:\\\/\\\/venerala.org\\\/wp-content\\\/uploads\\\/2025\\\/05\\\/venere-mondeggi36.jpg\",\"width\":1900,\"height\":1069},{\"@type\":\"BreadcrumbList\",\"@id\":\"https:\\\/\\\/venerala.org\\\/?storie=la-dea-a-mondeggi-fattoria-senza-padroni#breadcrumb\",\"itemListElement\":[{\"@type\":\"ListItem\",\"position\":1,\"name\":\"Home\",\"item\":\"https:\\\/\\\/venerala.org\\\/\"},{\"@type\":\"ListItem\",\"position\":2,\"name\":\"storie\",\"item\":\"https:\\\/\\\/venerala.org\\\/?post_type=storie\"},{\"@type\":\"ListItem\",\"position\":3,\"name\":\"La Dea a Mondeggi &#8211; Fattoria senza padroni\"}]},{\"@type\":\"WebSite\",\"@id\":\"https:\\\/\\\/venerala.org\\\/#website\",\"url\":\"https:\\\/\\\/venerala.org\\\/\",\"name\":\"veneraLA\",\"description\":\"l&#039;odissea continua...\",\"publisher\":{\"@id\":\"https:\\\/\\\/venerala.org\\\/#organization\"},\"potentialAction\":[{\"@type\":\"SearchAction\",\"target\":{\"@type\":\"EntryPoint\",\"urlTemplate\":\"https:\\\/\\\/venerala.org\\\/?s={search_term_string}\"},\"query-input\":{\"@type\":\"PropertyValueSpecification\",\"valueRequired\":true,\"valueName\":\"search_term_string\"}}],\"inLanguage\":\"it-IT\"},{\"@type\":\"Organization\",\"@id\":\"https:\\\/\\\/venerala.org\\\/#organization\",\"name\":\"veneraLA\",\"url\":\"https:\\\/\\\/venerala.org\\\/\",\"logo\":{\"@type\":\"ImageObject\",\"inLanguage\":\"it-IT\",\"@id\":\"https:\\\/\\\/venerala.org\\\/#\\\/schema\\\/logo\\\/image\\\/\",\"url\":\"https:\\\/\\\/venerala.org\\\/wp-content\\\/uploads\\\/2025\\\/03\\\/favicon-venere-80.jpg\",\"contentUrl\":\"https:\\\/\\\/venerala.org\\\/wp-content\\\/uploads\\\/2025\\\/03\\\/favicon-venere-80.jpg\",\"width\":512,\"height\":512,\"caption\":\"veneraLA\"},\"image\":{\"@id\":\"https:\\\/\\\/venerala.org\\\/#\\\/schema\\\/logo\\\/image\\\/\"}}]}<\/script>\n<!-- \/ Yoast SEO plugin. -->","yoast_head_json":{"title":"La Dea a Mondeggi - Fattoria senza padroni - veneraLA","robots":{"index":"index","follow":"follow","max-snippet":"max-snippet:-1","max-image-preview":"max-image-preview:large","max-video-preview":"max-video-preview:-1"},"canonical":"https:\/\/venerala.org\/?storie=la-dea-a-mondeggi-fattoria-senza-padroni","og_locale":"it_IT","og_type":"article","og_title":"La Dea a Mondeggi - Fattoria senza padroni - veneraLA","og_description":"La Dea si muove sulle colline interno a Firenze e approda a Mondeggi fattoria senza padroni.","og_url":"https:\/\/venerala.org\/?storie=la-dea-a-mondeggi-fattoria-senza-padroni","og_site_name":"veneraLA","article_modified_time":"2025-11-13T21:49:22+00:00","og_image":[{"width":1900,"height":1069,"url":"https:\/\/venerala.org\/wp-content\/uploads\/2025\/05\/venere-mondeggi36.jpg","type":"image\/jpeg"}],"twitter_card":"summary_large_image","twitter_misc":{"Tempo di lettura stimato":"3 minuti"},"schema":{"@context":"https:\/\/schema.org","@graph":[{"@type":"WebPage","@id":"https:\/\/venerala.org\/?storie=la-dea-a-mondeggi-fattoria-senza-padroni","url":"https:\/\/venerala.org\/?storie=la-dea-a-mondeggi-fattoria-senza-padroni","name":"La Dea a Mondeggi - Fattoria senza padroni - veneraLA","isPartOf":{"@id":"https:\/\/venerala.org\/#website"},"primaryImageOfPage":{"@id":"https:\/\/venerala.org\/?storie=la-dea-a-mondeggi-fattoria-senza-padroni#primaryimage"},"image":{"@id":"https:\/\/venerala.org\/?storie=la-dea-a-mondeggi-fattoria-senza-padroni#primaryimage"},"thumbnailUrl":"https:\/\/venerala.org\/wp-content\/uploads\/2025\/05\/venere-mondeggi36.jpg","datePublished":"2025-11-05T21:47:43+00:00","dateModified":"2025-11-13T21:49:22+00:00","breadcrumb":{"@id":"https:\/\/venerala.org\/?storie=la-dea-a-mondeggi-fattoria-senza-padroni#breadcrumb"},"inLanguage":"it-IT","potentialAction":[{"@type":"ReadAction","target":["https:\/\/venerala.org\/?storie=la-dea-a-mondeggi-fattoria-senza-padroni"]}]},{"@type":"ImageObject","inLanguage":"it-IT","@id":"https:\/\/venerala.org\/?storie=la-dea-a-mondeggi-fattoria-senza-padroni#primaryimage","url":"https:\/\/venerala.org\/wp-content\/uploads\/2025\/05\/venere-mondeggi36.jpg","contentUrl":"https:\/\/venerala.org\/wp-content\/uploads\/2025\/05\/venere-mondeggi36.jpg","width":1900,"height":1069},{"@type":"BreadcrumbList","@id":"https:\/\/venerala.org\/?storie=la-dea-a-mondeggi-fattoria-senza-padroni#breadcrumb","itemListElement":[{"@type":"ListItem","position":1,"name":"Home","item":"https:\/\/venerala.org\/"},{"@type":"ListItem","position":2,"name":"storie","item":"https:\/\/venerala.org\/?post_type=storie"},{"@type":"ListItem","position":3,"name":"La Dea a Mondeggi &#8211; Fattoria senza padroni"}]},{"@type":"WebSite","@id":"https:\/\/venerala.org\/#website","url":"https:\/\/venerala.org\/","name":"veneraLA","description":"l&#039;odissea continua...","publisher":{"@id":"https:\/\/venerala.org\/#organization"},"potentialAction":[{"@type":"SearchAction","target":{"@type":"EntryPoint","urlTemplate":"https:\/\/venerala.org\/?s={search_term_string}"},"query-input":{"@type":"PropertyValueSpecification","valueRequired":true,"valueName":"search_term_string"}}],"inLanguage":"it-IT"},{"@type":"Organization","@id":"https:\/\/venerala.org\/#organization","name":"veneraLA","url":"https:\/\/venerala.org\/","logo":{"@type":"ImageObject","inLanguage":"it-IT","@id":"https:\/\/venerala.org\/#\/schema\/logo\/image\/","url":"https:\/\/venerala.org\/wp-content\/uploads\/2025\/03\/favicon-venere-80.jpg","contentUrl":"https:\/\/venerala.org\/wp-content\/uploads\/2025\/03\/favicon-venere-80.jpg","width":512,"height":512,"caption":"veneraLA"},"image":{"@id":"https:\/\/venerala.org\/#\/schema\/logo\/image\/"}}]}},"_links":{"self":[{"href":"https:\/\/venerala.org\/index.php?rest_route=\/wp\/v2\/storie\/2311","targetHints":{"allow":["GET"]}}],"collection":[{"href":"https:\/\/venerala.org\/index.php?rest_route=\/wp\/v2\/storie"}],"about":[{"href":"https:\/\/venerala.org\/index.php?rest_route=\/wp\/v2\/types\/storie"}],"wp:featuredmedia":[{"embeddable":true,"href":"https:\/\/venerala.org\/index.php?rest_route=\/wp\/v2\/media\/1523"}],"wp:attachment":[{"href":"https:\/\/venerala.org\/index.php?rest_route=%2Fwp%2Fv2%2Fmedia&parent=2311"}],"wp:term":[{"taxonomy":"tipo-storia","embeddable":true,"href":"https:\/\/venerala.org\/index.php?rest_route=%2Fwp%2Fv2%2Ftipo-storia&post=2311"},{"taxonomy":"tags-storia","embeddable":true,"href":"https:\/\/venerala.org\/index.php?rest_route=%2Fwp%2Fv2%2Ftags-storia&post=2311"}],"curies":[{"name":"wp","href":"https:\/\/api.w.org\/{rel}","templated":true}]}}