{"id":2298,"date":"2025-11-06T22:21:30","date_gmt":"2025-11-06T21:21:30","guid":{"rendered":"https:\/\/venerala.org\/?post_type=storie&#038;p=2298"},"modified":"2025-11-13T22:49:47","modified_gmt":"2025-11-13T21:49:47","slug":"la-dea-al-ceccorivolta","status":"publish","type":"storie","link":"https:\/\/venerala.org\/?storie=la-dea-al-ceccorivolta","title":{"rendered":"La Dea al CeccoRivolta"},"content":{"rendered":"<p>Un&#8217;occasione per confrontarsi e incontrarsi, mettere sul tavolo idee e progetti, condividere strumenti e affilare il nostro senso critico. Si \u00e8 parlato di citt\u00e0, di spazi pubblici, di lotte e di occasioni, per fare emergere e mettere in luce le isole della citt\u00e0 sommersa.<\/p>\n<p>Quando venticinque anni fa \u00e8 stato occupato il Cecco Rivolta si \u00e8 avviato un piccolo esperimento collettivo, e nessuno si sarebbe mai immaginato che sarebbe durato cos\u00ec a lungo. In questo quarto di secolo \u00e8 cambiato tutto: gli abitanti, la casa, il mondo. il progetto \u00e8 sopravvissuto assecondato queste trasformazioni, superando le rigidit\u00e0, accogliendo il movimento.<\/p>\n<p>Tantissime persone hanno attraversato la casa, hanno calpestato il vecchio pavimento di cotto, lanciato un ceppo nel camino, goduto del suo giardino in primavera, organizzato feste e cortei, partecipato ad estenuanti discussioni e liti furibonde. Ognuna di queste esperienze ha fatto di questa casa in collina una delle isole di questa citt\u00e0 sommersa dalle merci, dai flussi finanziari, dai turisti. Poco importa se chi la pensa provi rancore o amore incondizionato: quello che conta \u00e8 che questo pezzettino di territorio \u00e8 parte di una mappa condivisa.<\/p>\n","protected":false},"excerpt":{"rendered":"<p>Tre giorni di eventi, workshop, concerti, talk e incontri per festeggiare insieme il 25\u00b0 compleanno del Cecco Rivolta.<\/p>\n","protected":false},"featured_media":2300,"template":"","tipo-storia":[33],"tags-storia":[49,50,48,52,51],"class_list":["post-2298","storie","type-storie","status-publish","has-post-thumbnail","hentry","tipo-storia-evento","tags-storia-25-anni","tags-storia-3-giorni","tags-storia-ceccorivolta","tags-storia-politiche-abitative","tags-storia-spazi-sociali"],"acf":{"photo_gallery":{"gallery-storia":[[{"id":2310,"title":"gallery-cecco89","caption":"","full_image_url":"https:\/\/venerala.org\/wp-content\/uploads\/2025\/11\/gallery-cecco89.jpg","thumbnail_image_url":"https:\/\/venerala.org\/wp-content\/uploads\/2025\/11\/gallery-cecco89-150x150.jpg","large_srcset":"https:\/\/venerala.org\/wp-content\/uploads\/2025\/11\/gallery-cecco89.jpg 900w, https:\/\/venerala.org\/wp-content\/uploads\/2025\/11\/gallery-cecco89-300x226.jpg 300w, https:\/\/venerala.org\/wp-content\/uploads\/2025\/11\/gallery-cecco89-768x578.jpg 768w","medium_srcset":"https:\/\/venerala.org\/wp-content\/uploads\/2025\/11\/gallery-cecco89-300x226.jpg 300w, https:\/\/venerala.org\/wp-content\/uploads\/2025\/11\/gallery-cecco89-768x578.jpg 768w, https:\/\/venerala.org\/wp-content\/uploads\/2025\/11\/gallery-cecco89.jpg 900w","media_details":{"width":900,"height":677,"sizes":{"medium":{"file":"gallery-cecco89-300x226.jpg","width":300,"height":226,"mime-type":"image\/jpeg","filesize":28798,"source_url":"https:\/\/venerala.org\/wp-content\/uploads\/2025\/11\/gallery-cecco89-300x226.jpg"},"thumbnail":{"file":"gallery-cecco89-150x150.jpg","width":150,"height":150,"mime-type":"image\/jpeg","filesize":20007,"source_url":"https:\/\/venerala.org\/wp-content\/uploads\/2025\/11\/gallery-cecco89-150x150.jpg"},"medium_large":{"file":"gallery-cecco89-768x578.jpg","width":768,"height":578,"mime-type":"image\/jpeg","filesize":77905,"source_url":"https:\/\/venerala.org\/wp-content\/uploads\/2025\/11\/gallery-cecco89-768x578.jpg"}}},"alt_text":"","url":"","target":""},{"id":2309,"title":"gallery-cecco91","caption":"","full_image_url":"https:\/\/venerala.org\/wp-content\/uploads\/2025\/11\/gallery-cecco91.jpg","thumbnail_image_url":"https:\/\/venerala.org\/wp-content\/uploads\/2025\/11\/gallery-cecco91-150x150.jpg","large_srcset":"https:\/\/venerala.org\/wp-content\/uploads\/2025\/11\/gallery-cecco91.jpg 675w, https:\/\/venerala.org\/wp-content\/uploads\/2025\/11\/gallery-cecco91-225x300.jpg 225w","medium_srcset":"https:\/\/venerala.org\/wp-content\/uploads\/2025\/11\/gallery-cecco91-225x300.jpg 225w, https:\/\/venerala.org\/wp-content\/uploads\/2025\/11\/gallery-cecco91.jpg 675w","media_details":{"width":675,"height":900,"sizes":{"medium":{"file":"gallery-cecco91-225x300.jpg","width":225,"height":300,"mime-type":"image\/jpeg","filesize":34139,"source_url":"https:\/\/venerala.org\/wp-content\/uploads\/2025\/11\/gallery-cecco91-225x300.jpg"},"thumbnail":{"file":"gallery-cecco91-150x150.jpg","width":150,"height":150,"mime-type":"image\/jpeg","filesize":24283,"source_url":"https:\/\/venerala.org\/wp-content\/uploads\/2025\/11\/gallery-cecco91-150x150.jpg"}}},"alt_text":"","url":"","target":""},{"id":2308,"title":"gallery-cecco90","caption":"","full_image_url":"https:\/\/venerala.org\/wp-content\/uploads\/2025\/11\/gallery-cecco90.jpg","thumbnail_image_url":"https:\/\/venerala.org\/wp-content\/uploads\/2025\/11\/gallery-cecco90-150x150.jpg","large_srcset":"https:\/\/venerala.org\/wp-content\/uploads\/2025\/11\/gallery-cecco90.jpg 677w, https:\/\/venerala.org\/wp-content\/uploads\/2025\/11\/gallery-cecco90-226x300.jpg 226w","medium_srcset":"https:\/\/venerala.org\/wp-content\/uploads\/2025\/11\/gallery-cecco90-226x300.jpg 226w, https:\/\/venerala.org\/wp-content\/uploads\/2025\/11\/gallery-cecco90.jpg 677w","media_details":{"width":677,"height":900,"sizes":{"medium":{"file":"gallery-cecco90-226x300.jpg","width":226,"height":300,"mime-type":"image\/jpeg","filesize":37005,"source_url":"https:\/\/venerala.org\/wp-content\/uploads\/2025\/11\/gallery-cecco90-226x300.jpg"},"thumbnail":{"file":"gallery-cecco90-150x150.jpg","width":150,"height":150,"mime-type":"image\/jpeg","filesize":26352,"source_url":"https:\/\/venerala.org\/wp-content\/uploads\/2025\/11\/gallery-cecco90-150x150.jpg"}}},"alt_text":"","url":"","target":""},{"id":2307,"title":"gallery-cecco92","caption":"","full_image_url":"https:\/\/venerala.org\/wp-content\/uploads\/2025\/11\/gallery-cecco92.jpg","thumbnail_image_url":"https:\/\/venerala.org\/wp-content\/uploads\/2025\/11\/gallery-cecco92-150x150.jpg","large_srcset":"https:\/\/venerala.org\/wp-content\/uploads\/2025\/11\/gallery-cecco92.jpg 900w, https:\/\/venerala.org\/wp-content\/uploads\/2025\/11\/gallery-cecco92-300x225.jpg 300w, https:\/\/venerala.org\/wp-content\/uploads\/2025\/11\/gallery-cecco92-768x576.jpg 768w","medium_srcset":"https:\/\/venerala.org\/wp-content\/uploads\/2025\/11\/gallery-cecco92-300x225.jpg 300w, https:\/\/venerala.org\/wp-content\/uploads\/2025\/11\/gallery-cecco92-768x576.jpg 768w, https:\/\/venerala.org\/wp-content\/uploads\/2025\/11\/gallery-cecco92.jpg 900w","media_details":{"width":900,"height":675,"sizes":{"medium":{"file":"gallery-cecco92-300x225.jpg","width":300,"height":225,"mime-type":"image\/jpeg","filesize":45147,"source_url":"https:\/\/venerala.org\/wp-content\/uploads\/2025\/11\/gallery-cecco92-300x225.jpg"},"thumbnail":{"file":"gallery-cecco92-150x150.jpg","width":150,"height":150,"mime-type":"image\/jpeg","filesize":30316,"source_url":"https:\/\/venerala.org\/wp-content\/uploads\/2025\/11\/gallery-cecco92-150x150.jpg"},"medium_large":{"file":"gallery-cecco92-768x576.jpg","width":768,"height":576,"mime-type":"image\/jpeg","filesize":128675,"source_url":"https:\/\/venerala.org\/wp-content\/uploads\/2025\/11\/gallery-cecco92-768x576.jpg"}}},"alt_text":"","url":"","target":""},{"id":2306,"title":"gallery-cecco93","caption":"","full_image_url":"https:\/\/venerala.org\/wp-content\/uploads\/2025\/11\/gallery-cecco93.jpg","thumbnail_image_url":"https:\/\/venerala.org\/wp-content\/uploads\/2025\/11\/gallery-cecco93-150x150.jpg","large_srcset":"https:\/\/venerala.org\/wp-content\/uploads\/2025\/11\/gallery-cecco93.jpg 900w, https:\/\/venerala.org\/wp-content\/uploads\/2025\/11\/gallery-cecco93-300x225.jpg 300w, https:\/\/venerala.org\/wp-content\/uploads\/2025\/11\/gallery-cecco93-768x576.jpg 768w","medium_srcset":"https:\/\/venerala.org\/wp-content\/uploads\/2025\/11\/gallery-cecco93-300x225.jpg 300w, https:\/\/venerala.org\/wp-content\/uploads\/2025\/11\/gallery-cecco93-768x576.jpg 768w, https:\/\/venerala.org\/wp-content\/uploads\/2025\/11\/gallery-cecco93.jpg 900w","media_details":{"width":900,"height":675,"sizes":{"medium":{"file":"gallery-cecco93-300x225.jpg","width":300,"height":225,"mime-type":"image\/jpeg","filesize":39590,"source_url":"https:\/\/venerala.org\/wp-content\/uploads\/2025\/11\/gallery-cecco93-300x225.jpg"},"thumbnail":{"file":"gallery-cecco93-150x150.jpg","width":150,"height":150,"mime-type":"image\/jpeg","filesize":26890,"source_url":"https:\/\/venerala.org\/wp-content\/uploads\/2025\/11\/gallery-cecco93-150x150.jpg"},"medium_large":{"file":"gallery-cecco93-768x576.jpg","width":768,"height":576,"mime-type":"image\/jpeg","filesize":115754,"source_url":"https:\/\/venerala.org\/wp-content\/uploads\/2025\/11\/gallery-cecco93-768x576.jpg"}}},"alt_text":"","url":"","target":""},{"id":2305,"title":"gallery-cecco94","caption":"","full_image_url":"https:\/\/venerala.org\/wp-content\/uploads\/2025\/11\/gallery-cecco94.jpg","thumbnail_image_url":"https:\/\/venerala.org\/wp-content\/uploads\/2025\/11\/gallery-cecco94-150x150.jpg","large_srcset":"https:\/\/venerala.org\/wp-content\/uploads\/2025\/11\/gallery-cecco94.jpg 675w, https:\/\/venerala.org\/wp-content\/uploads\/2025\/11\/gallery-cecco94-225x300.jpg 225w","medium_srcset":"https:\/\/venerala.org\/wp-content\/uploads\/2025\/11\/gallery-cecco94-225x300.jpg 225w, https:\/\/venerala.org\/wp-content\/uploads\/2025\/11\/gallery-cecco94.jpg 675w","media_details":{"width":675,"height":900,"sizes":{"medium":{"file":"gallery-cecco94-225x300.jpg","width":225,"height":300,"mime-type":"image\/jpeg","filesize":46099,"source_url":"https:\/\/venerala.org\/wp-content\/uploads\/2025\/11\/gallery-cecco94-225x300.jpg"},"thumbnail":{"file":"gallery-cecco94-150x150.jpg","width":150,"height":150,"mime-type":"image\/jpeg","filesize":31266,"source_url":"https:\/\/venerala.org\/wp-content\/uploads\/2025\/11\/gallery-cecco94-150x150.jpg"}}},"alt_text":"","url":"","target":""},{"id":2304,"title":"gallery-cecco97","caption":"","full_image_url":"https:\/\/venerala.org\/wp-content\/uploads\/2025\/11\/gallery-cecco97.jpg","thumbnail_image_url":"https:\/\/venerala.org\/wp-content\/uploads\/2025\/11\/gallery-cecco97-150x150.jpg","large_srcset":"https:\/\/venerala.org\/wp-content\/uploads\/2025\/11\/gallery-cecco97.jpg 900w, https:\/\/venerala.org\/wp-content\/uploads\/2025\/11\/gallery-cecco97-300x206.jpg 300w, https:\/\/venerala.org\/wp-content\/uploads\/2025\/11\/gallery-cecco97-768x528.jpg 768w","medium_srcset":"https:\/\/venerala.org\/wp-content\/uploads\/2025\/11\/gallery-cecco97-300x206.jpg 300w, https:\/\/venerala.org\/wp-content\/uploads\/2025\/11\/gallery-cecco97-768x528.jpg 768w, https:\/\/venerala.org\/wp-content\/uploads\/2025\/11\/gallery-cecco97.jpg 900w","media_details":{"width":900,"height":619,"sizes":{"medium":{"file":"gallery-cecco97-300x206.jpg","width":300,"height":206,"mime-type":"image\/jpeg","filesize":39044,"source_url":"https:\/\/venerala.org\/wp-content\/uploads\/2025\/11\/gallery-cecco97-300x206.jpg"},"thumbnail":{"file":"gallery-cecco97-150x150.jpg","width":150,"height":150,"mime-type":"image\/jpeg","filesize":26901,"source_url":"https:\/\/venerala.org\/wp-content\/uploads\/2025\/11\/gallery-cecco97-150x150.jpg"},"medium_large":{"file":"gallery-cecco97-768x528.jpg","width":768,"height":528,"mime-type":"image\/jpeg","filesize":141808,"source_url":"https:\/\/venerala.org\/wp-content\/uploads\/2025\/11\/gallery-cecco97-768x528.jpg"}}},"alt_text":"","url":"","target":""},{"id":2303,"title":"gallery-cecco95","caption":"","full_image_url":"https:\/\/venerala.org\/wp-content\/uploads\/2025\/11\/gallery-cecco95.jpg","thumbnail_image_url":"https:\/\/venerala.org\/wp-content\/uploads\/2025\/11\/gallery-cecco95-150x150.jpg","large_srcset":"https:\/\/venerala.org\/wp-content\/uploads\/2025\/11\/gallery-cecco95.jpg 900w, https:\/\/venerala.org\/wp-content\/uploads\/2025\/11\/gallery-cecco95-300x225.jpg 300w, https:\/\/venerala.org\/wp-content\/uploads\/2025\/11\/gallery-cecco95-768x576.jpg 768w","medium_srcset":"https:\/\/venerala.org\/wp-content\/uploads\/2025\/11\/gallery-cecco95-300x225.jpg 300w, https:\/\/venerala.org\/wp-content\/uploads\/2025\/11\/gallery-cecco95-768x576.jpg 768w, https:\/\/venerala.org\/wp-content\/uploads\/2025\/11\/gallery-cecco95.jpg 900w","media_details":{"width":900,"height":675,"sizes":{"medium":{"file":"gallery-cecco95-300x225.jpg","width":300,"height":225,"mime-type":"image\/jpeg","filesize":35227,"source_url":"https:\/\/venerala.org\/wp-content\/uploads\/2025\/11\/gallery-cecco95-300x225.jpg"},"thumbnail":{"file":"gallery-cecco95-150x150.jpg","width":150,"height":150,"mime-type":"image\/jpeg","filesize":23146,"source_url":"https:\/\/venerala.org\/wp-content\/uploads\/2025\/11\/gallery-cecco95-150x150.jpg"},"medium_large":{"file":"gallery-cecco95-768x576.jpg","width":768,"height":576,"mime-type":"image\/jpeg","filesize":116193,"source_url":"https:\/\/venerala.org\/wp-content\/uploads\/2025\/11\/gallery-cecco95-768x576.jpg"}}},"alt_text":"","url":"","target":""},{"id":2302,"title":"gallery-cecco98","caption":"","full_image_url":"https:\/\/venerala.org\/wp-content\/uploads\/2025\/11\/gallery-cecco98.jpg","thumbnail_image_url":"https:\/\/venerala.org\/wp-content\/uploads\/2025\/11\/gallery-cecco98-150x150.jpg","large_srcset":"https:\/\/venerala.org\/wp-content\/uploads\/2025\/11\/gallery-cecco98.jpg 900w, https:\/\/venerala.org\/wp-content\/uploads\/2025\/11\/gallery-cecco98-300x225.jpg 300w, https:\/\/venerala.org\/wp-content\/uploads\/2025\/11\/gallery-cecco98-768x576.jpg 768w","medium_srcset":"https:\/\/venerala.org\/wp-content\/uploads\/2025\/11\/gallery-cecco98-300x225.jpg 300w, https:\/\/venerala.org\/wp-content\/uploads\/2025\/11\/gallery-cecco98-768x576.jpg 768w, https:\/\/venerala.org\/wp-content\/uploads\/2025\/11\/gallery-cecco98.jpg 900w","media_details":{"width":900,"height":675,"sizes":{"medium":{"file":"gallery-cecco98-300x225.jpg","width":300,"height":225,"mime-type":"image\/jpeg","filesize":37686,"source_url":"https:\/\/venerala.org\/wp-content\/uploads\/2025\/11\/gallery-cecco98-300x225.jpg"},"thumbnail":{"file":"gallery-cecco98-150x150.jpg","width":150,"height":150,"mime-type":"image\/jpeg","filesize":25696,"source_url":"https:\/\/venerala.org\/wp-content\/uploads\/2025\/11\/gallery-cecco98-150x150.jpg"},"medium_large":{"file":"gallery-cecco98-768x576.jpg","width":768,"height":576,"mime-type":"image\/jpeg","filesize":104179,"source_url":"https:\/\/venerala.org\/wp-content\/uploads\/2025\/11\/gallery-cecco98-768x576.jpg"}}},"alt_text":"","url":"","target":""},{"id":2301,"title":"gallery-cecco96","caption":"","full_image_url":"https:\/\/venerala.org\/wp-content\/uploads\/2025\/11\/gallery-cecco96.jpg","thumbnail_image_url":"https:\/\/venerala.org\/wp-content\/uploads\/2025\/11\/gallery-cecco96-150x150.jpg","large_srcset":"https:\/\/venerala.org\/wp-content\/uploads\/2025\/11\/gallery-cecco96.jpg 900w, https:\/\/venerala.org\/wp-content\/uploads\/2025\/11\/gallery-cecco96-300x225.jpg 300w, https:\/\/venerala.org\/wp-content\/uploads\/2025\/11\/gallery-cecco96-768x576.jpg 768w","medium_srcset":"https:\/\/venerala.org\/wp-content\/uploads\/2025\/11\/gallery-cecco96-300x225.jpg 300w, https:\/\/venerala.org\/wp-content\/uploads\/2025\/11\/gallery-cecco96-768x576.jpg 768w, https:\/\/venerala.org\/wp-content\/uploads\/2025\/11\/gallery-cecco96.jpg 900w","media_details":{"width":900,"height":675,"sizes":{"medium":{"file":"gallery-cecco96-300x225.jpg","width":300,"height":225,"mime-type":"image\/jpeg","filesize":47203,"source_url":"https:\/\/venerala.org\/wp-content\/uploads\/2025\/11\/gallery-cecco96-300x225.jpg"},"thumbnail":{"file":"gallery-cecco96-150x150.jpg","width":150,"height":150,"mime-type":"image\/jpeg","filesize":30584,"source_url":"https:\/\/venerala.org\/wp-content\/uploads\/2025\/11\/gallery-cecco96-150x150.jpg"},"medium_large":{"file":"gallery-cecco96-768x576.jpg","width":768,"height":576,"mime-type":"image\/jpeg","filesize":161455,"source_url":"https:\/\/venerala.org\/wp-content\/uploads\/2025\/11\/gallery-cecco96-768x576.jpg"}}},"alt_text":"","url":"","target":""}]]}},"yoast_head":"<!-- This site is optimized with the Yoast SEO plugin v27.5 - https:\/\/yoast.com\/product\/yoast-seo-wordpress\/ -->\n<title>La Dea al CeccoRivolta - veneraLA<\/title>\n<meta name=\"robots\" content=\"index, follow, max-snippet:-1, max-image-preview:large, max-video-preview:-1\" \/>\n<link rel=\"canonical\" href=\"https:\/\/venerala.org\/?storie=la-dea-al-ceccorivolta\" \/>\n<meta property=\"og:locale\" content=\"it_IT\" \/>\n<meta property=\"og:type\" content=\"article\" \/>\n<meta property=\"og:title\" content=\"La Dea al CeccoRivolta - veneraLA\" \/>\n<meta property=\"og:description\" content=\"Tre giorni di eventi, workshop, concerti, talk e incontri per festeggiare insieme il 25\u00b0 compleanno del Cecco Rivolta.\" \/>\n<meta property=\"og:url\" content=\"https:\/\/venerala.org\/?storie=la-dea-al-ceccorivolta\" \/>\n<meta property=\"og:site_name\" content=\"veneraLA\" \/>\n<meta property=\"article:modified_time\" content=\"2025-11-13T21:49:47+00:00\" \/>\n<meta property=\"og:image\" content=\"https:\/\/venerala.org\/wp-content\/uploads\/2025\/11\/open-cecco88.jpg\" \/>\n\t<meta property=\"og:image:width\" content=\"1920\" \/>\n\t<meta property=\"og:image:height\" content=\"1440\" \/>\n\t<meta property=\"og:image:type\" content=\"image\/jpeg\" \/>\n<meta name=\"twitter:card\" content=\"summary_large_image\" \/>\n<meta name=\"twitter:label1\" content=\"Tempo di lettura stimato\" \/>\n\t<meta name=\"twitter:data1\" content=\"2 minuti\" \/>\n<script type=\"application\/ld+json\" class=\"yoast-schema-graph\">{\"@context\":\"https:\\\/\\\/schema.org\",\"@graph\":[{\"@type\":\"WebPage\",\"@id\":\"https:\\\/\\\/venerala.org\\\/?storie=la-dea-al-ceccorivolta\",\"url\":\"https:\\\/\\\/venerala.org\\\/?storie=la-dea-al-ceccorivolta\",\"name\":\"La Dea al CeccoRivolta - veneraLA\",\"isPartOf\":{\"@id\":\"https:\\\/\\\/venerala.org\\\/#website\"},\"primaryImageOfPage\":{\"@id\":\"https:\\\/\\\/venerala.org\\\/?storie=la-dea-al-ceccorivolta#primaryimage\"},\"image\":{\"@id\":\"https:\\\/\\\/venerala.org\\\/?storie=la-dea-al-ceccorivolta#primaryimage\"},\"thumbnailUrl\":\"https:\\\/\\\/venerala.org\\\/wp-content\\\/uploads\\\/2025\\\/11\\\/open-cecco88.jpg\",\"datePublished\":\"2025-11-06T21:21:30+00:00\",\"dateModified\":\"2025-11-13T21:49:47+00:00\",\"breadcrumb\":{\"@id\":\"https:\\\/\\\/venerala.org\\\/?storie=la-dea-al-ceccorivolta#breadcrumb\"},\"inLanguage\":\"it-IT\",\"potentialAction\":[{\"@type\":\"ReadAction\",\"target\":[\"https:\\\/\\\/venerala.org\\\/?storie=la-dea-al-ceccorivolta\"]}]},{\"@type\":\"ImageObject\",\"inLanguage\":\"it-IT\",\"@id\":\"https:\\\/\\\/venerala.org\\\/?storie=la-dea-al-ceccorivolta#primaryimage\",\"url\":\"https:\\\/\\\/venerala.org\\\/wp-content\\\/uploads\\\/2025\\\/11\\\/open-cecco88.jpg\",\"contentUrl\":\"https:\\\/\\\/venerala.org\\\/wp-content\\\/uploads\\\/2025\\\/11\\\/open-cecco88.jpg\",\"width\":1920,\"height\":1440},{\"@type\":\"BreadcrumbList\",\"@id\":\"https:\\\/\\\/venerala.org\\\/?storie=la-dea-al-ceccorivolta#breadcrumb\",\"itemListElement\":[{\"@type\":\"ListItem\",\"position\":1,\"name\":\"Home\",\"item\":\"https:\\\/\\\/venerala.org\\\/\"},{\"@type\":\"ListItem\",\"position\":2,\"name\":\"storie\",\"item\":\"https:\\\/\\\/venerala.org\\\/?post_type=storie\"},{\"@type\":\"ListItem\",\"position\":3,\"name\":\"La Dea al CeccoRivolta\"}]},{\"@type\":\"WebSite\",\"@id\":\"https:\\\/\\\/venerala.org\\\/#website\",\"url\":\"https:\\\/\\\/venerala.org\\\/\",\"name\":\"veneraLA\",\"description\":\"l&#039;odissea continua...\",\"publisher\":{\"@id\":\"https:\\\/\\\/venerala.org\\\/#organization\"},\"potentialAction\":[{\"@type\":\"SearchAction\",\"target\":{\"@type\":\"EntryPoint\",\"urlTemplate\":\"https:\\\/\\\/venerala.org\\\/?s={search_term_string}\"},\"query-input\":{\"@type\":\"PropertyValueSpecification\",\"valueRequired\":true,\"valueName\":\"search_term_string\"}}],\"inLanguage\":\"it-IT\"},{\"@type\":\"Organization\",\"@id\":\"https:\\\/\\\/venerala.org\\\/#organization\",\"name\":\"veneraLA\",\"url\":\"https:\\\/\\\/venerala.org\\\/\",\"logo\":{\"@type\":\"ImageObject\",\"inLanguage\":\"it-IT\",\"@id\":\"https:\\\/\\\/venerala.org\\\/#\\\/schema\\\/logo\\\/image\\\/\",\"url\":\"https:\\\/\\\/venerala.org\\\/wp-content\\\/uploads\\\/2025\\\/03\\\/favicon-venere-80.jpg\",\"contentUrl\":\"https:\\\/\\\/venerala.org\\\/wp-content\\\/uploads\\\/2025\\\/03\\\/favicon-venere-80.jpg\",\"width\":512,\"height\":512,\"caption\":\"veneraLA\"},\"image\":{\"@id\":\"https:\\\/\\\/venerala.org\\\/#\\\/schema\\\/logo\\\/image\\\/\"}}]}<\/script>\n<!-- \/ Yoast SEO plugin. -->","yoast_head_json":{"title":"La Dea al CeccoRivolta - veneraLA","robots":{"index":"index","follow":"follow","max-snippet":"max-snippet:-1","max-image-preview":"max-image-preview:large","max-video-preview":"max-video-preview:-1"},"canonical":"https:\/\/venerala.org\/?storie=la-dea-al-ceccorivolta","og_locale":"it_IT","og_type":"article","og_title":"La Dea al CeccoRivolta - veneraLA","og_description":"Tre giorni di eventi, workshop, concerti, talk e incontri per festeggiare insieme il 25\u00b0 compleanno del Cecco Rivolta.","og_url":"https:\/\/venerala.org\/?storie=la-dea-al-ceccorivolta","og_site_name":"veneraLA","article_modified_time":"2025-11-13T21:49:47+00:00","og_image":[{"width":1920,"height":1440,"url":"https:\/\/venerala.org\/wp-content\/uploads\/2025\/11\/open-cecco88.jpg","type":"image\/jpeg"}],"twitter_card":"summary_large_image","twitter_misc":{"Tempo di lettura stimato":"2 minuti"},"schema":{"@context":"https:\/\/schema.org","@graph":[{"@type":"WebPage","@id":"https:\/\/venerala.org\/?storie=la-dea-al-ceccorivolta","url":"https:\/\/venerala.org\/?storie=la-dea-al-ceccorivolta","name":"La Dea al CeccoRivolta - veneraLA","isPartOf":{"@id":"https:\/\/venerala.org\/#website"},"primaryImageOfPage":{"@id":"https:\/\/venerala.org\/?storie=la-dea-al-ceccorivolta#primaryimage"},"image":{"@id":"https:\/\/venerala.org\/?storie=la-dea-al-ceccorivolta#primaryimage"},"thumbnailUrl":"https:\/\/venerala.org\/wp-content\/uploads\/2025\/11\/open-cecco88.jpg","datePublished":"2025-11-06T21:21:30+00:00","dateModified":"2025-11-13T21:49:47+00:00","breadcrumb":{"@id":"https:\/\/venerala.org\/?storie=la-dea-al-ceccorivolta#breadcrumb"},"inLanguage":"it-IT","potentialAction":[{"@type":"ReadAction","target":["https:\/\/venerala.org\/?storie=la-dea-al-ceccorivolta"]}]},{"@type":"ImageObject","inLanguage":"it-IT","@id":"https:\/\/venerala.org\/?storie=la-dea-al-ceccorivolta#primaryimage","url":"https:\/\/venerala.org\/wp-content\/uploads\/2025\/11\/open-cecco88.jpg","contentUrl":"https:\/\/venerala.org\/wp-content\/uploads\/2025\/11\/open-cecco88.jpg","width":1920,"height":1440},{"@type":"BreadcrumbList","@id":"https:\/\/venerala.org\/?storie=la-dea-al-ceccorivolta#breadcrumb","itemListElement":[{"@type":"ListItem","position":1,"name":"Home","item":"https:\/\/venerala.org\/"},{"@type":"ListItem","position":2,"name":"storie","item":"https:\/\/venerala.org\/?post_type=storie"},{"@type":"ListItem","position":3,"name":"La Dea al CeccoRivolta"}]},{"@type":"WebSite","@id":"https:\/\/venerala.org\/#website","url":"https:\/\/venerala.org\/","name":"veneraLA","description":"l&#039;odissea continua...","publisher":{"@id":"https:\/\/venerala.org\/#organization"},"potentialAction":[{"@type":"SearchAction","target":{"@type":"EntryPoint","urlTemplate":"https:\/\/venerala.org\/?s={search_term_string}"},"query-input":{"@type":"PropertyValueSpecification","valueRequired":true,"valueName":"search_term_string"}}],"inLanguage":"it-IT"},{"@type":"Organization","@id":"https:\/\/venerala.org\/#organization","name":"veneraLA","url":"https:\/\/venerala.org\/","logo":{"@type":"ImageObject","inLanguage":"it-IT","@id":"https:\/\/venerala.org\/#\/schema\/logo\/image\/","url":"https:\/\/venerala.org\/wp-content\/uploads\/2025\/03\/favicon-venere-80.jpg","contentUrl":"https:\/\/venerala.org\/wp-content\/uploads\/2025\/03\/favicon-venere-80.jpg","width":512,"height":512,"caption":"veneraLA"},"image":{"@id":"https:\/\/venerala.org\/#\/schema\/logo\/image\/"}}]}},"_links":{"self":[{"href":"https:\/\/venerala.org\/index.php?rest_route=\/wp\/v2\/storie\/2298","targetHints":{"allow":["GET"]}}],"collection":[{"href":"https:\/\/venerala.org\/index.php?rest_route=\/wp\/v2\/storie"}],"about":[{"href":"https:\/\/venerala.org\/index.php?rest_route=\/wp\/v2\/types\/storie"}],"wp:featuredmedia":[{"embeddable":true,"href":"https:\/\/venerala.org\/index.php?rest_route=\/wp\/v2\/media\/2300"}],"wp:attachment":[{"href":"https:\/\/venerala.org\/index.php?rest_route=%2Fwp%2Fv2%2Fmedia&parent=2298"}],"wp:term":[{"taxonomy":"tipo-storia","embeddable":true,"href":"https:\/\/venerala.org\/index.php?rest_route=%2Fwp%2Fv2%2Ftipo-storia&post=2298"},{"taxonomy":"tags-storia","embeddable":true,"href":"https:\/\/venerala.org\/index.php?rest_route=%2Fwp%2Fv2%2Ftags-storia&post=2298"}],"curies":[{"name":"wp","href":"https:\/\/api.w.org\/{rel}","templated":true}]}}