{"id":1675,"date":"2025-06-09T11:45:08","date_gmt":"2025-06-09T09:45:08","guid":{"rendered":"https:\/\/venerala.org\/?page_id=1675"},"modified":"2025-06-09T11:47:44","modified_gmt":"2025-06-09T09:47:44","slug":"programma-eventi-tre-giorni","status":"publish","type":"page","link":"https:\/\/venerala.org\/?page_id=1675","title":{"rendered":"programma eventi tre giorni"},"content":{"rendered":"\t\t<div data-elementor-type=\"wp-page\" data-elementor-id=\"1675\" class=\"elementor elementor-1675\" data-elementor-post-type=\"page\">\n\t\t\t\t<div class=\"elementor-element elementor-element-09c0ba7 e-flex e-con-boxed e-con e-parent\" data-id=\"09c0ba7\" data-element_type=\"container\" data-e-type=\"container\">\n\t\t\t\t\t<div class=\"e-con-inner\">\n\t\t\t\t<div class=\"elementor-element elementor-element-2c7ff27 elementor-widget elementor-widget-heading\" data-id=\"2c7ff27\" data-element_type=\"widget\" data-e-type=\"widget\" data-widget_type=\"heading.default\">\n\t\t\t\t<div class=\"elementor-widget-container\">\n\t\t\t\t\t<h2 class=\"elementor-heading-title elementor-size-default\">Tutti gli eventi della tre giorni<\/h2>\t\t\t\t<\/div>\n\t\t\t\t<\/div>\n\t\t\t\t<div class=\"elementor-element elementor-element-2b56233 elementor-grid-3 elementor-grid-tablet-2 elementor-grid-mobile-1 elementor-widget elementor-widget-loop-grid\" data-id=\"2b56233\" data-element_type=\"widget\" data-e-type=\"widget\" data-settings=\"{&quot;template_id&quot;:&quot;1586&quot;,&quot;masonry&quot;:&quot;yes&quot;,&quot;pagination_type&quot;:&quot;load_more_infinite_scroll&quot;,&quot;row_gap&quot;:{&quot;unit&quot;:&quot;px&quot;,&quot;size&quot;:21,&quot;sizes&quot;:[]},&quot;_skin&quot;:&quot;post&quot;,&quot;columns&quot;:&quot;3&quot;,&quot;columns_tablet&quot;:&quot;2&quot;,&quot;columns_mobile&quot;:&quot;1&quot;,&quot;edit_handle_selector&quot;:&quot;[data-elementor-type=\\&quot;loop-item\\&quot;]&quot;,&quot;load_more_spinner&quot;:{&quot;value&quot;:&quot;fas fa-spinner&quot;,&quot;library&quot;:&quot;fa-solid&quot;},&quot;row_gap_tablet&quot;:{&quot;unit&quot;:&quot;px&quot;,&quot;size&quot;:&quot;&quot;,&quot;sizes&quot;:[]},&quot;row_gap_mobile&quot;:{&quot;unit&quot;:&quot;px&quot;,&quot;size&quot;:&quot;&quot;,&quot;sizes&quot;:[]}}\" data-widget_type=\"loop-grid.post\">\n\t\t\t\t<div class=\"elementor-widget-container\">\n\t\t\t\t\t\t\t<div class=\"elementor-loop-container elementor-grid\" role=\"list\">\n\t\t<style id=\"loop-dynamic-1586\">.e-loop-item-2622 .elementor-element.elementor-element-6c4a6ce:not(.elementor-motion-effects-element-type-background), .e-loop-item-2622 .elementor-element.elementor-element-6c4a6ce > .elementor-motion-effects-container > .elementor-motion-effects-layer{background-image:url(\"https:\/\/venerala.org\/wp-content\/uploads\/2026\/04\/venere-acc.jpeg\");}<\/style><style id=\"loop-1586\">.elementor-1586 .elementor-element.elementor-element-a416cfe{--display:flex;--flex-direction:column;--container-widget-width:100%;--container-widget-height:initial;--container-widget-flex-grow:0;--container-widget-align-self:initial;--flex-wrap-mobile:wrap;--gap:0px 0px;--row-gap:0px;--column-gap:0px;--margin-top:0px;--margin-bottom:0px;--margin-left:0px;--margin-right:0px;--padding-top:0px;--padding-bottom:0px;--padding-left:0px;--padding-right:0px;}.elementor-1586 .elementor-element.elementor-element-6c4a6ce{--display:flex;--min-height:328px;--justify-content:space-between;--gap:13px 13px;--row-gap:13px;--column-gap:13px;--margin-top:0px;--margin-bottom:0px;--margin-left:0px;--margin-right:0px;--padding-top:0px;--padding-bottom:0px;--padding-left:0px;--padding-right:0px;}.elementor-1586 .elementor-element.elementor-element-6c4a6ce:not(.elementor-motion-effects-element-type-background), .elementor-1586 .elementor-element.elementor-element-6c4a6ce > .elementor-motion-effects-container > .elementor-motion-effects-layer{background-color:var( --e-global-color-text );background-position:top center;background-repeat:no-repeat;background-size:cover;}.elementor-widget-heading .elementor-heading-title{font-family:var( --e-global-typography-primary-font-family ), Sans-serif;font-size:var( --e-global-typography-primary-font-size );font-weight:var( --e-global-typography-primary-font-weight );font-style:var( --e-global-typography-primary-font-style );line-height:var( --e-global-typography-primary-line-height );color:var( --e-global-color-primary );}.elementor-1586 .elementor-element.elementor-element-7c3acaa{text-align:center;}.elementor-1586 .elementor-element.elementor-element-7c3acaa .elementor-heading-title{font-family:\"Barlow Semi Condensed\", Sans-serif;font-size:20px;font-weight:600;font-style:normal;line-height:33px;color:var( --e-global-color-a832258 );}.elementor-1586 .elementor-element.elementor-element-7c3acaa > .elementor-widget-container{padding:0px 20px 5px 20px;background-color:var( --e-global-color-primary );border-radius:0px 0px 10px 10px;}.elementor-1586 .elementor-element.elementor-element-7c3acaa.elementor-element{--align-self:center;}.elementor-1586 .elementor-element.elementor-element-37cb8f7{text-align:center;}.elementor-1586 .elementor-element.elementor-element-37cb8f7 .elementor-heading-title{font-family:\"Barlow Semi Condensed\", Sans-serif;font-size:17px;font-weight:800;font-style:normal;line-height:33px;color:var( --e-global-color-text );}.elementor-1586 .elementor-element.elementor-element-37cb8f7 > .elementor-widget-container{padding:0px 20px 5px 20px;background-color:var( --e-global-color-a832258 );border-radius:10px 10px 0px 0px;}.elementor-1586 .elementor-element.elementor-element-37cb8f7.elementor-element{--align-self:center;}.elementor-1586 .elementor-element.elementor-element-6568c42{--display:flex;--min-height:246px;--justify-content:space-between;--gap:10px 10px;--row-gap:10px;--column-gap:10px;border-style:solid;--border-style:solid;border-width:2px 0px 0px 0px;--border-top-width:2px;--border-right-width:0px;--border-bottom-width:0px;--border-left-width:0px;border-color:var( --e-global-color-accent );--border-color:var( --e-global-color-accent );--padding-top:0px;--padding-bottom:20px;--padding-left:20px;--padding-right:20px;}.elementor-1586 .elementor-element.elementor-element-6568c42:not(.elementor-motion-effects-element-type-background), .elementor-1586 .elementor-element.elementor-element-6568c42 > .elementor-motion-effects-container > .elementor-motion-effects-layer{background-color:var( --e-global-color-text );}.elementor-1586 .elementor-element.elementor-element-492cfb5{text-align:center;}.elementor-1586 .elementor-element.elementor-element-492cfb5 .elementor-heading-title{font-family:\"Barlow Semi Condensed\", Sans-serif;font-size:17px;font-weight:400;font-style:normal;line-height:33px;color:var( --e-global-color-a832258 );}.elementor-1586 .elementor-element.elementor-element-492cfb5 > .elementor-widget-container{padding:0px 20px 5px 20px;background-color:var( --e-global-color-primary );border-radius:0px 0px 10px 10px;}.elementor-1586 .elementor-element.elementor-element-492cfb5.elementor-element{--align-self:center;}.elementor-1586 .elementor-element.elementor-element-8775f98{text-align:center;}.elementor-1586 .elementor-element.elementor-element-8775f98 .elementor-heading-title{font-family:\"Barlow Semi Condensed\", Sans-serif;font-size:26px;font-weight:600;font-style:normal;line-height:34px;color:var( --e-global-color-a832258 );}.elementor-widget-text-editor{font-family:var( --e-global-typography-text-font-family ), Sans-serif;font-size:var( --e-global-typography-text-font-size );font-weight:var( --e-global-typography-text-font-weight );line-height:var( --e-global-typography-text-line-height );color:var( --e-global-color-text );}.elementor-widget-text-editor.elementor-drop-cap-view-stacked .elementor-drop-cap{background-color:var( --e-global-color-primary );}.elementor-widget-text-editor.elementor-drop-cap-view-framed .elementor-drop-cap, .elementor-widget-text-editor.elementor-drop-cap-view-default .elementor-drop-cap{color:var( --e-global-color-primary );border-color:var( --e-global-color-primary );}.elementor-1586 .elementor-element.elementor-element-02afbe7{text-align:center;font-family:\"Montserrat\", Sans-serif;font-size:16px;font-weight:400;line-height:23px;color:var( --e-global-color-a832258 );}.elementor-widget-button .elementor-button{font-family:var( --e-global-typography-accent-font-family ), Sans-serif;font-weight:var( --e-global-typography-accent-font-weight );background-color:var( --e-global-color-accent );}.elementor-1586 .elementor-element.elementor-element-92cccf9 .elementor-button{font-family:\"Roboto\", Sans-serif;font-size:15px;font-weight:700;fill:var( --e-global-color-text );color:var( --e-global-color-text );}.elementor-1586 .elementor-element.elementor-element-92cccf9 .elementor-button:hover, .elementor-1586 .elementor-element.elementor-element-92cccf9 .elementor-button:focus{color:var( --e-global-color-a832258 );background-color:var( --e-global-color-primary );}.elementor-1586 .elementor-element.elementor-element-92cccf9 .elementor-button:hover svg, .elementor-1586 .elementor-element.elementor-element-92cccf9 .elementor-button:focus svg{fill:var( --e-global-color-a832258 );}.elementor-1586 .elementor-element.elementor-element-92cccf9 > .elementor-widget-container{margin:20px 0px 0px 0px;}@media(max-width:1024px){.elementor-widget-heading .elementor-heading-title{font-size:var( --e-global-typography-primary-font-size );line-height:var( --e-global-typography-primary-line-height );}.elementor-widget-text-editor{font-size:var( --e-global-typography-text-font-size );line-height:var( --e-global-typography-text-line-height );}}@media(max-width:767px){.elementor-widget-heading .elementor-heading-title{font-size:var( --e-global-typography-primary-font-size );line-height:var( --e-global-typography-primary-line-height );}.elementor-widget-text-editor{font-size:var( --e-global-typography-text-font-size );line-height:var( --e-global-typography-text-line-height );}}\/* Start custom CSS for container, class: .elementor-element-6c4a6ce *\/.elementor-1586 .elementor-element.elementor-element-6c4a6ce {background-size: cover; background-attachment: scroll; background-position: center center; background-repeat: no-repeat;}\/* End custom CSS *\/<\/style>\t\t<div data-elementor-type=\"loop-item\" data-elementor-id=\"1586\" class=\"elementor elementor-1586 e-loop-item e-loop-item-2622 post-2622 eventi type-eventi status-publish has-post-thumbnail hentry location-la-polveriera-spazio-comune\" data-elementor-post-type=\"elementor_library\" data-custom-edit-handle=\"1\">\n\t\t\t<div class=\"elementor-element elementor-element-a416cfe e-flex e-con-boxed e-con e-parent\" data-id=\"a416cfe\" data-element_type=\"container\" data-e-type=\"container\">\n\t\t\t\t\t<div class=\"e-con-inner\">\n\t\t<div class=\"elementor-element elementor-element-6c4a6ce e-con-full e-flex e-con e-child\" data-id=\"6c4a6ce\" data-element_type=\"container\" data-e-type=\"container\" data-settings=\"{&quot;background_background&quot;:&quot;classic&quot;}\">\n\t\t\t\t<div class=\"elementor-element elementor-element-37cb8f7 elementor-widget elementor-widget-heading\" data-id=\"37cb8f7\" data-element_type=\"widget\" data-e-type=\"widget\" data-widget_type=\"heading.default\">\n\t\t\t\t<div class=\"elementor-widget-container\">\n\t\t\t\t\t<h6 class=\"elementor-heading-title elementor-size-default\">Dom 19 Apr<\/h6>\t\t\t\t<\/div>\n\t\t\t\t<\/div>\n\t\t\t\t<\/div>\n\t\t<div class=\"elementor-element elementor-element-6568c42 e-con-full e-flex e-con e-child\" data-id=\"6568c42\" data-element_type=\"container\" data-e-type=\"container\" data-settings=\"{&quot;background_background&quot;:&quot;classic&quot;}\">\n\t\t\t\t<div class=\"elementor-element elementor-element-492cfb5 elementor-widget elementor-widget-heading\" data-id=\"492cfb5\" data-element_type=\"widget\" data-e-type=\"widget\" data-widget_type=\"heading.default\">\n\t\t\t\t<div class=\"elementor-widget-container\">\n\t\t\t\t\t<h6 class=\"elementor-heading-title elementor-size-default\">15:00<\/h6>\t\t\t\t<\/div>\n\t\t\t\t<\/div>\n\t\t\t\t<div class=\"elementor-element elementor-element-8775f98 elementor-widget elementor-widget-heading\" data-id=\"8775f98\" data-element_type=\"widget\" data-e-type=\"widget\" data-widget_type=\"heading.default\">\n\t\t\t\t<div class=\"elementor-widget-container\">\n\t\t\t\t\t<h4 class=\"elementor-heading-title elementor-size-default\">Invito al Terzo Cerchio della Venere con Pranzo e Docufilm<\/h4>\t\t\t\t<\/div>\n\t\t\t\t<\/div>\n\t\t\t\t<div class=\"elementor-element elementor-element-02afbe7 elementor-widget elementor-widget-text-editor\" data-id=\"02afbe7\" data-element_type=\"widget\" data-e-type=\"widget\" data-widget_type=\"text-editor.default\">\n\t\t\t\t<div class=\"elementor-widget-container\">\n\t\t\t\t\t\t\t\t\tLa cura come forza eversiva. La tenerezza come tattica politica. Il 19 aprile a La Polveriera apriamo insieme uno spazio per pensare \u2014 e per\t\t\t\t\t\t\t\t<\/div>\n\t\t\t\t<\/div>\n\t\t\t\t<div class=\"elementor-element elementor-element-92cccf9 elementor-align-center elementor-widget elementor-widget-button\" data-id=\"92cccf9\" data-element_type=\"widget\" data-e-type=\"widget\" data-widget_type=\"button.default\">\n\t\t\t\t<div class=\"elementor-widget-container\">\n\t\t\t\t\t\t\t\t\t<div class=\"elementor-button-wrapper\">\n\t\t\t\t\t<a class=\"elementor-button elementor-button-link elementor-size-sm elementor-animation-shrink\" href=\"https:\/\/venerala.org\/?eventi=terzo-cerchio-della-venere\">\n\t\t\t\t\t\t<span class=\"elementor-button-content-wrapper\">\n\t\t\t\t\t\t\t\t\t<span class=\"elementor-button-text\">approfondisci<\/span>\n\t\t\t\t\t<\/span>\n\t\t\t\t\t<\/a>\n\t\t\t\t<\/div>\n\t\t\t\t\t\t\t\t<\/div>\n\t\t\t\t<\/div>\n\t\t\t\t<\/div>\n\t\t\t\t\t<\/div>\n\t\t\t\t<\/div>\n\t\t\t\t<\/div>\n\t\t<style id=\"loop-dynamic-1586\">.e-loop-item-2616 .elementor-element.elementor-element-6c4a6ce:not(.elementor-motion-effects-element-type-background), .e-loop-item-2616 .elementor-element.elementor-element-6c4a6ce > .elementor-motion-effects-container > .elementor-motion-effects-layer{background-image:url(\"https:\/\/venerala.org\/wp-content\/uploads\/2026\/02\/cerchio-venere-15-febbraio2026.jpg\");}<\/style>\t\t<div data-elementor-type=\"loop-item\" data-elementor-id=\"1586\" class=\"elementor elementor-1586 e-loop-item e-loop-item-2616 post-2616 eventi type-eventi status-publish has-post-thumbnail hentry tipologia-cerchio-della-venere location-la-polveriera-spazio-comune\" data-elementor-post-type=\"elementor_library\" data-custom-edit-handle=\"1\">\n\t\t\t<div class=\"elementor-element elementor-element-a416cfe e-flex e-con-boxed e-con e-parent\" data-id=\"a416cfe\" data-element_type=\"container\" data-e-type=\"container\">\n\t\t\t\t\t<div class=\"e-con-inner\">\n\t\t<div class=\"elementor-element elementor-element-6c4a6ce e-con-full e-flex e-con e-child\" data-id=\"6c4a6ce\" data-element_type=\"container\" data-e-type=\"container\" data-settings=\"{&quot;background_background&quot;:&quot;classic&quot;}\">\n\t\t\t\t<div class=\"elementor-element elementor-element-7c3acaa elementor-widget elementor-widget-heading\" data-id=\"7c3acaa\" data-element_type=\"widget\" data-e-type=\"widget\" data-widget_type=\"heading.default\">\n\t\t\t\t<div class=\"elementor-widget-container\">\n\t\t\t\t\t<h6 class=\"elementor-heading-title elementor-size-default\"><a href=\"https:\/\/venerala.org\/?tipologia=cerchio-della-venere\" rel=\"tag\">cerchio della venere<\/a><\/h6>\t\t\t\t<\/div>\n\t\t\t\t<\/div>\n\t\t\t\t<div class=\"elementor-element elementor-element-37cb8f7 elementor-widget elementor-widget-heading\" data-id=\"37cb8f7\" data-element_type=\"widget\" data-e-type=\"widget\" data-widget_type=\"heading.default\">\n\t\t\t\t<div class=\"elementor-widget-container\">\n\t\t\t\t\t<h6 class=\"elementor-heading-title elementor-size-default\">Dom 15 Mar<\/h6>\t\t\t\t<\/div>\n\t\t\t\t<\/div>\n\t\t\t\t<\/div>\n\t\t<div class=\"elementor-element elementor-element-6568c42 e-con-full e-flex e-con e-child\" data-id=\"6568c42\" data-element_type=\"container\" data-e-type=\"container\" data-settings=\"{&quot;background_background&quot;:&quot;classic&quot;}\">\n\t\t\t\t<div class=\"elementor-element elementor-element-492cfb5 elementor-widget elementor-widget-heading\" data-id=\"492cfb5\" data-element_type=\"widget\" data-e-type=\"widget\" data-widget_type=\"heading.default\">\n\t\t\t\t<div class=\"elementor-widget-container\">\n\t\t\t\t\t<h6 class=\"elementor-heading-title elementor-size-default\">16:00<\/h6>\t\t\t\t<\/div>\n\t\t\t\t<\/div>\n\t\t\t\t<div class=\"elementor-element elementor-element-8775f98 elementor-widget elementor-widget-heading\" data-id=\"8775f98\" data-element_type=\"widget\" data-e-type=\"widget\" data-widget_type=\"heading.default\">\n\t\t\t\t<div class=\"elementor-widget-container\">\n\t\t\t\t\t<h4 class=\"elementor-heading-title elementor-size-default\">Invito al secondo Cerchio della Venere in Polveriera<\/h4>\t\t\t\t<\/div>\n\t\t\t\t<\/div>\n\t\t\t\t<div class=\"elementor-element elementor-element-02afbe7 elementor-widget elementor-widget-text-editor\" data-id=\"02afbe7\" data-element_type=\"widget\" data-e-type=\"widget\" data-widget_type=\"text-editor.default\">\n\t\t\t\t<div class=\"elementor-widget-container\">\n\t\t\t\t\t\t\t\t\tDopo aver raccolto parole, tensioni e domande attorno a impropriet\u00e0, cura, arte come relazione e diritto alla citt\u00e0, il prossimo passaggio sar\u00e0 interrogare in modo\t\t\t\t\t\t\t\t<\/div>\n\t\t\t\t<\/div>\n\t\t\t\t<div class=\"elementor-element elementor-element-92cccf9 elementor-align-center elementor-widget elementor-widget-button\" data-id=\"92cccf9\" data-element_type=\"widget\" data-e-type=\"widget\" data-widget_type=\"button.default\">\n\t\t\t\t<div class=\"elementor-widget-container\">\n\t\t\t\t\t\t\t\t\t<div class=\"elementor-button-wrapper\">\n\t\t\t\t\t<a class=\"elementor-button elementor-button-link elementor-size-sm elementor-animation-shrink\" href=\"https:\/\/venerala.org\/?eventi=invito-al-secondo-cerchio-della-venere-in-polveriera\">\n\t\t\t\t\t\t<span class=\"elementor-button-content-wrapper\">\n\t\t\t\t\t\t\t\t\t<span class=\"elementor-button-text\">approfondisci<\/span>\n\t\t\t\t\t<\/span>\n\t\t\t\t\t<\/a>\n\t\t\t\t<\/div>\n\t\t\t\t\t\t\t\t<\/div>\n\t\t\t\t<\/div>\n\t\t\t\t<\/div>\n\t\t\t\t\t<\/div>\n\t\t\t\t<\/div>\n\t\t\t\t<\/div>\n\t\t<style id=\"loop-dynamic-1586\">.e-loop-item-2564 .elementor-element.elementor-element-6c4a6ce:not(.elementor-motion-effects-element-type-background), .e-loop-item-2564 .elementor-element.elementor-element-6c4a6ce > .elementor-motion-effects-container > .elementor-motion-effects-layer{background-image:url(\"https:\/\/venerala.org\/wp-content\/uploads\/2026\/02\/pranzo.png\");}<\/style>\t\t<div data-elementor-type=\"loop-item\" data-elementor-id=\"1586\" class=\"elementor elementor-1586 e-loop-item e-loop-item-2564 post-2564 eventi type-eventi status-publish has-post-thumbnail hentry tipologia-pranzo location-la-polveriera-spazio-comune giorno-evento-carnevale-polveriera\" data-elementor-post-type=\"elementor_library\" data-custom-edit-handle=\"1\">\n\t\t\t<div class=\"elementor-element elementor-element-a416cfe e-flex e-con-boxed e-con e-parent\" data-id=\"a416cfe\" data-element_type=\"container\" data-e-type=\"container\">\n\t\t\t\t\t<div class=\"e-con-inner\">\n\t\t<div class=\"elementor-element elementor-element-6c4a6ce e-con-full e-flex e-con e-child\" data-id=\"6c4a6ce\" data-element_type=\"container\" data-e-type=\"container\" data-settings=\"{&quot;background_background&quot;:&quot;classic&quot;}\">\n\t\t\t\t<div class=\"elementor-element elementor-element-7c3acaa elementor-widget elementor-widget-heading\" data-id=\"7c3acaa\" data-element_type=\"widget\" data-e-type=\"widget\" data-widget_type=\"heading.default\">\n\t\t\t\t<div class=\"elementor-widget-container\">\n\t\t\t\t\t<h6 class=\"elementor-heading-title elementor-size-default\"><a href=\"https:\/\/venerala.org\/?tipologia=pranzo\" rel=\"tag\">pranzo<\/a><\/h6>\t\t\t\t<\/div>\n\t\t\t\t<\/div>\n\t\t\t\t<div class=\"elementor-element elementor-element-37cb8f7 elementor-widget elementor-widget-heading\" data-id=\"37cb8f7\" data-element_type=\"widget\" data-e-type=\"widget\" data-widget_type=\"heading.default\">\n\t\t\t\t<div class=\"elementor-widget-container\">\n\t\t\t\t\t<h6 class=\"elementor-heading-title elementor-size-default\">Dom 15 Feb<\/h6>\t\t\t\t<\/div>\n\t\t\t\t<\/div>\n\t\t\t\t<\/div>\n\t\t<div class=\"elementor-element elementor-element-6568c42 e-con-full e-flex e-con e-child\" data-id=\"6568c42\" data-element_type=\"container\" data-e-type=\"container\" data-settings=\"{&quot;background_background&quot;:&quot;classic&quot;}\">\n\t\t\t\t<div class=\"elementor-element elementor-element-492cfb5 elementor-widget elementor-widget-heading\" data-id=\"492cfb5\" data-element_type=\"widget\" data-e-type=\"widget\" data-widget_type=\"heading.default\">\n\t\t\t\t<div class=\"elementor-widget-container\">\n\t\t\t\t\t<h6 class=\"elementor-heading-title elementor-size-default\">12:00<\/h6>\t\t\t\t<\/div>\n\t\t\t\t<\/div>\n\t\t\t\t<div class=\"elementor-element elementor-element-8775f98 elementor-widget elementor-widget-heading\" data-id=\"8775f98\" data-element_type=\"widget\" data-e-type=\"widget\" data-widget_type=\"heading.default\">\n\t\t\t\t<div class=\"elementor-widget-container\">\n\t\t\t\t\t<h4 class=\"elementor-heading-title elementor-size-default\">Pranzo di Quartiere<\/h4>\t\t\t\t<\/div>\n\t\t\t\t<\/div>\n\t\t\t\t<div class=\"elementor-element elementor-element-02afbe7 elementor-widget elementor-widget-text-editor\" data-id=\"02afbe7\" data-element_type=\"widget\" data-e-type=\"widget\" data-widget_type=\"text-editor.default\">\n\t\t\t\t<div class=\"elementor-widget-container\">\n\t\t\t\t\t\t\t\t\tPranzo per il quartiere a prezzi popolari. Un momento per condividere, socializzare e conoscersi.\t\t\t\t\t\t\t\t<\/div>\n\t\t\t\t<\/div>\n\t\t\t\t<div class=\"elementor-element elementor-element-92cccf9 elementor-align-center elementor-widget elementor-widget-button\" data-id=\"92cccf9\" data-element_type=\"widget\" data-e-type=\"widget\" data-widget_type=\"button.default\">\n\t\t\t\t<div class=\"elementor-widget-container\">\n\t\t\t\t\t\t\t\t\t<div class=\"elementor-button-wrapper\">\n\t\t\t\t\t<a class=\"elementor-button elementor-button-link elementor-size-sm elementor-animation-shrink\" href=\"https:\/\/venerala.org\/?eventi=pranzo-di-quartiere\">\n\t\t\t\t\t\t<span class=\"elementor-button-content-wrapper\">\n\t\t\t\t\t\t\t\t\t<span class=\"elementor-button-text\">approfondisci<\/span>\n\t\t\t\t\t<\/span>\n\t\t\t\t\t<\/a>\n\t\t\t\t<\/div>\n\t\t\t\t\t\t\t\t<\/div>\n\t\t\t\t<\/div>\n\t\t\t\t<\/div>\n\t\t\t\t\t<\/div>\n\t\t\t\t<\/div>\n\t\t\t\t<\/div>\n\t\t<style id=\"loop-dynamic-1586\">.e-loop-item-2520 .elementor-element.elementor-element-6c4a6ce:not(.elementor-motion-effects-element-type-background), .e-loop-item-2520 .elementor-element.elementor-element-6c4a6ce > .elementor-motion-effects-container > .elementor-motion-effects-layer{background-image:url(\"https:\/\/venerala.org\/wp-content\/uploads\/2026\/02\/bioark.jpg\");}<\/style>\t\t<div data-elementor-type=\"loop-item\" data-elementor-id=\"1586\" class=\"elementor elementor-1586 e-loop-item e-loop-item-2520 post-2520 eventi type-eventi status-publish has-post-thumbnail hentry tipologia-workshop location-chiostro-di giorno-evento-carnevale-polveriera\" data-elementor-post-type=\"elementor_library\" data-custom-edit-handle=\"1\">\n\t\t\t<div class=\"elementor-element elementor-element-a416cfe e-flex e-con-boxed e-con e-parent\" data-id=\"a416cfe\" data-element_type=\"container\" data-e-type=\"container\">\n\t\t\t\t\t<div class=\"e-con-inner\">\n\t\t<div class=\"elementor-element elementor-element-6c4a6ce e-con-full e-flex e-con e-child\" data-id=\"6c4a6ce\" data-element_type=\"container\" data-e-type=\"container\" data-settings=\"{&quot;background_background&quot;:&quot;classic&quot;}\">\n\t\t\t\t<div class=\"elementor-element elementor-element-7c3acaa elementor-widget elementor-widget-heading\" data-id=\"7c3acaa\" data-element_type=\"widget\" data-e-type=\"widget\" data-widget_type=\"heading.default\">\n\t\t\t\t<div class=\"elementor-widget-container\">\n\t\t\t\t\t<h6 class=\"elementor-heading-title elementor-size-default\"><a href=\"https:\/\/venerala.org\/?tipologia=workshop\" rel=\"tag\">workshop<\/a><\/h6>\t\t\t\t<\/div>\n\t\t\t\t<\/div>\n\t\t\t\t<div class=\"elementor-element elementor-element-37cb8f7 elementor-widget elementor-widget-heading\" data-id=\"37cb8f7\" data-element_type=\"widget\" data-e-type=\"widget\" data-widget_type=\"heading.default\">\n\t\t\t\t<div class=\"elementor-widget-container\">\n\t\t\t\t\t<h6 class=\"elementor-heading-title elementor-size-default\">Dom 15 Feb<\/h6>\t\t\t\t<\/div>\n\t\t\t\t<\/div>\n\t\t\t\t<\/div>\n\t\t<div class=\"elementor-element elementor-element-6568c42 e-con-full e-flex e-con e-child\" data-id=\"6568c42\" data-element_type=\"container\" data-e-type=\"container\" data-settings=\"{&quot;background_background&quot;:&quot;classic&quot;}\">\n\t\t\t\t<div class=\"elementor-element elementor-element-492cfb5 elementor-widget elementor-widget-heading\" data-id=\"492cfb5\" data-element_type=\"widget\" data-e-type=\"widget\" data-widget_type=\"heading.default\">\n\t\t\t\t<div class=\"elementor-widget-container\">\n\t\t\t\t\t<h6 class=\"elementor-heading-title elementor-size-default\">12:00<\/h6>\t\t\t\t<\/div>\n\t\t\t\t<\/div>\n\t\t\t\t<div class=\"elementor-element elementor-element-8775f98 elementor-widget elementor-widget-heading\" data-id=\"8775f98\" data-element_type=\"widget\" data-e-type=\"widget\" data-widget_type=\"heading.default\">\n\t\t\t\t<div class=\"elementor-widget-container\">\n\t\t\t\t\t<h4 class=\"elementor-heading-title elementor-size-default\">workshop di bio-architettura<\/h4>\t\t\t\t<\/div>\n\t\t\t\t<\/div>\n\t\t\t\t<div class=\"elementor-element elementor-element-02afbe7 elementor-widget elementor-widget-text-editor\" data-id=\"02afbe7\" data-element_type=\"widget\" data-e-type=\"widget\" data-widget_type=\"text-editor.default\">\n\t\t\t\t<div class=\"elementor-widget-container\">\n\t\t\t\t\t\t\t\t\tCreeremo un laboratorio a cielo aperto, un modello di costruzione che come principio fondamentale rispetta la natura e le sue forme, lavoreremo principalmente con materiali\t\t\t\t\t\t\t\t<\/div>\n\t\t\t\t<\/div>\n\t\t\t\t<div class=\"elementor-element elementor-element-92cccf9 elementor-align-center elementor-widget elementor-widget-button\" data-id=\"92cccf9\" data-element_type=\"widget\" data-e-type=\"widget\" data-widget_type=\"button.default\">\n\t\t\t\t<div class=\"elementor-widget-container\">\n\t\t\t\t\t\t\t\t\t<div class=\"elementor-button-wrapper\">\n\t\t\t\t\t<a class=\"elementor-button elementor-button-link elementor-size-sm elementor-animation-shrink\" href=\"https:\/\/venerala.org\/?eventi=workshop-di-bio-architettura\">\n\t\t\t\t\t\t<span class=\"elementor-button-content-wrapper\">\n\t\t\t\t\t\t\t\t\t<span class=\"elementor-button-text\">approfondisci<\/span>\n\t\t\t\t\t<\/span>\n\t\t\t\t\t<\/a>\n\t\t\t\t<\/div>\n\t\t\t\t\t\t\t\t<\/div>\n\t\t\t\t<\/div>\n\t\t\t\t<\/div>\n\t\t\t\t\t<\/div>\n\t\t\t\t<\/div>\n\t\t\t\t<\/div>\n\t\t<style id=\"loop-dynamic-1586\">.e-loop-item-2578 .elementor-element.elementor-element-6c4a6ce:not(.elementor-motion-effects-element-type-background), .e-loop-item-2578 .elementor-element.elementor-element-6c4a6ce > .elementor-motion-effects-container > .elementor-motion-effects-layer{background-image:url(\"https:\/\/venerala.org\/wp-content\/uploads\/2026\/02\/mercato.jpg\");}<\/style>\t\t<div data-elementor-type=\"loop-item\" data-elementor-id=\"1586\" class=\"elementor elementor-1586 e-loop-item e-loop-item-2578 post-2578 eventi type-eventi status-publish has-post-thumbnail hentry location-chiostro giorno-evento-carnevale-polveriera\" data-elementor-post-type=\"elementor_library\" data-custom-edit-handle=\"1\">\n\t\t\t<div class=\"elementor-element elementor-element-a416cfe e-flex e-con-boxed e-con e-parent\" data-id=\"a416cfe\" data-element_type=\"container\" data-e-type=\"container\">\n\t\t\t\t\t<div class=\"e-con-inner\">\n\t\t<div class=\"elementor-element elementor-element-6c4a6ce e-con-full e-flex e-con e-child\" data-id=\"6c4a6ce\" data-element_type=\"container\" data-e-type=\"container\" data-settings=\"{&quot;background_background&quot;:&quot;classic&quot;}\">\n\t\t\t\t<div class=\"elementor-element elementor-element-37cb8f7 elementor-widget elementor-widget-heading\" data-id=\"37cb8f7\" data-element_type=\"widget\" data-e-type=\"widget\" data-widget_type=\"heading.default\">\n\t\t\t\t<div class=\"elementor-widget-container\">\n\t\t\t\t\t<h6 class=\"elementor-heading-title elementor-size-default\">Dom 15 Feb<\/h6>\t\t\t\t<\/div>\n\t\t\t\t<\/div>\n\t\t\t\t<\/div>\n\t\t<div class=\"elementor-element elementor-element-6568c42 e-con-full e-flex e-con e-child\" data-id=\"6568c42\" data-element_type=\"container\" data-e-type=\"container\" data-settings=\"{&quot;background_background&quot;:&quot;classic&quot;}\">\n\t\t\t\t<div class=\"elementor-element elementor-element-492cfb5 elementor-widget elementor-widget-heading\" data-id=\"492cfb5\" data-element_type=\"widget\" data-e-type=\"widget\" data-widget_type=\"heading.default\">\n\t\t\t\t<div class=\"elementor-widget-container\">\n\t\t\t\t\t<h6 class=\"elementor-heading-title elementor-size-default\">14:00<\/h6>\t\t\t\t<\/div>\n\t\t\t\t<\/div>\n\t\t\t\t<div class=\"elementor-element elementor-element-8775f98 elementor-widget elementor-widget-heading\" data-id=\"8775f98\" data-element_type=\"widget\" data-e-type=\"widget\" data-widget_type=\"heading.default\">\n\t\t\t\t<div class=\"elementor-widget-container\">\n\t\t\t\t\t<h4 class=\"elementor-heading-title elementor-size-default\">Mercatino di autoproduzioni<\/h4>\t\t\t\t<\/div>\n\t\t\t\t<\/div>\n\t\t\t\t<div class=\"elementor-element elementor-element-02afbe7 elementor-widget elementor-widget-text-editor\" data-id=\"02afbe7\" data-element_type=\"widget\" data-e-type=\"widget\" data-widget_type=\"text-editor.default\">\n\t\t\t\t<div class=\"elementor-widget-container\">\n\t\t\t\t\t\t\t\t\tOggetti d\u2019arte, zine, abbigliamento, ceramiche, illustrazioni, gioielli, accessori, ricami\t\t\t\t\t\t\t\t<\/div>\n\t\t\t\t<\/div>\n\t\t\t\t<div class=\"elementor-element elementor-element-92cccf9 elementor-align-center elementor-widget elementor-widget-button\" data-id=\"92cccf9\" data-element_type=\"widget\" data-e-type=\"widget\" data-widget_type=\"button.default\">\n\t\t\t\t<div class=\"elementor-widget-container\">\n\t\t\t\t\t\t\t\t\t<div class=\"elementor-button-wrapper\">\n\t\t\t\t\t<a class=\"elementor-button elementor-button-link elementor-size-sm elementor-animation-shrink\" href=\"https:\/\/venerala.org\/?eventi=mercatino-di-autoproduzioni\">\n\t\t\t\t\t\t<span class=\"elementor-button-content-wrapper\">\n\t\t\t\t\t\t\t\t\t<span class=\"elementor-button-text\">approfondisci<\/span>\n\t\t\t\t\t<\/span>\n\t\t\t\t\t<\/a>\n\t\t\t\t<\/div>\n\t\t\t\t\t\t\t\t<\/div>\n\t\t\t\t<\/div>\n\t\t\t\t<\/div>\n\t\t\t\t\t<\/div>\n\t\t\t\t<\/div>\n\t\t\t\t<\/div>\n\t\t<style id=\"loop-dynamic-1586\">.e-loop-item-2538 .elementor-element.elementor-element-6c4a6ce:not(.elementor-motion-effects-element-type-background), .e-loop-item-2538 .elementor-element.elementor-element-6c4a6ce > .elementor-motion-effects-container > .elementor-motion-effects-layer{background-image:url(\"https:\/\/venerala.org\/wp-content\/uploads\/2026\/02\/lab-mask.jpg\");}<\/style>\t\t<div data-elementor-type=\"loop-item\" data-elementor-id=\"1586\" class=\"elementor elementor-1586 e-loop-item e-loop-item-2538 post-2538 eventi type-eventi status-publish has-post-thumbnail hentry tipologia-workshop location-spazio-oblio giorno-evento-carnevale-polveriera\" data-elementor-post-type=\"elementor_library\" data-custom-edit-handle=\"1\">\n\t\t\t<div class=\"elementor-element elementor-element-a416cfe e-flex e-con-boxed e-con e-parent\" data-id=\"a416cfe\" data-element_type=\"container\" data-e-type=\"container\">\n\t\t\t\t\t<div class=\"e-con-inner\">\n\t\t<div class=\"elementor-element elementor-element-6c4a6ce e-con-full e-flex e-con e-child\" data-id=\"6c4a6ce\" data-element_type=\"container\" data-e-type=\"container\" data-settings=\"{&quot;background_background&quot;:&quot;classic&quot;}\">\n\t\t\t\t<div class=\"elementor-element elementor-element-7c3acaa elementor-widget elementor-widget-heading\" data-id=\"7c3acaa\" data-element_type=\"widget\" data-e-type=\"widget\" data-widget_type=\"heading.default\">\n\t\t\t\t<div class=\"elementor-widget-container\">\n\t\t\t\t\t<h6 class=\"elementor-heading-title elementor-size-default\"><a href=\"https:\/\/venerala.org\/?tipologia=workshop\" rel=\"tag\">workshop<\/a><\/h6>\t\t\t\t<\/div>\n\t\t\t\t<\/div>\n\t\t\t\t<div class=\"elementor-element elementor-element-37cb8f7 elementor-widget elementor-widget-heading\" data-id=\"37cb8f7\" data-element_type=\"widget\" data-e-type=\"widget\" data-widget_type=\"heading.default\">\n\t\t\t\t<div class=\"elementor-widget-container\">\n\t\t\t\t\t<h6 class=\"elementor-heading-title elementor-size-default\">Dom 15 Feb<\/h6>\t\t\t\t<\/div>\n\t\t\t\t<\/div>\n\t\t\t\t<\/div>\n\t\t<div class=\"elementor-element elementor-element-6568c42 e-con-full e-flex e-con e-child\" data-id=\"6568c42\" data-element_type=\"container\" data-e-type=\"container\" data-settings=\"{&quot;background_background&quot;:&quot;classic&quot;}\">\n\t\t\t\t<div class=\"elementor-element elementor-element-492cfb5 elementor-widget elementor-widget-heading\" data-id=\"492cfb5\" data-element_type=\"widget\" data-e-type=\"widget\" data-widget_type=\"heading.default\">\n\t\t\t\t<div class=\"elementor-widget-container\">\n\t\t\t\t\t<h6 class=\"elementor-heading-title elementor-size-default\">15:00<\/h6>\t\t\t\t<\/div>\n\t\t\t\t<\/div>\n\t\t\t\t<div class=\"elementor-element elementor-element-8775f98 elementor-widget elementor-widget-heading\" data-id=\"8775f98\" data-element_type=\"widget\" data-e-type=\"widget\" data-widget_type=\"heading.default\">\n\t\t\t\t<div class=\"elementor-widget-container\">\n\t\t\t\t\t<h4 class=\"elementor-heading-title elementor-size-default\">Moltiplicare Visioni<\/h4>\t\t\t\t<\/div>\n\t\t\t\t<\/div>\n\t\t\t\t<div class=\"elementor-element elementor-element-02afbe7 elementor-widget elementor-widget-text-editor\" data-id=\"02afbe7\" data-element_type=\"widget\" data-e-type=\"widget\" data-widget_type=\"text-editor.default\">\n\t\t\t\t<div class=\"elementor-widget-container\">\n\t\t\t\t\t\t\t\t\tUn laboratorio di creazione collettiva a partire da materiali semplici e di recupero.\t\t\t\t\t\t\t\t<\/div>\n\t\t\t\t<\/div>\n\t\t\t\t<div class=\"elementor-element elementor-element-92cccf9 elementor-align-center elementor-widget elementor-widget-button\" data-id=\"92cccf9\" data-element_type=\"widget\" data-e-type=\"widget\" data-widget_type=\"button.default\">\n\t\t\t\t<div class=\"elementor-widget-container\">\n\t\t\t\t\t\t\t\t\t<div class=\"elementor-button-wrapper\">\n\t\t\t\t\t<a class=\"elementor-button elementor-button-link elementor-size-sm elementor-animation-shrink\" href=\"https:\/\/venerala.org\/?eventi=moltiplicare-visioni\">\n\t\t\t\t\t\t<span class=\"elementor-button-content-wrapper\">\n\t\t\t\t\t\t\t\t\t<span class=\"elementor-button-text\">approfondisci<\/span>\n\t\t\t\t\t<\/span>\n\t\t\t\t\t<\/a>\n\t\t\t\t<\/div>\n\t\t\t\t\t\t\t\t<\/div>\n\t\t\t\t<\/div>\n\t\t\t\t<\/div>\n\t\t\t\t\t<\/div>\n\t\t\t\t<\/div>\n\t\t\t\t<\/div>\n\t\t<style id=\"loop-dynamic-1586\">.e-loop-item-2537 .elementor-element.elementor-element-6c4a6ce:not(.elementor-motion-effects-element-type-background), .e-loop-item-2537 .elementor-element.elementor-element-6c4a6ce > .elementor-motion-effects-container > .elementor-motion-effects-layer{background-image:url(\"https:\/\/venerala.org\/wp-content\/uploads\/2026\/02\/photo_5782852965474438354_y.jpg\");}<\/style>\t\t<div data-elementor-type=\"loop-item\" data-elementor-id=\"1586\" class=\"elementor elementor-1586 e-loop-item e-loop-item-2537 post-2537 eventi type-eventi status-publish has-post-thumbnail hentry tipologia-cerchio-della-venere location-la-polveriera-spazio-comune location-spazio-concerti giorno-evento-carnevale-polveriera\" data-elementor-post-type=\"elementor_library\" data-custom-edit-handle=\"1\">\n\t\t\t<div class=\"elementor-element elementor-element-a416cfe e-flex e-con-boxed e-con e-parent\" data-id=\"a416cfe\" data-element_type=\"container\" data-e-type=\"container\">\n\t\t\t\t\t<div class=\"e-con-inner\">\n\t\t<div class=\"elementor-element elementor-element-6c4a6ce e-con-full e-flex e-con e-child\" data-id=\"6c4a6ce\" data-element_type=\"container\" data-e-type=\"container\" data-settings=\"{&quot;background_background&quot;:&quot;classic&quot;}\">\n\t\t\t\t<div class=\"elementor-element elementor-element-7c3acaa elementor-widget elementor-widget-heading\" data-id=\"7c3acaa\" data-element_type=\"widget\" data-e-type=\"widget\" data-widget_type=\"heading.default\">\n\t\t\t\t<div class=\"elementor-widget-container\">\n\t\t\t\t\t<h6 class=\"elementor-heading-title elementor-size-default\"><a href=\"https:\/\/venerala.org\/?tipologia=cerchio-della-venere\" rel=\"tag\">cerchio della venere<\/a><\/h6>\t\t\t\t<\/div>\n\t\t\t\t<\/div>\n\t\t\t\t<div class=\"elementor-element elementor-element-37cb8f7 elementor-widget elementor-widget-heading\" data-id=\"37cb8f7\" data-element_type=\"widget\" data-e-type=\"widget\" data-widget_type=\"heading.default\">\n\t\t\t\t<div class=\"elementor-widget-container\">\n\t\t\t\t\t<h6 class=\"elementor-heading-title elementor-size-default\">Dom 15 Feb<\/h6>\t\t\t\t<\/div>\n\t\t\t\t<\/div>\n\t\t\t\t<\/div>\n\t\t<div class=\"elementor-element elementor-element-6568c42 e-con-full e-flex e-con e-child\" data-id=\"6568c42\" data-element_type=\"container\" data-e-type=\"container\" data-settings=\"{&quot;background_background&quot;:&quot;classic&quot;}\">\n\t\t\t\t<div class=\"elementor-element elementor-element-492cfb5 elementor-widget elementor-widget-heading\" data-id=\"492cfb5\" data-element_type=\"widget\" data-e-type=\"widget\" data-widget_type=\"heading.default\">\n\t\t\t\t<div class=\"elementor-widget-container\">\n\t\t\t\t\t<h6 class=\"elementor-heading-title elementor-size-default\">16:00<\/h6>\t\t\t\t<\/div>\n\t\t\t\t<\/div>\n\t\t\t\t<div class=\"elementor-element elementor-element-8775f98 elementor-widget elementor-widget-heading\" data-id=\"8775f98\" data-element_type=\"widget\" data-e-type=\"widget\" data-widget_type=\"heading.default\">\n\t\t\t\t<div class=\"elementor-widget-container\">\n\t\t\t\t\t<h4 class=\"elementor-heading-title elementor-size-default\">invito al cerchio della venere<\/h4>\t\t\t\t<\/div>\n\t\t\t\t<\/div>\n\t\t\t\t<div class=\"elementor-element elementor-element-02afbe7 elementor-widget elementor-widget-text-editor\" data-id=\"02afbe7\" data-element_type=\"widget\" data-e-type=\"widget\" data-widget_type=\"text-editor.default\">\n\t\t\t\t<div class=\"elementor-widget-container\">\n\t\t\t\t\t\t\t\t\tQuesto cerchio \u00e8 una chiamata aperta a chi sente la necessit\u00e0 di nuove convergenze, di nuove forme di resistenza, di una socialit\u00e0 libera dalle logiche\t\t\t\t\t\t\t\t<\/div>\n\t\t\t\t<\/div>\n\t\t\t\t<div class=\"elementor-element elementor-element-92cccf9 elementor-align-center elementor-widget elementor-widget-button\" data-id=\"92cccf9\" data-element_type=\"widget\" data-e-type=\"widget\" data-widget_type=\"button.default\">\n\t\t\t\t<div class=\"elementor-widget-container\">\n\t\t\t\t\t\t\t\t\t<div class=\"elementor-button-wrapper\">\n\t\t\t\t\t<a class=\"elementor-button elementor-button-link elementor-size-sm elementor-animation-shrink\" href=\"https:\/\/venerala.org\/?eventi=invito-al-cerchio-della-venere\">\n\t\t\t\t\t\t<span class=\"elementor-button-content-wrapper\">\n\t\t\t\t\t\t\t\t\t<span class=\"elementor-button-text\">approfondisci<\/span>\n\t\t\t\t\t<\/span>\n\t\t\t\t\t<\/a>\n\t\t\t\t<\/div>\n\t\t\t\t\t\t\t\t<\/div>\n\t\t\t\t<\/div>\n\t\t\t\t<\/div>\n\t\t\t\t\t<\/div>\n\t\t\t\t<\/div>\n\t\t\t\t<\/div>\n\t\t<style id=\"loop-dynamic-1586\">.e-loop-item-2568 .elementor-element.elementor-element-6c4a6ce:not(.elementor-motion-effects-element-type-background), .e-loop-item-2568 .elementor-element.elementor-element-6c4a6ce > .elementor-motion-effects-container > .elementor-motion-effects-layer{background-image:url(\"https:\/\/venerala.org\/wp-content\/uploads\/2026\/02\/pezzettino.jpg\");}<\/style>\t\t<div data-elementor-type=\"loop-item\" data-elementor-id=\"1586\" class=\"elementor elementor-1586 e-loop-item e-loop-item-2568 post-2568 eventi type-eventi status-publish has-post-thumbnail hentry tipologia-lettura-per-bimb tipologia-workshop location-palestra-della-polveriera giorno-evento-carnevale-polveriera\" data-elementor-post-type=\"elementor_library\" data-custom-edit-handle=\"1\">\n\t\t\t<div class=\"elementor-element elementor-element-a416cfe e-flex e-con-boxed e-con e-parent\" data-id=\"a416cfe\" data-element_type=\"container\" data-e-type=\"container\">\n\t\t\t\t\t<div class=\"e-con-inner\">\n\t\t<div class=\"elementor-element elementor-element-6c4a6ce e-con-full e-flex e-con e-child\" data-id=\"6c4a6ce\" data-element_type=\"container\" data-e-type=\"container\" data-settings=\"{&quot;background_background&quot;:&quot;classic&quot;}\">\n\t\t\t\t<div class=\"elementor-element elementor-element-7c3acaa elementor-widget elementor-widget-heading\" data-id=\"7c3acaa\" data-element_type=\"widget\" data-e-type=\"widget\" data-widget_type=\"heading.default\">\n\t\t\t\t<div class=\"elementor-widget-container\">\n\t\t\t\t\t<h6 class=\"elementor-heading-title elementor-size-default\"><a href=\"https:\/\/venerala.org\/?tipologia=lettura-per-bimb%c9%99\" rel=\"tag\">lettura per bimb\u0259<\/a>, <a href=\"https:\/\/venerala.org\/?tipologia=workshop\" rel=\"tag\">workshop<\/a><\/h6>\t\t\t\t<\/div>\n\t\t\t\t<\/div>\n\t\t\t\t<div class=\"elementor-element elementor-element-37cb8f7 elementor-widget elementor-widget-heading\" data-id=\"37cb8f7\" data-element_type=\"widget\" data-e-type=\"widget\" data-widget_type=\"heading.default\">\n\t\t\t\t<div class=\"elementor-widget-container\">\n\t\t\t\t\t<h6 class=\"elementor-heading-title elementor-size-default\">Dom 15 Feb<\/h6>\t\t\t\t<\/div>\n\t\t\t\t<\/div>\n\t\t\t\t<\/div>\n\t\t<div class=\"elementor-element elementor-element-6568c42 e-con-full e-flex e-con e-child\" data-id=\"6568c42\" data-element_type=\"container\" data-e-type=\"container\" data-settings=\"{&quot;background_background&quot;:&quot;classic&quot;}\">\n\t\t\t\t<div class=\"elementor-element elementor-element-492cfb5 elementor-widget elementor-widget-heading\" data-id=\"492cfb5\" data-element_type=\"widget\" data-e-type=\"widget\" data-widget_type=\"heading.default\">\n\t\t\t\t<div class=\"elementor-widget-container\">\n\t\t\t\t\t<h6 class=\"elementor-heading-title elementor-size-default\">16:00<\/h6>\t\t\t\t<\/div>\n\t\t\t\t<\/div>\n\t\t\t\t<div class=\"elementor-element elementor-element-8775f98 elementor-widget elementor-widget-heading\" data-id=\"8775f98\" data-element_type=\"widget\" data-e-type=\"widget\" data-widget_type=\"heading.default\">\n\t\t\t\t<div class=\"elementor-widget-container\">\n\t\t\t\t\t<h4 class=\"elementor-heading-title elementor-size-default\">Pezzettino \u2013 Io sono tutto intero!<\/h4>\t\t\t\t<\/div>\n\t\t\t\t<\/div>\n\t\t\t\t<div class=\"elementor-element elementor-element-02afbe7 elementor-widget elementor-widget-text-editor\" data-id=\"02afbe7\" data-element_type=\"widget\" data-e-type=\"widget\" data-widget_type=\"text-editor.default\">\n\t\t\t\t<div class=\"elementor-widget-container\">\n\t\t\t\t\t\t\t\t\tUn laboratorio dedicato a bambini e bambine in cui, attraverso la magia e la giocosit\u00e0 del Carnevale, creeremo utilizzando pezzettini di carta e\/o stoffa.\t\t\t\t\t\t\t\t<\/div>\n\t\t\t\t<\/div>\n\t\t\t\t<div class=\"elementor-element elementor-element-92cccf9 elementor-align-center elementor-widget elementor-widget-button\" data-id=\"92cccf9\" data-element_type=\"widget\" data-e-type=\"widget\" data-widget_type=\"button.default\">\n\t\t\t\t<div class=\"elementor-widget-container\">\n\t\t\t\t\t\t\t\t\t<div class=\"elementor-button-wrapper\">\n\t\t\t\t\t<a class=\"elementor-button elementor-button-link elementor-size-sm elementor-animation-shrink\" href=\"https:\/\/venerala.org\/?eventi=pezzettino-io-sono-tutto-intero\">\n\t\t\t\t\t\t<span class=\"elementor-button-content-wrapper\">\n\t\t\t\t\t\t\t\t\t<span class=\"elementor-button-text\">approfondisci<\/span>\n\t\t\t\t\t<\/span>\n\t\t\t\t\t<\/a>\n\t\t\t\t<\/div>\n\t\t\t\t\t\t\t\t<\/div>\n\t\t\t\t<\/div>\n\t\t\t\t<\/div>\n\t\t\t\t\t<\/div>\n\t\t\t\t<\/div>\n\t\t\t\t<\/div>\n\t\t<style id=\"loop-dynamic-1586\">.e-loop-item-2542 .elementor-element.elementor-element-6c4a6ce:not(.elementor-motion-effects-element-type-background), .e-loop-item-2542 .elementor-element.elementor-element-6c4a6ce > .elementor-motion-effects-container > .elementor-motion-effects-layer{background-image:url(\"https:\/\/venerala.org\/wp-content\/uploads\/2026\/02\/zine.jpg\");}<\/style>\t\t<div data-elementor-type=\"loop-item\" data-elementor-id=\"1586\" class=\"elementor elementor-1586 e-loop-item e-loop-item-2542 post-2542 eventi type-eventi status-publish has-post-thumbnail hentry tipologia-workshop location-chiostro giorno-evento-carnevale-polveriera\" data-elementor-post-type=\"elementor_library\" data-custom-edit-handle=\"1\">\n\t\t\t<div class=\"elementor-element elementor-element-a416cfe e-flex e-con-boxed e-con e-parent\" data-id=\"a416cfe\" data-element_type=\"container\" data-e-type=\"container\">\n\t\t\t\t\t<div class=\"e-con-inner\">\n\t\t<div class=\"elementor-element elementor-element-6c4a6ce e-con-full e-flex e-con e-child\" data-id=\"6c4a6ce\" data-element_type=\"container\" data-e-type=\"container\" data-settings=\"{&quot;background_background&quot;:&quot;classic&quot;}\">\n\t\t\t\t<div class=\"elementor-element elementor-element-7c3acaa elementor-widget elementor-widget-heading\" data-id=\"7c3acaa\" data-element_type=\"widget\" data-e-type=\"widget\" data-widget_type=\"heading.default\">\n\t\t\t\t<div class=\"elementor-widget-container\">\n\t\t\t\t\t<h6 class=\"elementor-heading-title elementor-size-default\"><a href=\"https:\/\/venerala.org\/?tipologia=workshop\" rel=\"tag\">workshop<\/a><\/h6>\t\t\t\t<\/div>\n\t\t\t\t<\/div>\n\t\t\t\t<div class=\"elementor-element elementor-element-37cb8f7 elementor-widget elementor-widget-heading\" data-id=\"37cb8f7\" data-element_type=\"widget\" data-e-type=\"widget\" data-widget_type=\"heading.default\">\n\t\t\t\t<div class=\"elementor-widget-container\">\n\t\t\t\t\t<h6 class=\"elementor-heading-title elementor-size-default\">Dom 15 Feb<\/h6>\t\t\t\t<\/div>\n\t\t\t\t<\/div>\n\t\t\t\t<\/div>\n\t\t<div class=\"elementor-element elementor-element-6568c42 e-con-full e-flex e-con e-child\" data-id=\"6568c42\" data-element_type=\"container\" data-e-type=\"container\" data-settings=\"{&quot;background_background&quot;:&quot;classic&quot;}\">\n\t\t\t\t<div class=\"elementor-element elementor-element-492cfb5 elementor-widget elementor-widget-heading\" data-id=\"492cfb5\" data-element_type=\"widget\" data-e-type=\"widget\" data-widget_type=\"heading.default\">\n\t\t\t\t<div class=\"elementor-widget-container\">\n\t\t\t\t\t<h6 class=\"elementor-heading-title elementor-size-default\">19:00<\/h6>\t\t\t\t<\/div>\n\t\t\t\t<\/div>\n\t\t\t\t<div class=\"elementor-element elementor-element-8775f98 elementor-widget elementor-widget-heading\" data-id=\"8775f98\" data-element_type=\"widget\" data-e-type=\"widget\" data-widget_type=\"heading.default\">\n\t\t\t\t<div class=\"elementor-widget-container\">\n\t\t\t\t\t<h4 class=\"elementor-heading-title elementor-size-default\">Laboratoria di autoproduzione di zine polverose<\/h4>\t\t\t\t<\/div>\n\t\t\t\t<\/div>\n\t\t\t\t<div class=\"elementor-element elementor-element-02afbe7 elementor-widget elementor-widget-text-editor\" data-id=\"02afbe7\" data-element_type=\"widget\" data-e-type=\"widget\" data-widget_type=\"text-editor.default\">\n\t\t\t\t<div class=\"elementor-widget-container\">\n\t\t\t\t\t\t\t\t\tCreeremo un laboratorio a cielo aperto, un modello di costruzione che come principio fondamentale rispetta la natura e le sue forme, lavoreremo principalmente con materiali\t\t\t\t\t\t\t\t<\/div>\n\t\t\t\t<\/div>\n\t\t\t\t<div class=\"elementor-element elementor-element-92cccf9 elementor-align-center elementor-widget elementor-widget-button\" data-id=\"92cccf9\" data-element_type=\"widget\" data-e-type=\"widget\" data-widget_type=\"button.default\">\n\t\t\t\t<div class=\"elementor-widget-container\">\n\t\t\t\t\t\t\t\t\t<div class=\"elementor-button-wrapper\">\n\t\t\t\t\t<a class=\"elementor-button elementor-button-link elementor-size-sm elementor-animation-shrink\" href=\"https:\/\/venerala.org\/?eventi=laboratoria-di-autoproduzione-di-zine-polverose\">\n\t\t\t\t\t\t<span class=\"elementor-button-content-wrapper\">\n\t\t\t\t\t\t\t\t\t<span class=\"elementor-button-text\">approfondisci<\/span>\n\t\t\t\t\t<\/span>\n\t\t\t\t\t<\/a>\n\t\t\t\t<\/div>\n\t\t\t\t\t\t\t\t<\/div>\n\t\t\t\t<\/div>\n\t\t\t\t<\/div>\n\t\t\t\t\t<\/div>\n\t\t\t\t<\/div>\n\t\t\t\t<\/div>\n\t\t<style id=\"loop-dynamic-1586\">.e-loop-item-2546 .elementor-element.elementor-element-6c4a6ce:not(.elementor-motion-effects-element-type-background), .e-loop-item-2546 .elementor-element.elementor-element-6c4a6ce > .elementor-motion-effects-container > .elementor-motion-effects-layer{background-image:url(\"https:\/\/venerala.org\/wp-content\/uploads\/2026\/02\/photo_2026-02-07_21-03-08.jpg\");}<\/style>\t\t<div data-elementor-type=\"loop-item\" data-elementor-id=\"1586\" class=\"elementor elementor-1586 e-loop-item e-loop-item-2546 post-2546 eventi type-eventi status-publish has-post-thumbnail hentry tipologia-talk location-chiostro giorno-evento-carnevale-polveriera\" data-elementor-post-type=\"elementor_library\" data-custom-edit-handle=\"1\">\n\t\t\t<div class=\"elementor-element elementor-element-a416cfe e-flex e-con-boxed e-con e-parent\" data-id=\"a416cfe\" data-element_type=\"container\" data-e-type=\"container\">\n\t\t\t\t\t<div class=\"e-con-inner\">\n\t\t<div class=\"elementor-element elementor-element-6c4a6ce e-con-full e-flex e-con e-child\" data-id=\"6c4a6ce\" data-element_type=\"container\" data-e-type=\"container\" data-settings=\"{&quot;background_background&quot;:&quot;classic&quot;}\">\n\t\t\t\t<div class=\"elementor-element elementor-element-7c3acaa elementor-widget elementor-widget-heading\" data-id=\"7c3acaa\" data-element_type=\"widget\" data-e-type=\"widget\" data-widget_type=\"heading.default\">\n\t\t\t\t<div class=\"elementor-widget-container\">\n\t\t\t\t\t<h6 class=\"elementor-heading-title elementor-size-default\"><a href=\"https:\/\/venerala.org\/?tipologia=talk\" rel=\"tag\">talk<\/a><\/h6>\t\t\t\t<\/div>\n\t\t\t\t<\/div>\n\t\t\t\t<div class=\"elementor-element elementor-element-37cb8f7 elementor-widget elementor-widget-heading\" data-id=\"37cb8f7\" data-element_type=\"widget\" data-e-type=\"widget\" data-widget_type=\"heading.default\">\n\t\t\t\t<div class=\"elementor-widget-container\">\n\t\t\t\t\t<h6 class=\"elementor-heading-title elementor-size-default\">Dom 15 Feb<\/h6>\t\t\t\t<\/div>\n\t\t\t\t<\/div>\n\t\t\t\t<\/div>\n\t\t<div class=\"elementor-element elementor-element-6568c42 e-con-full e-flex e-con e-child\" data-id=\"6568c42\" data-element_type=\"container\" data-e-type=\"container\" data-settings=\"{&quot;background_background&quot;:&quot;classic&quot;}\">\n\t\t\t\t<div class=\"elementor-element elementor-element-492cfb5 elementor-widget elementor-widget-heading\" data-id=\"492cfb5\" data-element_type=\"widget\" data-e-type=\"widget\" data-widget_type=\"heading.default\">\n\t\t\t\t<div class=\"elementor-widget-container\">\n\t\t\t\t\t<h6 class=\"elementor-heading-title elementor-size-default\">20:00<\/h6>\t\t\t\t<\/div>\n\t\t\t\t<\/div>\n\t\t\t\t<div class=\"elementor-element elementor-element-8775f98 elementor-widget elementor-widget-heading\" data-id=\"8775f98\" data-element_type=\"widget\" data-e-type=\"widget\" data-widget_type=\"heading.default\">\n\t\t\t\t<div class=\"elementor-widget-container\">\n\t\t\t\t\t<h4 class=\"elementor-heading-title elementor-size-default\">FUOCO!<\/h4>\t\t\t\t<\/div>\n\t\t\t\t<\/div>\n\t\t\t\t<div class=\"elementor-element elementor-element-02afbe7 elementor-widget elementor-widget-text-editor\" data-id=\"02afbe7\" data-element_type=\"widget\" data-e-type=\"widget\" data-widget_type=\"text-editor.default\">\n\t\t\t\t<div class=\"elementor-widget-container\">\n\t\t\t\t\t\t\t\t\tesploriamo attraverso parole e corpo le svariate forme dell&#8217;energia Fuoco che caratterizzer\u00e0 il 2026\t\t\t\t\t\t\t\t<\/div>\n\t\t\t\t<\/div>\n\t\t\t\t<div class=\"elementor-element elementor-element-92cccf9 elementor-align-center elementor-widget elementor-widget-button\" data-id=\"92cccf9\" data-element_type=\"widget\" data-e-type=\"widget\" data-widget_type=\"button.default\">\n\t\t\t\t<div class=\"elementor-widget-container\">\n\t\t\t\t\t\t\t\t\t<div class=\"elementor-button-wrapper\">\n\t\t\t\t\t<a class=\"elementor-button elementor-button-link elementor-size-sm elementor-animation-shrink\" href=\"https:\/\/venerala.org\/?eventi=la-botta-del-cielo\">\n\t\t\t\t\t\t<span class=\"elementor-button-content-wrapper\">\n\t\t\t\t\t\t\t\t\t<span class=\"elementor-button-text\">approfondisci<\/span>\n\t\t\t\t\t<\/span>\n\t\t\t\t\t<\/a>\n\t\t\t\t<\/div>\n\t\t\t\t\t\t\t\t<\/div>\n\t\t\t\t<\/div>\n\t\t\t\t<\/div>\n\t\t\t\t\t<\/div>\n\t\t\t\t<\/div>\n\t\t\t\t<\/div>\n\t\t<style id=\"loop-dynamic-1586\">.e-loop-item-2521 .elementor-element.elementor-element-6c4a6ce:not(.elementor-motion-effects-element-type-background), .e-loop-item-2521 .elementor-element.elementor-element-6c4a6ce > .elementor-motion-effects-container > .elementor-motion-effects-layer{background-image:url(\"https:\/\/venerala.org\/wp-content\/uploads\/2026\/02\/oscen3.jpg\");}<\/style>\t\t<div data-elementor-type=\"loop-item\" data-elementor-id=\"1586\" class=\"elementor elementor-1586 e-loop-item e-loop-item-2521 post-2521 eventi type-eventi status-publish has-post-thumbnail hentry tipologia-workshop location-palestra-della-polveriera giorno-evento-carnevale-polveriera\" data-elementor-post-type=\"elementor_library\" data-custom-edit-handle=\"1\">\n\t\t\t<div class=\"elementor-element elementor-element-a416cfe e-flex e-con-boxed e-con e-parent\" data-id=\"a416cfe\" data-element_type=\"container\" data-e-type=\"container\">\n\t\t\t\t\t<div class=\"e-con-inner\">\n\t\t<div class=\"elementor-element elementor-element-6c4a6ce e-con-full e-flex e-con e-child\" data-id=\"6c4a6ce\" data-element_type=\"container\" data-e-type=\"container\" data-settings=\"{&quot;background_background&quot;:&quot;classic&quot;}\">\n\t\t\t\t<div class=\"elementor-element elementor-element-7c3acaa elementor-widget elementor-widget-heading\" data-id=\"7c3acaa\" data-element_type=\"widget\" data-e-type=\"widget\" data-widget_type=\"heading.default\">\n\t\t\t\t<div class=\"elementor-widget-container\">\n\t\t\t\t\t<h6 class=\"elementor-heading-title elementor-size-default\"><a href=\"https:\/\/venerala.org\/?tipologia=workshop\" rel=\"tag\">workshop<\/a><\/h6>\t\t\t\t<\/div>\n\t\t\t\t<\/div>\n\t\t\t\t<div class=\"elementor-element elementor-element-37cb8f7 elementor-widget elementor-widget-heading\" data-id=\"37cb8f7\" data-element_type=\"widget\" data-e-type=\"widget\" data-widget_type=\"heading.default\">\n\t\t\t\t<div class=\"elementor-widget-container\">\n\t\t\t\t\t<h6 class=\"elementor-heading-title elementor-size-default\">Lun 16 Feb<\/h6>\t\t\t\t<\/div>\n\t\t\t\t<\/div>\n\t\t\t\t<\/div>\n\t\t<div class=\"elementor-element elementor-element-6568c42 e-con-full e-flex e-con e-child\" data-id=\"6568c42\" data-element_type=\"container\" data-e-type=\"container\" data-settings=\"{&quot;background_background&quot;:&quot;classic&quot;}\">\n\t\t\t\t<div class=\"elementor-element elementor-element-492cfb5 elementor-widget elementor-widget-heading\" data-id=\"492cfb5\" data-element_type=\"widget\" data-e-type=\"widget\" data-widget_type=\"heading.default\">\n\t\t\t\t<div class=\"elementor-widget-container\">\n\t\t\t\t\t<h6 class=\"elementor-heading-title elementor-size-default\">16:00<\/h6>\t\t\t\t<\/div>\n\t\t\t\t<\/div>\n\t\t\t\t<div class=\"elementor-element elementor-element-8775f98 elementor-widget elementor-widget-heading\" data-id=\"8775f98\" data-element_type=\"widget\" data-e-type=\"widget\" data-widget_type=\"heading.default\">\n\t\t\t\t<div class=\"elementor-widget-container\">\n\t\t\t\t\t<h4 class=\"elementor-heading-title elementor-size-default\">O.SCEN3<\/h4>\t\t\t\t<\/div>\n\t\t\t\t<\/div>\n\t\t\t\t<div class=\"elementor-element elementor-element-02afbe7 elementor-widget elementor-widget-text-editor\" data-id=\"02afbe7\" data-element_type=\"widget\" data-e-type=\"widget\" data-widget_type=\"text-editor.default\">\n\t\t\t\t<div class=\"elementor-widget-container\">\n\t\t\t\t\t\t\t\t\tUn laboratorio di movimento per ricordarci la libert\u00e0, il contatto, la connessione con s\u00e9 e le altr3.\t\t\t\t\t\t\t\t<\/div>\n\t\t\t\t<\/div>\n\t\t\t\t<div class=\"elementor-element elementor-element-92cccf9 elementor-align-center elementor-widget elementor-widget-button\" data-id=\"92cccf9\" data-element_type=\"widget\" data-e-type=\"widget\" data-widget_type=\"button.default\">\n\t\t\t\t<div class=\"elementor-widget-container\">\n\t\t\t\t\t\t\t\t\t<div class=\"elementor-button-wrapper\">\n\t\t\t\t\t<a class=\"elementor-button elementor-button-link elementor-size-sm elementor-animation-shrink\" href=\"https:\/\/venerala.org\/?eventi=o-scen3\">\n\t\t\t\t\t\t<span class=\"elementor-button-content-wrapper\">\n\t\t\t\t\t\t\t\t\t<span class=\"elementor-button-text\">approfondisci<\/span>\n\t\t\t\t\t<\/span>\n\t\t\t\t\t<\/a>\n\t\t\t\t<\/div>\n\t\t\t\t\t\t\t\t<\/div>\n\t\t\t\t<\/div>\n\t\t\t\t<\/div>\n\t\t\t\t\t<\/div>\n\t\t\t\t<\/div>\n\t\t\t\t<\/div>\n\t\t<style id=\"loop-dynamic-1586\">.e-loop-item-2550 .elementor-element.elementor-element-6c4a6ce:not(.elementor-motion-effects-element-type-background), .e-loop-item-2550 .elementor-element.elementor-element-6c4a6ce > .elementor-motion-effects-container > .elementor-motion-effects-layer{background-image:url(\"https:\/\/venerala.org\/wp-content\/uploads\/2026\/02\/photo_2026-02-08_15-23-05.jpg\");}<\/style>\t\t<div data-elementor-type=\"loop-item\" data-elementor-id=\"1586\" class=\"elementor elementor-1586 e-loop-item e-loop-item-2550 post-2550 eventi type-eventi status-publish has-post-thumbnail hentry tipologia-workshop location-la-polveriera-spazio-comune giorno-evento-carnevale-polveriera\" data-elementor-post-type=\"elementor_library\" data-custom-edit-handle=\"1\">\n\t\t\t<div class=\"elementor-element elementor-element-a416cfe e-flex e-con-boxed e-con e-parent\" data-id=\"a416cfe\" data-element_type=\"container\" data-e-type=\"container\">\n\t\t\t\t\t<div class=\"e-con-inner\">\n\t\t<div class=\"elementor-element elementor-element-6c4a6ce e-con-full e-flex e-con e-child\" data-id=\"6c4a6ce\" data-element_type=\"container\" data-e-type=\"container\" data-settings=\"{&quot;background_background&quot;:&quot;classic&quot;}\">\n\t\t\t\t<div class=\"elementor-element elementor-element-7c3acaa elementor-widget elementor-widget-heading\" data-id=\"7c3acaa\" data-element_type=\"widget\" data-e-type=\"widget\" data-widget_type=\"heading.default\">\n\t\t\t\t<div class=\"elementor-widget-container\">\n\t\t\t\t\t<h6 class=\"elementor-heading-title elementor-size-default\"><a href=\"https:\/\/venerala.org\/?tipologia=workshop\" rel=\"tag\">workshop<\/a><\/h6>\t\t\t\t<\/div>\n\t\t\t\t<\/div>\n\t\t\t\t<div class=\"elementor-element elementor-element-37cb8f7 elementor-widget elementor-widget-heading\" data-id=\"37cb8f7\" data-element_type=\"widget\" data-e-type=\"widget\" data-widget_type=\"heading.default\">\n\t\t\t\t<div class=\"elementor-widget-container\">\n\t\t\t\t\t<h6 class=\"elementor-heading-title elementor-size-default\">Lun 16 Feb<\/h6>\t\t\t\t<\/div>\n\t\t\t\t<\/div>\n\t\t\t\t<\/div>\n\t\t<div class=\"elementor-element elementor-element-6568c42 e-con-full e-flex e-con e-child\" data-id=\"6568c42\" data-element_type=\"container\" data-e-type=\"container\" data-settings=\"{&quot;background_background&quot;:&quot;classic&quot;}\">\n\t\t\t\t<div class=\"elementor-element elementor-element-492cfb5 elementor-widget elementor-widget-heading\" data-id=\"492cfb5\" data-element_type=\"widget\" data-e-type=\"widget\" data-widget_type=\"heading.default\">\n\t\t\t\t<div class=\"elementor-widget-container\">\n\t\t\t\t\t<h6 class=\"elementor-heading-title elementor-size-default\">18:00<\/h6>\t\t\t\t<\/div>\n\t\t\t\t<\/div>\n\t\t\t\t<div class=\"elementor-element elementor-element-8775f98 elementor-widget elementor-widget-heading\" data-id=\"8775f98\" data-element_type=\"widget\" data-e-type=\"widget\" data-widget_type=\"heading.default\">\n\t\t\t\t<div class=\"elementor-widget-container\">\n\t\t\t\t\t<h4 class=\"elementor-heading-title elementor-size-default\">PPPROFEZIA-1962<\/h4>\t\t\t\t<\/div>\n\t\t\t\t<\/div>\n\t\t\t\t<div class=\"elementor-element elementor-element-02afbe7 elementor-widget elementor-widget-text-editor\" data-id=\"02afbe7\" data-element_type=\"widget\" data-e-type=\"widget\" data-widget_type=\"text-editor.default\">\n\t\t\t\t<div class=\"elementor-widget-container\">\n\t\t\t\t\t\t\t\t\tA cinquant&#8217;anni dal vile omicidio di P.P.Pasolini, l&#8217;intellettuale che ha fatto tremare il potere in Italia, rileggiamo insieme uno dei suoi componimenti pi\u00f9 celebri &#8220;Profezia\t\t\t\t\t\t\t\t<\/div>\n\t\t\t\t<\/div>\n\t\t\t\t<div class=\"elementor-element elementor-element-92cccf9 elementor-align-center elementor-widget elementor-widget-button\" data-id=\"92cccf9\" data-element_type=\"widget\" data-e-type=\"widget\" data-widget_type=\"button.default\">\n\t\t\t\t<div class=\"elementor-widget-container\">\n\t\t\t\t\t\t\t\t\t<div class=\"elementor-button-wrapper\">\n\t\t\t\t\t<a class=\"elementor-button elementor-button-link elementor-size-sm elementor-animation-shrink\" href=\"https:\/\/venerala.org\/?eventi=profezia\">\n\t\t\t\t\t\t<span class=\"elementor-button-content-wrapper\">\n\t\t\t\t\t\t\t\t\t<span class=\"elementor-button-text\">approfondisci<\/span>\n\t\t\t\t\t<\/span>\n\t\t\t\t\t<\/a>\n\t\t\t\t<\/div>\n\t\t\t\t\t\t\t\t<\/div>\n\t\t\t\t<\/div>\n\t\t\t\t<\/div>\n\t\t\t\t\t<\/div>\n\t\t\t\t<\/div>\n\t\t\t\t<\/div>\n\t\t<style id=\"loop-dynamic-1586\">.e-loop-item-2570 .elementor-element.elementor-element-6c4a6ce:not(.elementor-motion-effects-element-type-background), .e-loop-item-2570 .elementor-element.elementor-element-6c4a6ce > .elementor-motion-effects-container > .elementor-motion-effects-layer{background-image:url(\"https:\/\/venerala.org\/wp-content\/uploads\/2026\/02\/laboratorio-serigrafia.jpg\");}<\/style>\t\t<div data-elementor-type=\"loop-item\" data-elementor-id=\"1586\" class=\"elementor elementor-1586 e-loop-item e-loop-item-2570 post-2570 eventi type-eventi status-publish has-post-thumbnail hentry tipologia-workshop location-spazio-oblio giorno-evento-carnevale-polveriera\" data-elementor-post-type=\"elementor_library\" data-custom-edit-handle=\"1\">\n\t\t\t<div class=\"elementor-element elementor-element-a416cfe e-flex e-con-boxed e-con e-parent\" data-id=\"a416cfe\" data-element_type=\"container\" data-e-type=\"container\">\n\t\t\t\t\t<div class=\"e-con-inner\">\n\t\t<div class=\"elementor-element elementor-element-6c4a6ce e-con-full e-flex e-con e-child\" data-id=\"6c4a6ce\" data-element_type=\"container\" data-e-type=\"container\" data-settings=\"{&quot;background_background&quot;:&quot;classic&quot;}\">\n\t\t\t\t<div class=\"elementor-element elementor-element-7c3acaa elementor-widget elementor-widget-heading\" data-id=\"7c3acaa\" data-element_type=\"widget\" data-e-type=\"widget\" data-widget_type=\"heading.default\">\n\t\t\t\t<div class=\"elementor-widget-container\">\n\t\t\t\t\t<h6 class=\"elementor-heading-title elementor-size-default\"><a href=\"https:\/\/venerala.org\/?tipologia=workshop\" rel=\"tag\">workshop<\/a><\/h6>\t\t\t\t<\/div>\n\t\t\t\t<\/div>\n\t\t\t\t<div class=\"elementor-element elementor-element-37cb8f7 elementor-widget elementor-widget-heading\" data-id=\"37cb8f7\" data-element_type=\"widget\" data-e-type=\"widget\" data-widget_type=\"heading.default\">\n\t\t\t\t<div class=\"elementor-widget-container\">\n\t\t\t\t\t<h6 class=\"elementor-heading-title elementor-size-default\">Mar 17 Feb<\/h6>\t\t\t\t<\/div>\n\t\t\t\t<\/div>\n\t\t\t\t<\/div>\n\t\t<div class=\"elementor-element elementor-element-6568c42 e-con-full e-flex e-con e-child\" data-id=\"6568c42\" data-element_type=\"container\" data-e-type=\"container\" data-settings=\"{&quot;background_background&quot;:&quot;classic&quot;}\">\n\t\t\t\t<div class=\"elementor-element elementor-element-492cfb5 elementor-widget elementor-widget-heading\" data-id=\"492cfb5\" data-element_type=\"widget\" data-e-type=\"widget\" data-widget_type=\"heading.default\">\n\t\t\t\t<div class=\"elementor-widget-container\">\n\t\t\t\t\t<h6 class=\"elementor-heading-title elementor-size-default\">16:30<\/h6>\t\t\t\t<\/div>\n\t\t\t\t<\/div>\n\t\t\t\t<div class=\"elementor-element elementor-element-8775f98 elementor-widget elementor-widget-heading\" data-id=\"8775f98\" data-element_type=\"widget\" data-e-type=\"widget\" data-widget_type=\"heading.default\">\n\t\t\t\t<div class=\"elementor-widget-container\">\n\t\t\t\t\t<h4 class=\"elementor-heading-title elementor-size-default\">open lab di serigrafia live<\/h4>\t\t\t\t<\/div>\n\t\t\t\t<\/div>\n\t\t\t\t<div class=\"elementor-element elementor-element-02afbe7 elementor-widget elementor-widget-text-editor\" data-id=\"02afbe7\" data-element_type=\"widget\" data-e-type=\"widget\" data-widget_type=\"text-editor.default\">\n\t\t\t\t<div class=\"elementor-widget-container\">\n\t\t\t\t\t\t\t\t\tIl lab prevede la possibilit\u00e0 di portare un proprio capo da stampare con la tecnica serigrafica artigianale e impararne i principi.\t\t\t\t\t\t\t\t<\/div>\n\t\t\t\t<\/div>\n\t\t\t\t<div class=\"elementor-element elementor-element-92cccf9 elementor-align-center elementor-widget elementor-widget-button\" data-id=\"92cccf9\" data-element_type=\"widget\" data-e-type=\"widget\" data-widget_type=\"button.default\">\n\t\t\t\t<div class=\"elementor-widget-container\">\n\t\t\t\t\t\t\t\t\t<div class=\"elementor-button-wrapper\">\n\t\t\t\t\t<a class=\"elementor-button elementor-button-link elementor-size-sm elementor-animation-shrink\" href=\"https:\/\/venerala.org\/?eventi=open-lab-di-serigrafia-live\">\n\t\t\t\t\t\t<span class=\"elementor-button-content-wrapper\">\n\t\t\t\t\t\t\t\t\t<span class=\"elementor-button-text\">approfondisci<\/span>\n\t\t\t\t\t<\/span>\n\t\t\t\t\t<\/a>\n\t\t\t\t<\/div>\n\t\t\t\t\t\t\t\t<\/div>\n\t\t\t\t<\/div>\n\t\t\t\t<\/div>\n\t\t\t\t\t<\/div>\n\t\t\t\t<\/div>\n\t\t\t\t<\/div>\n\t\t<style id=\"loop-dynamic-1586\">.e-loop-item-2544 .elementor-element.elementor-element-6c4a6ce:not(.elementor-motion-effects-element-type-background), .e-loop-item-2544 .elementor-element.elementor-element-6c4a6ce > .elementor-motion-effects-container > .elementor-motion-effects-layer{background-image:url(\"https:\/\/venerala.org\/wp-content\/uploads\/2026\/02\/rojava.jpg\");}<\/style>\t\t<div data-elementor-type=\"loop-item\" data-elementor-id=\"1586\" class=\"elementor elementor-1586 e-loop-item e-loop-item-2544 post-2544 eventi type-eventi status-publish has-post-thumbnail hentry tipologia-talk location-la-polveriera-spazio-comune giorno-evento-carnevale-polveriera\" data-elementor-post-type=\"elementor_library\" data-custom-edit-handle=\"1\">\n\t\t\t<div class=\"elementor-element elementor-element-a416cfe e-flex e-con-boxed e-con e-parent\" data-id=\"a416cfe\" data-element_type=\"container\" data-e-type=\"container\">\n\t\t\t\t\t<div class=\"e-con-inner\">\n\t\t<div class=\"elementor-element elementor-element-6c4a6ce e-con-full e-flex e-con e-child\" data-id=\"6c4a6ce\" data-element_type=\"container\" data-e-type=\"container\" data-settings=\"{&quot;background_background&quot;:&quot;classic&quot;}\">\n\t\t\t\t<div class=\"elementor-element elementor-element-7c3acaa elementor-widget elementor-widget-heading\" data-id=\"7c3acaa\" data-element_type=\"widget\" data-e-type=\"widget\" data-widget_type=\"heading.default\">\n\t\t\t\t<div class=\"elementor-widget-container\">\n\t\t\t\t\t<h6 class=\"elementor-heading-title elementor-size-default\"><a href=\"https:\/\/venerala.org\/?tipologia=talk\" rel=\"tag\">talk<\/a><\/h6>\t\t\t\t<\/div>\n\t\t\t\t<\/div>\n\t\t\t\t<div class=\"elementor-element elementor-element-37cb8f7 elementor-widget elementor-widget-heading\" data-id=\"37cb8f7\" data-element_type=\"widget\" data-e-type=\"widget\" data-widget_type=\"heading.default\">\n\t\t\t\t<div class=\"elementor-widget-container\">\n\t\t\t\t\t<h6 class=\"elementor-heading-title elementor-size-default\">Mar 17 Feb<\/h6>\t\t\t\t<\/div>\n\t\t\t\t<\/div>\n\t\t\t\t<\/div>\n\t\t<div class=\"elementor-element elementor-element-6568c42 e-con-full e-flex e-con e-child\" data-id=\"6568c42\" data-element_type=\"container\" data-e-type=\"container\" data-settings=\"{&quot;background_background&quot;:&quot;classic&quot;}\">\n\t\t\t\t<div class=\"elementor-element elementor-element-492cfb5 elementor-widget elementor-widget-heading\" data-id=\"492cfb5\" data-element_type=\"widget\" data-e-type=\"widget\" data-widget_type=\"heading.default\">\n\t\t\t\t<div class=\"elementor-widget-container\">\n\t\t\t\t\t<h6 class=\"elementor-heading-title elementor-size-default\">17:30<\/h6>\t\t\t\t<\/div>\n\t\t\t\t<\/div>\n\t\t\t\t<div class=\"elementor-element elementor-element-8775f98 elementor-widget elementor-widget-heading\" data-id=\"8775f98\" data-element_type=\"widget\" data-e-type=\"widget\" data-widget_type=\"heading.default\">\n\t\t\t\t<div class=\"elementor-widget-container\">\n\t\t\t\t\t<h4 class=\"elementor-heading-title elementor-size-default\">Difendiamo Rojava<\/h4>\t\t\t\t<\/div>\n\t\t\t\t<\/div>\n\t\t\t\t<div class=\"elementor-element elementor-element-02afbe7 elementor-widget elementor-widget-text-editor\" data-id=\"02afbe7\" data-element_type=\"widget\" data-e-type=\"widget\" data-widget_type=\"text-editor.default\">\n\t\t\t\t<div class=\"elementor-widget-container\">\n\t\t\t\t\t\t\t\t\tL\u2019esperienza della rivoluzione del Rojava, il ruolo centrale delle donne e il progetto di democrazia dal basso nel Nord-Est della Siria.\t\t\t\t\t\t\t\t<\/div>\n\t\t\t\t<\/div>\n\t\t\t\t<div class=\"elementor-element elementor-element-92cccf9 elementor-align-center elementor-widget elementor-widget-button\" data-id=\"92cccf9\" data-element_type=\"widget\" data-e-type=\"widget\" data-widget_type=\"button.default\">\n\t\t\t\t<div class=\"elementor-widget-container\">\n\t\t\t\t\t\t\t\t\t<div class=\"elementor-button-wrapper\">\n\t\t\t\t\t<a class=\"elementor-button elementor-button-link elementor-size-sm elementor-animation-shrink\" href=\"https:\/\/venerala.org\/?eventi=difendiamo-rojava\">\n\t\t\t\t\t\t<span class=\"elementor-button-content-wrapper\">\n\t\t\t\t\t\t\t\t\t<span class=\"elementor-button-text\">approfondisci<\/span>\n\t\t\t\t\t<\/span>\n\t\t\t\t\t<\/a>\n\t\t\t\t<\/div>\n\t\t\t\t\t\t\t\t<\/div>\n\t\t\t\t<\/div>\n\t\t\t\t<\/div>\n\t\t\t\t\t<\/div>\n\t\t\t\t<\/div>\n\t\t\t\t<\/div>\n\t\t<style id=\"loop-dynamic-1586\">.e-loop-item-2485 .elementor-element.elementor-element-6c4a6ce:not(.elementor-motion-effects-element-type-background), .e-loop-item-2485 .elementor-element.elementor-element-6c4a6ce > .elementor-motion-effects-container > .elementor-motion-effects-layer{background-image:url(\"https:\/\/venerala.org\/wp-content\/uploads\/2026\/01\/polve.jpg\");}<\/style>\t\t<div data-elementor-type=\"loop-item\" data-elementor-id=\"1586\" class=\"elementor elementor-1586 e-loop-item e-loop-item-2485 post-2485 eventi type-eventi status-publish has-post-thumbnail hentry tipologia-corteo tipologia-festa location-concentramento-sonoro-in-p-zza-dazeglio-firenze\" data-elementor-post-type=\"elementor_library\" data-custom-edit-handle=\"1\">\n\t\t\t<div class=\"elementor-element elementor-element-a416cfe e-flex e-con-boxed e-con e-parent\" data-id=\"a416cfe\" data-element_type=\"container\" data-e-type=\"container\">\n\t\t\t\t\t<div class=\"e-con-inner\">\n\t\t<div class=\"elementor-element elementor-element-6c4a6ce e-con-full e-flex e-con e-child\" data-id=\"6c4a6ce\" data-element_type=\"container\" data-e-type=\"container\" data-settings=\"{&quot;background_background&quot;:&quot;classic&quot;}\">\n\t\t\t\t<div class=\"elementor-element elementor-element-7c3acaa elementor-widget elementor-widget-heading\" data-id=\"7c3acaa\" data-element_type=\"widget\" data-e-type=\"widget\" data-widget_type=\"heading.default\">\n\t\t\t\t<div class=\"elementor-widget-container\">\n\t\t\t\t\t<h6 class=\"elementor-heading-title elementor-size-default\"><a href=\"https:\/\/venerala.org\/?tipologia=corteo\" rel=\"tag\">corteo<\/a>, <a href=\"https:\/\/venerala.org\/?tipologia=festa\" rel=\"tag\">Festa<\/a><\/h6>\t\t\t\t<\/div>\n\t\t\t\t<\/div>\n\t\t\t\t<div class=\"elementor-element elementor-element-37cb8f7 elementor-widget elementor-widget-heading\" data-id=\"37cb8f7\" data-element_type=\"widget\" data-e-type=\"widget\" data-widget_type=\"heading.default\">\n\t\t\t\t<div class=\"elementor-widget-container\">\n\t\t\t\t\t<h6 class=\"elementor-heading-title elementor-size-default\">Sab 14 Feb<\/h6>\t\t\t\t<\/div>\n\t\t\t\t<\/div>\n\t\t\t\t<\/div>\n\t\t<div class=\"elementor-element elementor-element-6568c42 e-con-full e-flex e-con e-child\" data-id=\"6568c42\" data-element_type=\"container\" data-e-type=\"container\" data-settings=\"{&quot;background_background&quot;:&quot;classic&quot;}\">\n\t\t\t\t<div class=\"elementor-element elementor-element-492cfb5 elementor-widget elementor-widget-heading\" data-id=\"492cfb5\" data-element_type=\"widget\" data-e-type=\"widget\" data-widget_type=\"heading.default\">\n\t\t\t\t<div class=\"elementor-widget-container\">\n\t\t\t\t\t<h6 class=\"elementor-heading-title elementor-size-default\">11:30<\/h6>\t\t\t\t<\/div>\n\t\t\t\t<\/div>\n\t\t\t\t<div class=\"elementor-element elementor-element-8775f98 elementor-widget elementor-widget-heading\" data-id=\"8775f98\" data-element_type=\"widget\" data-e-type=\"widget\" data-widget_type=\"heading.default\">\n\t\t\t\t<div class=\"elementor-widget-container\">\n\t\t\t\t\t<h4 class=\"elementor-heading-title elementor-size-default\">Corteo di Carnevale per La Polveriera!<\/h4>\t\t\t\t<\/div>\n\t\t\t\t<\/div>\n\t\t\t\t<div class=\"elementor-element elementor-element-02afbe7 elementor-widget elementor-widget-text-editor\" data-id=\"02afbe7\" data-element_type=\"widget\" data-e-type=\"widget\" data-widget_type=\"text-editor.default\">\n\t\t\t\t<div class=\"elementor-widget-container\">\n\t\t\t\t\t\t\t\t\tIl carnevale storicamente rappresenta un momento in cui si rovesciano le gerarchie, dove si generano movimenti dal basso travolgenti. Perci\u00f2 vogliamo che a Firenze questo\t\t\t\t\t\t\t\t<\/div>\n\t\t\t\t<\/div>\n\t\t\t\t<div class=\"elementor-element elementor-element-92cccf9 elementor-align-center elementor-widget elementor-widget-button\" data-id=\"92cccf9\" data-element_type=\"widget\" data-e-type=\"widget\" data-widget_type=\"button.default\">\n\t\t\t\t<div class=\"elementor-widget-container\">\n\t\t\t\t\t\t\t\t\t<div class=\"elementor-button-wrapper\">\n\t\t\t\t\t<a class=\"elementor-button elementor-button-link elementor-size-sm elementor-animation-shrink\" href=\"https:\/\/venerala.org\/?eventi=carnevale-a-la-polveriera\">\n\t\t\t\t\t\t<span class=\"elementor-button-content-wrapper\">\n\t\t\t\t\t\t\t\t\t<span class=\"elementor-button-text\">approfondisci<\/span>\n\t\t\t\t\t<\/span>\n\t\t\t\t\t<\/a>\n\t\t\t\t<\/div>\n\t\t\t\t\t\t\t\t<\/div>\n\t\t\t\t<\/div>\n\t\t\t\t<\/div>\n\t\t\t\t\t<\/div>\n\t\t\t\t<\/div>\n\t\t\t\t<\/div>\n\t\t<style id=\"loop-dynamic-1586\">.e-loop-item-2474 .elementor-element.elementor-element-6c4a6ce:not(.elementor-motion-effects-element-type-background), .e-loop-item-2474 .elementor-element.elementor-element-6c4a6ce > .elementor-motion-effects-container > .elementor-motion-effects-layer{background-image:url(\"https:\/\/venerala.org\/wp-content\/uploads\/2025\/11\/sciopero-gen.jpg\");}<\/style>\t\t<div data-elementor-type=\"loop-item\" data-elementor-id=\"1586\" class=\"elementor elementor-1586 e-loop-item e-loop-item-2474 post-2474 eventi type-eventi status-publish has-post-thumbnail hentry tipologia-corteo location-piazzale-monte-lungo-firenze\" data-elementor-post-type=\"elementor_library\" data-custom-edit-handle=\"1\">\n\t\t\t<div class=\"elementor-element elementor-element-a416cfe e-flex e-con-boxed e-con e-parent\" data-id=\"a416cfe\" data-element_type=\"container\" data-e-type=\"container\">\n\t\t\t\t\t<div class=\"e-con-inner\">\n\t\t<div class=\"elementor-element elementor-element-6c4a6ce e-con-full e-flex e-con e-child\" data-id=\"6c4a6ce\" data-element_type=\"container\" data-e-type=\"container\" data-settings=\"{&quot;background_background&quot;:&quot;classic&quot;}\">\n\t\t\t\t<div class=\"elementor-element elementor-element-7c3acaa elementor-widget elementor-widget-heading\" data-id=\"7c3acaa\" data-element_type=\"widget\" data-e-type=\"widget\" data-widget_type=\"heading.default\">\n\t\t\t\t<div class=\"elementor-widget-container\">\n\t\t\t\t\t<h6 class=\"elementor-heading-title elementor-size-default\"><a href=\"https:\/\/venerala.org\/?tipologia=corteo\" rel=\"tag\">corteo<\/a><\/h6>\t\t\t\t<\/div>\n\t\t\t\t<\/div>\n\t\t\t\t<div class=\"elementor-element elementor-element-37cb8f7 elementor-widget elementor-widget-heading\" data-id=\"37cb8f7\" data-element_type=\"widget\" data-e-type=\"widget\" data-widget_type=\"heading.default\">\n\t\t\t\t<div class=\"elementor-widget-container\">\n\t\t\t\t\t<h6 class=\"elementor-heading-title elementor-size-default\">Ven 28 Nov<\/h6>\t\t\t\t<\/div>\n\t\t\t\t<\/div>\n\t\t\t\t<\/div>\n\t\t<div class=\"elementor-element elementor-element-6568c42 e-con-full e-flex e-con e-child\" data-id=\"6568c42\" data-element_type=\"container\" data-e-type=\"container\" data-settings=\"{&quot;background_background&quot;:&quot;classic&quot;}\">\n\t\t\t\t<div class=\"elementor-element elementor-element-492cfb5 elementor-widget elementor-widget-heading\" data-id=\"492cfb5\" data-element_type=\"widget\" data-e-type=\"widget\" data-widget_type=\"heading.default\">\n\t\t\t\t<div class=\"elementor-widget-container\">\n\t\t\t\t\t<h6 class=\"elementor-heading-title elementor-size-default\">09:30<\/h6>\t\t\t\t<\/div>\n\t\t\t\t<\/div>\n\t\t\t\t<div class=\"elementor-element elementor-element-8775f98 elementor-widget elementor-widget-heading\" data-id=\"8775f98\" data-element_type=\"widget\" data-e-type=\"widget\" data-widget_type=\"heading.default\">\n\t\t\t\t<div class=\"elementor-widget-container\">\n\t\t\t\t\t<h4 class=\"elementor-heading-title elementor-size-default\">Sciopero Generale<\/h4>\t\t\t\t<\/div>\n\t\t\t\t<\/div>\n\t\t\t\t<div class=\"elementor-element elementor-element-02afbe7 elementor-widget elementor-widget-text-editor\" data-id=\"02afbe7\" data-element_type=\"widget\" data-e-type=\"widget\" data-widget_type=\"text-editor.default\">\n\t\t\t\t<div class=\"elementor-widget-container\">\n\t\t\t\t\t\t\t\t\tScioperiamo dal ventre della Venere, il luogo che non rappresenta ma genera. Uno spazio caldo, imperfetto, non addomesticato, dove si ricompongono pezzi di memorie, desideri\t\t\t\t\t\t\t\t<\/div>\n\t\t\t\t<\/div>\n\t\t\t\t<div class=\"elementor-element elementor-element-92cccf9 elementor-align-center elementor-widget elementor-widget-button\" data-id=\"92cccf9\" data-element_type=\"widget\" data-e-type=\"widget\" data-widget_type=\"button.default\">\n\t\t\t\t<div class=\"elementor-widget-container\">\n\t\t\t\t\t\t\t\t\t<div class=\"elementor-button-wrapper\">\n\t\t\t\t\t<a class=\"elementor-button elementor-button-link elementor-size-sm elementor-animation-shrink\" href=\"https:\/\/venerala.org\/?eventi=sciopero-generale\">\n\t\t\t\t\t\t<span class=\"elementor-button-content-wrapper\">\n\t\t\t\t\t\t\t\t\t<span class=\"elementor-button-text\">approfondisci<\/span>\n\t\t\t\t\t<\/span>\n\t\t\t\t\t<\/a>\n\t\t\t\t<\/div>\n\t\t\t\t\t\t\t\t<\/div>\n\t\t\t\t<\/div>\n\t\t\t\t<\/div>\n\t\t\t\t\t<\/div>\n\t\t\t\t<\/div>\n\t\t\t\t<\/div>\n\t\t<style id=\"loop-dynamic-1586\">.e-loop-item-2437 .elementor-element.elementor-element-6c4a6ce:not(.elementor-motion-effects-element-type-background), .e-loop-item-2437 .elementor-element.elementor-element-6c4a6ce > .elementor-motion-effects-container > .elementor-motion-effects-layer{background-image:url(\"https:\/\/venerala.org\/wp-content\/uploads\/2025\/11\/numd-veneree-80.jpg\");}<\/style>\t\t<div data-elementor-type=\"loop-item\" data-elementor-id=\"1586\" class=\"elementor elementor-1586 e-loop-item e-loop-item-2437 post-2437 eventi type-eventi status-publish has-post-thumbnail hentry tipologia-corteo location-largo-annigoni-firenze\" data-elementor-post-type=\"elementor_library\" data-custom-edit-handle=\"1\">\n\t\t\t<div class=\"elementor-element elementor-element-a416cfe e-flex e-con-boxed e-con e-parent\" data-id=\"a416cfe\" data-element_type=\"container\" data-e-type=\"container\">\n\t\t\t\t\t<div class=\"e-con-inner\">\n\t\t<div class=\"elementor-element elementor-element-6c4a6ce e-con-full e-flex e-con e-child\" data-id=\"6c4a6ce\" data-element_type=\"container\" data-e-type=\"container\" data-settings=\"{&quot;background_background&quot;:&quot;classic&quot;}\">\n\t\t\t\t<div class=\"elementor-element elementor-element-7c3acaa elementor-widget elementor-widget-heading\" data-id=\"7c3acaa\" data-element_type=\"widget\" data-e-type=\"widget\" data-widget_type=\"heading.default\">\n\t\t\t\t<div class=\"elementor-widget-container\">\n\t\t\t\t\t<h6 class=\"elementor-heading-title elementor-size-default\"><a href=\"https:\/\/venerala.org\/?tipologia=corteo\" rel=\"tag\">corteo<\/a><\/h6>\t\t\t\t<\/div>\n\t\t\t\t<\/div>\n\t\t\t\t<div class=\"elementor-element elementor-element-37cb8f7 elementor-widget elementor-widget-heading\" data-id=\"37cb8f7\" data-element_type=\"widget\" data-e-type=\"widget\" data-widget_type=\"heading.default\">\n\t\t\t\t<div class=\"elementor-widget-container\">\n\t\t\t\t\t<h6 class=\"elementor-heading-title elementor-size-default\">Mar 25 Nov<\/h6>\t\t\t\t<\/div>\n\t\t\t\t<\/div>\n\t\t\t\t<\/div>\n\t\t<div class=\"elementor-element elementor-element-6568c42 e-con-full e-flex e-con e-child\" data-id=\"6568c42\" data-element_type=\"container\" data-e-type=\"container\" data-settings=\"{&quot;background_background&quot;:&quot;classic&quot;}\">\n\t\t\t\t<div class=\"elementor-element elementor-element-492cfb5 elementor-widget elementor-widget-heading\" data-id=\"492cfb5\" data-element_type=\"widget\" data-e-type=\"widget\" data-widget_type=\"heading.default\">\n\t\t\t\t<div class=\"elementor-widget-container\">\n\t\t\t\t\t<h6 class=\"elementor-heading-title elementor-size-default\">18:30<\/h6>\t\t\t\t<\/div>\n\t\t\t\t<\/div>\n\t\t\t\t<div class=\"elementor-element elementor-element-8775f98 elementor-widget elementor-widget-heading\" data-id=\"8775f98\" data-element_type=\"widget\" data-e-type=\"widget\" data-widget_type=\"heading.default\">\n\t\t\t\t<div class=\"elementor-widget-container\">\n\t\t\t\t\t<h4 class=\"elementor-heading-title elementor-size-default\">Sabotiamo guerre e patriarcato.<\/h4>\t\t\t\t<\/div>\n\t\t\t\t<\/div>\n\t\t\t\t<div class=\"elementor-element elementor-element-02afbe7 elementor-widget elementor-widget-text-editor\" data-id=\"02afbe7\" data-element_type=\"widget\" data-e-type=\"widget\" data-widget_type=\"text-editor.default\">\n\t\t\t\t<div class=\"elementor-widget-container\">\n\t\t\t\t\t\t\t\t\tIl 25 novembre la Venere Biomeccanica sar\u00e0 in piazza. Presenza senza corpo, volto senza corpo, ma ci sar\u00e0.\t\t\t\t\t\t\t\t<\/div>\n\t\t\t\t<\/div>\n\t\t\t\t<div class=\"elementor-element elementor-element-92cccf9 elementor-align-center elementor-widget elementor-widget-button\" data-id=\"92cccf9\" data-element_type=\"widget\" data-e-type=\"widget\" data-widget_type=\"button.default\">\n\t\t\t\t<div class=\"elementor-widget-container\">\n\t\t\t\t\t\t\t\t\t<div class=\"elementor-button-wrapper\">\n\t\t\t\t\t<a class=\"elementor-button elementor-button-link elementor-size-sm elementor-animation-shrink\" href=\"https:\/\/venerala.org\/?eventi=sabotiamo-guerre-e-patriarcato-facciamo-salire-la-marea\">\n\t\t\t\t\t\t<span class=\"elementor-button-content-wrapper\">\n\t\t\t\t\t\t\t\t\t<span class=\"elementor-button-text\">approfondisci<\/span>\n\t\t\t\t\t<\/span>\n\t\t\t\t\t<\/a>\n\t\t\t\t<\/div>\n\t\t\t\t\t\t\t\t<\/div>\n\t\t\t\t<\/div>\n\t\t\t\t<\/div>\n\t\t\t\t\t<\/div>\n\t\t\t\t<\/div>\n\t\t\t\t<\/div>\n\t\t<style id=\"loop-dynamic-1586\">.e-loop-item-2249 .elementor-element.elementor-element-6c4a6ce:not(.elementor-motion-effects-element-type-background), .e-loop-item-2249 .elementor-element.elementor-element-6c4a6ce > .elementor-motion-effects-container > .elementor-motion-effects-layer{background-image:url(\"https:\/\/venerala.org\/wp-content\/uploads\/2025\/11\/IMG_2179.jpeg\");}<\/style>\t\t<div data-elementor-type=\"loop-item\" data-elementor-id=\"1586\" class=\"elementor elementor-1586 e-loop-item e-loop-item-2249 post-2249 eventi type-eventi status-publish has-post-thumbnail hentry tipologia-festa tipologia-presidio-sonoro location-skate-park-campo-di-marte\" data-elementor-post-type=\"elementor_library\" data-custom-edit-handle=\"1\">\n\t\t\t<div class=\"elementor-element elementor-element-a416cfe e-flex e-con-boxed e-con e-parent\" data-id=\"a416cfe\" data-element_type=\"container\" data-e-type=\"container\">\n\t\t\t\t\t<div class=\"e-con-inner\">\n\t\t<div class=\"elementor-element elementor-element-6c4a6ce e-con-full e-flex e-con e-child\" data-id=\"6c4a6ce\" data-element_type=\"container\" data-e-type=\"container\" data-settings=\"{&quot;background_background&quot;:&quot;classic&quot;}\">\n\t\t\t\t<div class=\"elementor-element elementor-element-7c3acaa elementor-widget elementor-widget-heading\" data-id=\"7c3acaa\" data-element_type=\"widget\" data-e-type=\"widget\" data-widget_type=\"heading.default\">\n\t\t\t\t<div class=\"elementor-widget-container\">\n\t\t\t\t\t<h6 class=\"elementor-heading-title elementor-size-default\"><a href=\"https:\/\/venerala.org\/?tipologia=festa\" rel=\"tag\">Festa<\/a>, <a href=\"https:\/\/venerala.org\/?tipologia=presidio-sonoro\" rel=\"tag\">Presidio sonoro<\/a><\/h6>\t\t\t\t<\/div>\n\t\t\t\t<\/div>\n\t\t\t\t<div class=\"elementor-element elementor-element-37cb8f7 elementor-widget elementor-widget-heading\" data-id=\"37cb8f7\" data-element_type=\"widget\" data-e-type=\"widget\" data-widget_type=\"heading.default\">\n\t\t\t\t<div class=\"elementor-widget-container\">\n\t\t\t\t\t<h6 class=\"elementor-heading-title elementor-size-default\">Sab 15 Nov<\/h6>\t\t\t\t<\/div>\n\t\t\t\t<\/div>\n\t\t\t\t<\/div>\n\t\t<div class=\"elementor-element elementor-element-6568c42 e-con-full e-flex e-con e-child\" data-id=\"6568c42\" data-element_type=\"container\" data-e-type=\"container\" data-settings=\"{&quot;background_background&quot;:&quot;classic&quot;}\">\n\t\t\t\t<div class=\"elementor-element elementor-element-492cfb5 elementor-widget elementor-widget-heading\" data-id=\"492cfb5\" data-element_type=\"widget\" data-e-type=\"widget\" data-widget_type=\"heading.default\">\n\t\t\t\t<div class=\"elementor-widget-container\">\n\t\t\t\t\t<h6 class=\"elementor-heading-title elementor-size-default\">15:00<\/h6>\t\t\t\t<\/div>\n\t\t\t\t<\/div>\n\t\t\t\t<div class=\"elementor-element elementor-element-8775f98 elementor-widget elementor-widget-heading\" data-id=\"8775f98\" data-element_type=\"widget\" data-e-type=\"widget\" data-widget_type=\"heading.default\">\n\t\t\t\t<div class=\"elementor-widget-container\">\n\t\t\t\t\t<h4 class=\"elementor-heading-title elementor-size-default\">Presidio Sonoro &#8211; L\u2019impossibile si organizza danzando<\/h4>\t\t\t\t<\/div>\n\t\t\t\t<\/div>\n\t\t\t\t<div class=\"elementor-element elementor-element-02afbe7 elementor-widget elementor-widget-text-editor\" data-id=\"02afbe7\" data-element_type=\"widget\" data-e-type=\"widget\" data-widget_type=\"text-editor.default\">\n\t\t\t\t<div class=\"elementor-widget-container\">\n\t\t\t\t\t\t\t\t\tCos\u00ec come \u00e8 stato per il passato Presidio Sonoro in Piazza Leopoldo, anche l&#8217;idea di questa nuova azione di militanza sonora che si svolger\u00e0 presso\t\t\t\t\t\t\t\t<\/div>\n\t\t\t\t<\/div>\n\t\t\t\t<div class=\"elementor-element elementor-element-92cccf9 elementor-align-center elementor-widget elementor-widget-button\" data-id=\"92cccf9\" data-element_type=\"widget\" data-e-type=\"widget\" data-widget_type=\"button.default\">\n\t\t\t\t<div class=\"elementor-widget-container\">\n\t\t\t\t\t\t\t\t\t<div class=\"elementor-button-wrapper\">\n\t\t\t\t\t<a class=\"elementor-button elementor-button-link elementor-size-sm elementor-animation-shrink\" href=\"https:\/\/venerala.org\/?eventi=presidio-sonoro-limpossibile-si-organizza-danzando\">\n\t\t\t\t\t\t<span class=\"elementor-button-content-wrapper\">\n\t\t\t\t\t\t\t\t\t<span class=\"elementor-button-text\">approfondisci<\/span>\n\t\t\t\t\t<\/span>\n\t\t\t\t\t<\/a>\n\t\t\t\t<\/div>\n\t\t\t\t\t\t\t\t<\/div>\n\t\t\t\t<\/div>\n\t\t\t\t<\/div>\n\t\t\t\t\t<\/div>\n\t\t\t\t<\/div>\n\t\t\t\t<\/div>\n\t\t<style id=\"loop-dynamic-1586\">.e-loop-item-2230 .elementor-element.elementor-element-6c4a6ce:not(.elementor-motion-effects-element-type-background), .e-loop-item-2230 .elementor-element.elementor-element-6c4a6ce > .elementor-motion-effects-container > .elementor-motion-effects-layer{background-image:url(\"https:\/\/venerala.org\/wp-content\/uploads\/2025\/11\/CR-255.jpg\");}<\/style>\t\t<div data-elementor-type=\"loop-item\" data-elementor-id=\"1586\" class=\"elementor elementor-1586 e-loop-item e-loop-item-2230 post-2230 eventi type-eventi status-publish has-post-thumbnail hentry tipologia-workshop location-via-francesco-baracca-45-r-50127\" data-elementor-post-type=\"elementor_library\" data-custom-edit-handle=\"1\">\n\t\t\t<div class=\"elementor-element elementor-element-a416cfe e-flex e-con-boxed e-con e-parent\" data-id=\"a416cfe\" data-element_type=\"container\" data-e-type=\"container\">\n\t\t\t\t\t<div class=\"e-con-inner\">\n\t\t<div class=\"elementor-element elementor-element-6c4a6ce e-con-full e-flex e-con e-child\" data-id=\"6c4a6ce\" data-element_type=\"container\" data-e-type=\"container\" data-settings=\"{&quot;background_background&quot;:&quot;classic&quot;}\">\n\t\t\t\t<div class=\"elementor-element elementor-element-7c3acaa elementor-widget elementor-widget-heading\" data-id=\"7c3acaa\" data-element_type=\"widget\" data-e-type=\"widget\" data-widget_type=\"heading.default\">\n\t\t\t\t<div class=\"elementor-widget-container\">\n\t\t\t\t\t<h6 class=\"elementor-heading-title elementor-size-default\"><a href=\"https:\/\/venerala.org\/?tipologia=workshop\" rel=\"tag\">workshop<\/a><\/h6>\t\t\t\t<\/div>\n\t\t\t\t<\/div>\n\t\t\t\t<div class=\"elementor-element elementor-element-37cb8f7 elementor-widget elementor-widget-heading\" data-id=\"37cb8f7\" data-element_type=\"widget\" data-e-type=\"widget\" data-widget_type=\"heading.default\">\n\t\t\t\t<div class=\"elementor-widget-container\">\n\t\t\t\t\t<h6 class=\"elementor-heading-title elementor-size-default\">Dom 23 Nov<\/h6>\t\t\t\t<\/div>\n\t\t\t\t<\/div>\n\t\t\t\t<\/div>\n\t\t<div class=\"elementor-element elementor-element-6568c42 e-con-full e-flex e-con e-child\" data-id=\"6568c42\" data-element_type=\"container\" data-e-type=\"container\" data-settings=\"{&quot;background_background&quot;:&quot;classic&quot;}\">\n\t\t\t\t<div class=\"elementor-element elementor-element-492cfb5 elementor-widget elementor-widget-heading\" data-id=\"492cfb5\" data-element_type=\"widget\" data-e-type=\"widget\" data-widget_type=\"heading.default\">\n\t\t\t\t<div class=\"elementor-widget-container\">\n\t\t\t\t\t<h6 class=\"elementor-heading-title elementor-size-default\">10:00<\/h6>\t\t\t\t<\/div>\n\t\t\t\t<\/div>\n\t\t\t\t<div class=\"elementor-element elementor-element-8775f98 elementor-widget elementor-widget-heading\" data-id=\"8775f98\" data-element_type=\"widget\" data-e-type=\"widget\" data-widget_type=\"heading.default\">\n\t\t\t\t<div class=\"elementor-widget-container\">\n\t\t\t\t\t<h4 class=\"elementor-heading-title elementor-size-default\">Deriva Re.situazionista<\/h4>\t\t\t\t<\/div>\n\t\t\t\t<\/div>\n\t\t\t\t<div class=\"elementor-element elementor-element-02afbe7 elementor-widget elementor-widget-text-editor\" data-id=\"02afbe7\" data-element_type=\"widget\" data-e-type=\"widget\" data-widget_type=\"text-editor.default\">\n\t\t\t\t<div class=\"elementor-widget-container\">\n\t\t\t\t\t\t\t\t\tGrandi riparazioni: Cartografia resistente a Porta al prato\\\\\\passaggio a nord-ovest lungo Sviluppi immobiliari e Masterplans a Firenze\t\t\t\t\t\t\t\t<\/div>\n\t\t\t\t<\/div>\n\t\t\t\t<div class=\"elementor-element elementor-element-92cccf9 elementor-align-center elementor-widget elementor-widget-button\" data-id=\"92cccf9\" data-element_type=\"widget\" data-e-type=\"widget\" data-widget_type=\"button.default\">\n\t\t\t\t<div class=\"elementor-widget-container\">\n\t\t\t\t\t\t\t\t\t<div class=\"elementor-button-wrapper\">\n\t\t\t\t\t<a class=\"elementor-button elementor-button-link elementor-size-sm elementor-animation-shrink\" href=\"https:\/\/venerala.org\/?eventi=deriva-re-situazionista\">\n\t\t\t\t\t\t<span class=\"elementor-button-content-wrapper\">\n\t\t\t\t\t\t\t\t\t<span class=\"elementor-button-text\">approfondisci<\/span>\n\t\t\t\t\t<\/span>\n\t\t\t\t\t<\/a>\n\t\t\t\t<\/div>\n\t\t\t\t\t\t\t\t<\/div>\n\t\t\t\t<\/div>\n\t\t\t\t<\/div>\n\t\t\t\t\t<\/div>\n\t\t\t\t<\/div>\n\t\t\t\t<\/div>\n\t\t<style id=\"loop-dynamic-1586\">.e-loop-item-2043 .elementor-element.elementor-element-6c4a6ce:not(.elementor-motion-effects-element-type-background), .e-loop-item-2043 .elementor-element.elementor-element-6c4a6ce > .elementor-motion-effects-container > .elementor-motion-effects-layer{background-image:url(\"https:\/\/venerala.org\/wp-content\/uploads\/2025\/10\/CARTOGRAFIA-ROVEZZANO-_1.jpg\");}<\/style>\t\t<div data-elementor-type=\"loop-item\" data-elementor-id=\"1586\" class=\"elementor elementor-1586 e-loop-item e-loop-item-2043 post-2043 eventi type-eventi status-publish has-post-thumbnail hentry tipologia-workshop location-rovezzano\" data-elementor-post-type=\"elementor_library\" data-custom-edit-handle=\"1\">\n\t\t\t<div class=\"elementor-element elementor-element-a416cfe e-flex e-con-boxed e-con e-parent\" data-id=\"a416cfe\" data-element_type=\"container\" data-e-type=\"container\">\n\t\t\t\t\t<div class=\"e-con-inner\">\n\t\t<div class=\"elementor-element elementor-element-6c4a6ce e-con-full e-flex e-con e-child\" data-id=\"6c4a6ce\" data-element_type=\"container\" data-e-type=\"container\" data-settings=\"{&quot;background_background&quot;:&quot;classic&quot;}\">\n\t\t\t\t<div class=\"elementor-element elementor-element-7c3acaa elementor-widget elementor-widget-heading\" data-id=\"7c3acaa\" data-element_type=\"widget\" data-e-type=\"widget\" data-widget_type=\"heading.default\">\n\t\t\t\t<div class=\"elementor-widget-container\">\n\t\t\t\t\t<h6 class=\"elementor-heading-title elementor-size-default\"><a href=\"https:\/\/venerala.org\/?tipologia=workshop\" rel=\"tag\">workshop<\/a><\/h6>\t\t\t\t<\/div>\n\t\t\t\t<\/div>\n\t\t\t\t<div class=\"elementor-element elementor-element-37cb8f7 elementor-widget elementor-widget-heading\" data-id=\"37cb8f7\" data-element_type=\"widget\" data-e-type=\"widget\" data-widget_type=\"heading.default\">\n\t\t\t\t<div class=\"elementor-widget-container\">\n\t\t\t\t\t<h6 class=\"elementor-heading-title elementor-size-default\">Dom 12 Ott<\/h6>\t\t\t\t<\/div>\n\t\t\t\t<\/div>\n\t\t\t\t<\/div>\n\t\t<div class=\"elementor-element elementor-element-6568c42 e-con-full e-flex e-con e-child\" data-id=\"6568c42\" data-element_type=\"container\" data-e-type=\"container\" data-settings=\"{&quot;background_background&quot;:&quot;classic&quot;}\">\n\t\t\t\t<div class=\"elementor-element elementor-element-8775f98 elementor-widget elementor-widget-heading\" data-id=\"8775f98\" data-element_type=\"widget\" data-e-type=\"widget\" data-widget_type=\"heading.default\">\n\t\t\t\t<div class=\"elementor-widget-container\">\n\t\t\t\t\t<h4 class=\"elementor-heading-title elementor-size-default\">Cartografia Resistente a Rovezzano<\/h4>\t\t\t\t<\/div>\n\t\t\t\t<\/div>\n\t\t\t\t<div class=\"elementor-element elementor-element-02afbe7 elementor-widget elementor-widget-text-editor\" data-id=\"02afbe7\" data-element_type=\"widget\" data-e-type=\"widget\" data-widget_type=\"text-editor.default\">\n\t\t\t\t<div class=\"elementor-widget-container\">\n\t\t\t\t\t\t\t\t\tPunto di ritrovo alla stazione di Rovezzano, ore 10. Durante il percorso toccheremo la caserma Predieri (destinata al comando NATO), le case Rom di via\t\t\t\t\t\t\t\t<\/div>\n\t\t\t\t<\/div>\n\t\t\t\t<div class=\"elementor-element elementor-element-92cccf9 elementor-align-center elementor-widget elementor-widget-button\" data-id=\"92cccf9\" data-element_type=\"widget\" data-e-type=\"widget\" data-widget_type=\"button.default\">\n\t\t\t\t<div class=\"elementor-widget-container\">\n\t\t\t\t\t\t\t\t\t<div class=\"elementor-button-wrapper\">\n\t\t\t\t\t<a class=\"elementor-button elementor-button-link elementor-size-sm elementor-animation-shrink\" href=\"https:\/\/venerala.org\/?eventi=cartografia-resistente-a-rovezzano\">\n\t\t\t\t\t\t<span class=\"elementor-button-content-wrapper\">\n\t\t\t\t\t\t\t\t\t<span class=\"elementor-button-text\">approfondisci<\/span>\n\t\t\t\t\t<\/span>\n\t\t\t\t\t<\/a>\n\t\t\t\t<\/div>\n\t\t\t\t\t\t\t\t<\/div>\n\t\t\t\t<\/div>\n\t\t\t\t<\/div>\n\t\t\t\t\t<\/div>\n\t\t\t\t<\/div>\n\t\t\t\t<\/div>\n\t\t<style id=\"loop-dynamic-1586\">.e-loop-item-1900 .elementor-element.elementor-element-6c4a6ce:not(.elementor-motion-effects-element-type-background), .e-loop-item-1900 .elementor-element.elementor-element-6c4a6ce > .elementor-motion-effects-container > .elementor-motion-effects-layer{background-image:url(\"https:\/\/venerala.org\/wp-content\/uploads\/2025\/06\/Le_case_cover-1.jpg\");}<\/style>\t\t<div data-elementor-type=\"loop-item\" data-elementor-id=\"1586\" class=\"elementor elementor-1586 e-loop-item e-loop-item-1900 post-1900 eventi type-eventi status-publish has-post-thumbnail hentry tipologia-ceccorivolta tipologia-talk location-uliveta giorno-evento-sabato-28\" data-elementor-post-type=\"elementor_library\" data-custom-edit-handle=\"1\">\n\t\t\t<div class=\"elementor-element elementor-element-a416cfe e-flex e-con-boxed e-con e-parent\" data-id=\"a416cfe\" data-element_type=\"container\" data-e-type=\"container\">\n\t\t\t\t\t<div class=\"e-con-inner\">\n\t\t<div class=\"elementor-element elementor-element-6c4a6ce e-con-full e-flex e-con e-child\" data-id=\"6c4a6ce\" data-element_type=\"container\" data-e-type=\"container\" data-settings=\"{&quot;background_background&quot;:&quot;classic&quot;}\">\n\t\t\t\t<div class=\"elementor-element elementor-element-7c3acaa elementor-widget elementor-widget-heading\" data-id=\"7c3acaa\" data-element_type=\"widget\" data-e-type=\"widget\" data-widget_type=\"heading.default\">\n\t\t\t\t<div class=\"elementor-widget-container\">\n\t\t\t\t\t<h6 class=\"elementor-heading-title elementor-size-default\"><a href=\"https:\/\/venerala.org\/?tipologia=ceccorivolta\" rel=\"tag\">ceccorivolta<\/a>, <a href=\"https:\/\/venerala.org\/?tipologia=talk\" rel=\"tag\">talk<\/a><\/h6>\t\t\t\t<\/div>\n\t\t\t\t<\/div>\n\t\t\t\t<div class=\"elementor-element elementor-element-37cb8f7 elementor-widget elementor-widget-heading\" data-id=\"37cb8f7\" data-element_type=\"widget\" data-e-type=\"widget\" data-widget_type=\"heading.default\">\n\t\t\t\t<div class=\"elementor-widget-container\">\n\t\t\t\t\t<h6 class=\"elementor-heading-title elementor-size-default\">Sab 28 Giu<\/h6>\t\t\t\t<\/div>\n\t\t\t\t<\/div>\n\t\t\t\t<\/div>\n\t\t<div class=\"elementor-element elementor-element-6568c42 e-con-full e-flex e-con e-child\" data-id=\"6568c42\" data-element_type=\"container\" data-e-type=\"container\" data-settings=\"{&quot;background_background&quot;:&quot;classic&quot;}\">\n\t\t\t\t<div class=\"elementor-element elementor-element-492cfb5 elementor-widget elementor-widget-heading\" data-id=\"492cfb5\" data-element_type=\"widget\" data-e-type=\"widget\" data-widget_type=\"heading.default\">\n\t\t\t\t<div class=\"elementor-widget-container\">\n\t\t\t\t\t<h6 class=\"elementor-heading-title elementor-size-default\">15:00<\/h6>\t\t\t\t<\/div>\n\t\t\t\t<\/div>\n\t\t\t\t<div class=\"elementor-element elementor-element-8775f98 elementor-widget elementor-widget-heading\" data-id=\"8775f98\" data-element_type=\"widget\" data-e-type=\"widget\" data-widget_type=\"heading.default\">\n\t\t\t\t<div class=\"elementor-widget-container\">\n\t\t\t\t\t<h4 class=\"elementor-heading-title elementor-size-default\">Le case dei sogni<\/h4>\t\t\t\t<\/div>\n\t\t\t\t<\/div>\n\t\t\t\t<div class=\"elementor-element elementor-element-02afbe7 elementor-widget elementor-widget-text-editor\" data-id=\"02afbe7\" data-element_type=\"widget\" data-e-type=\"widget\" data-widget_type=\"text-editor.default\">\n\t\t\t\t<div class=\"elementor-widget-container\">\n\t\t\t\t\t\t\t\t\tUn appuntamento per riflettere su come il turismo di massa stia ridefinendo i nostri territori e per scoprire nuove forme di narrazione e resistenza urbana.\t\t\t\t\t\t\t\t<\/div>\n\t\t\t\t<\/div>\n\t\t\t\t<div class=\"elementor-element elementor-element-92cccf9 elementor-align-center elementor-widget elementor-widget-button\" data-id=\"92cccf9\" data-element_type=\"widget\" data-e-type=\"widget\" data-widget_type=\"button.default\">\n\t\t\t\t<div class=\"elementor-widget-container\">\n\t\t\t\t\t\t\t\t\t<div class=\"elementor-button-wrapper\">\n\t\t\t\t\t<a class=\"elementor-button elementor-button-link elementor-size-sm elementor-animation-shrink\" href=\"https:\/\/venerala.org\/?eventi=le-case-dei-sogni\">\n\t\t\t\t\t\t<span class=\"elementor-button-content-wrapper\">\n\t\t\t\t\t\t\t\t\t<span class=\"elementor-button-text\">approfondisci<\/span>\n\t\t\t\t\t<\/span>\n\t\t\t\t\t<\/a>\n\t\t\t\t<\/div>\n\t\t\t\t\t\t\t\t<\/div>\n\t\t\t\t<\/div>\n\t\t\t\t<\/div>\n\t\t\t\t\t<\/div>\n\t\t\t\t<\/div>\n\t\t\t\t<\/div>\n\t\t\t\t<\/div>\n\t\t\t\t\t<span class=\"e-load-more-spinner\">\n\t\t\t\t<i aria-hidden=\"true\" class=\"fas fa-spinner\"><\/i>\t\t\t<\/span>\n\t\t\n\t\t\t\t<div class=\"e-load-more-anchor\" data-page=\"1\" data-max-page=\"3\" data-next-page=\"https:\/\/venerala.org\/index.php?rest_route=%2Fwp%2Fv2%2Fpages%2F1675&#038;paged=2\"><\/div>\n\t\t\t\t<div class=\"e-load-more-message\"><\/div>\n\t\t\t\t\t\t<\/div>\n\t\t\t\t<\/div>\n\t\t\t\t\t<\/div>\n\t\t\t\t<\/div>\n\t\t\t\t<\/div>\n\t\t","protected":false},"excerpt":{"rendered":"<p>Tutti gli eventi della tre giorni<\/p>\n","protected":false},"author":1,"featured_media":0,"parent":0,"menu_order":0,"comment_status":"closed","ping_status":"closed","template":"elementor_canvas","meta":{"_acf_changed":false,"footnotes":""},"class_list":["post-1675","page","type-page","status-publish","hentry"],"acf":[],"yoast_head":"<!-- This site is optimized with the Yoast SEO plugin v27.5 - https:\/\/yoast.com\/product\/yoast-seo-wordpress\/ -->\n<title>programma eventi tre giorni - veneraLA<\/title>\n<meta name=\"robots\" content=\"index, follow, max-snippet:-1, max-image-preview:large, max-video-preview:-1\" \/>\n<link rel=\"canonical\" href=\"https:\/\/venerala.org\/?page_id=1675\" \/>\n<meta property=\"og:locale\" content=\"it_IT\" \/>\n<meta property=\"og:type\" content=\"article\" \/>\n<meta property=\"og:title\" content=\"programma eventi tre giorni - veneraLA\" \/>\n<meta property=\"og:description\" content=\"Tutti gli eventi della tre giorni\" \/>\n<meta property=\"og:url\" content=\"https:\/\/venerala.org\/?page_id=1675\" \/>\n<meta property=\"og:site_name\" content=\"veneraLA\" \/>\n<meta property=\"article:modified_time\" content=\"2025-06-09T09:47:44+00:00\" \/>\n<meta name=\"twitter:card\" content=\"summary_large_image\" \/>\n<meta name=\"twitter:label1\" content=\"Tempo di lettura stimato\" \/>\n\t<meta name=\"twitter:data1\" content=\"8 minuti\" \/>\n<script type=\"application\/ld+json\" class=\"yoast-schema-graph\">{\"@context\":\"https:\\\/\\\/schema.org\",\"@graph\":[{\"@type\":\"WebPage\",\"@id\":\"https:\\\/\\\/venerala.org\\\/?page_id=1675\",\"url\":\"https:\\\/\\\/venerala.org\\\/?page_id=1675\",\"name\":\"programma eventi tre giorni - veneraLA\",\"isPartOf\":{\"@id\":\"https:\\\/\\\/venerala.org\\\/#website\"},\"datePublished\":\"2025-06-09T09:45:08+00:00\",\"dateModified\":\"2025-06-09T09:47:44+00:00\",\"breadcrumb\":{\"@id\":\"https:\\\/\\\/venerala.org\\\/?page_id=1675#breadcrumb\"},\"inLanguage\":\"it-IT\",\"potentialAction\":[{\"@type\":\"ReadAction\",\"target\":[\"https:\\\/\\\/venerala.org\\\/?page_id=1675\"]}]},{\"@type\":\"BreadcrumbList\",\"@id\":\"https:\\\/\\\/venerala.org\\\/?page_id=1675#breadcrumb\",\"itemListElement\":[{\"@type\":\"ListItem\",\"position\":1,\"name\":\"Home\",\"item\":\"https:\\\/\\\/venerala.org\\\/\"},{\"@type\":\"ListItem\",\"position\":2,\"name\":\"programma eventi tre giorni\"}]},{\"@type\":\"WebSite\",\"@id\":\"https:\\\/\\\/venerala.org\\\/#website\",\"url\":\"https:\\\/\\\/venerala.org\\\/\",\"name\":\"veneraLA\",\"description\":\"l&#039;odissea continua...\",\"publisher\":{\"@id\":\"https:\\\/\\\/venerala.org\\\/#organization\"},\"potentialAction\":[{\"@type\":\"SearchAction\",\"target\":{\"@type\":\"EntryPoint\",\"urlTemplate\":\"https:\\\/\\\/venerala.org\\\/?s={search_term_string}\"},\"query-input\":{\"@type\":\"PropertyValueSpecification\",\"valueRequired\":true,\"valueName\":\"search_term_string\"}}],\"inLanguage\":\"it-IT\"},{\"@type\":\"Organization\",\"@id\":\"https:\\\/\\\/venerala.org\\\/#organization\",\"name\":\"veneraLA\",\"url\":\"https:\\\/\\\/venerala.org\\\/\",\"logo\":{\"@type\":\"ImageObject\",\"inLanguage\":\"it-IT\",\"@id\":\"https:\\\/\\\/venerala.org\\\/#\\\/schema\\\/logo\\\/image\\\/\",\"url\":\"https:\\\/\\\/venerala.org\\\/wp-content\\\/uploads\\\/2025\\\/03\\\/favicon-venere-80.jpg\",\"contentUrl\":\"https:\\\/\\\/venerala.org\\\/wp-content\\\/uploads\\\/2025\\\/03\\\/favicon-venere-80.jpg\",\"width\":512,\"height\":512,\"caption\":\"veneraLA\"},\"image\":{\"@id\":\"https:\\\/\\\/venerala.org\\\/#\\\/schema\\\/logo\\\/image\\\/\"}}]}<\/script>\n<!-- \/ Yoast SEO plugin. -->","yoast_head_json":{"title":"programma eventi tre giorni - veneraLA","robots":{"index":"index","follow":"follow","max-snippet":"max-snippet:-1","max-image-preview":"max-image-preview:large","max-video-preview":"max-video-preview:-1"},"canonical":"https:\/\/venerala.org\/?page_id=1675","og_locale":"it_IT","og_type":"article","og_title":"programma eventi tre giorni - veneraLA","og_description":"Tutti gli eventi della tre giorni","og_url":"https:\/\/venerala.org\/?page_id=1675","og_site_name":"veneraLA","article_modified_time":"2025-06-09T09:47:44+00:00","twitter_card":"summary_large_image","twitter_misc":{"Tempo di lettura stimato":"8 minuti"},"schema":{"@context":"https:\/\/schema.org","@graph":[{"@type":"WebPage","@id":"https:\/\/venerala.org\/?page_id=1675","url":"https:\/\/venerala.org\/?page_id=1675","name":"programma eventi tre giorni - veneraLA","isPartOf":{"@id":"https:\/\/venerala.org\/#website"},"datePublished":"2025-06-09T09:45:08+00:00","dateModified":"2025-06-09T09:47:44+00:00","breadcrumb":{"@id":"https:\/\/venerala.org\/?page_id=1675#breadcrumb"},"inLanguage":"it-IT","potentialAction":[{"@type":"ReadAction","target":["https:\/\/venerala.org\/?page_id=1675"]}]},{"@type":"BreadcrumbList","@id":"https:\/\/venerala.org\/?page_id=1675#breadcrumb","itemListElement":[{"@type":"ListItem","position":1,"name":"Home","item":"https:\/\/venerala.org\/"},{"@type":"ListItem","position":2,"name":"programma eventi tre giorni"}]},{"@type":"WebSite","@id":"https:\/\/venerala.org\/#website","url":"https:\/\/venerala.org\/","name":"veneraLA","description":"l&#039;odissea continua...","publisher":{"@id":"https:\/\/venerala.org\/#organization"},"potentialAction":[{"@type":"SearchAction","target":{"@type":"EntryPoint","urlTemplate":"https:\/\/venerala.org\/?s={search_term_string}"},"query-input":{"@type":"PropertyValueSpecification","valueRequired":true,"valueName":"search_term_string"}}],"inLanguage":"it-IT"},{"@type":"Organization","@id":"https:\/\/venerala.org\/#organization","name":"veneraLA","url":"https:\/\/venerala.org\/","logo":{"@type":"ImageObject","inLanguage":"it-IT","@id":"https:\/\/venerala.org\/#\/schema\/logo\/image\/","url":"https:\/\/venerala.org\/wp-content\/uploads\/2025\/03\/favicon-venere-80.jpg","contentUrl":"https:\/\/venerala.org\/wp-content\/uploads\/2025\/03\/favicon-venere-80.jpg","width":512,"height":512,"caption":"veneraLA"},"image":{"@id":"https:\/\/venerala.org\/#\/schema\/logo\/image\/"}}]}},"_links":{"self":[{"href":"https:\/\/venerala.org\/index.php?rest_route=\/wp\/v2\/pages\/1675","targetHints":{"allow":["GET"]}}],"collection":[{"href":"https:\/\/venerala.org\/index.php?rest_route=\/wp\/v2\/pages"}],"about":[{"href":"https:\/\/venerala.org\/index.php?rest_route=\/wp\/v2\/types\/page"}],"author":[{"embeddable":true,"href":"https:\/\/venerala.org\/index.php?rest_route=\/wp\/v2\/users\/1"}],"replies":[{"embeddable":true,"href":"https:\/\/venerala.org\/index.php?rest_route=%2Fwp%2Fv2%2Fcomments&post=1675"}],"version-history":[{"count":7,"href":"https:\/\/venerala.org\/index.php?rest_route=\/wp\/v2\/pages\/1675\/revisions"}],"predecessor-version":[{"id":1683,"href":"https:\/\/venerala.org\/index.php?rest_route=\/wp\/v2\/pages\/1675\/revisions\/1683"}],"wp:attachment":[{"href":"https:\/\/venerala.org\/index.php?rest_route=%2Fwp%2Fv2%2Fmedia&parent=1675"}],"curies":[{"name":"wp","href":"https:\/\/api.w.org\/{rel}","templated":true}]}}