{"id":1659,"date":"2025-06-09T11:36:06","date_gmt":"2025-06-09T09:36:06","guid":{"rendered":"https:\/\/venerala.org\/?page_id=1659"},"modified":"2025-06-09T11:38:08","modified_gmt":"2025-06-09T09:38:08","slug":"perche-una-tre-giorni","status":"publish","type":"page","link":"https:\/\/venerala.org\/?page_id=1659","title":{"rendered":"Perch\u00e9 una tre giorni"},"content":{"rendered":"\t\t<div data-elementor-type=\"wp-page\" data-elementor-id=\"1659\" class=\"elementor elementor-1659\" data-elementor-post-type=\"page\">\n\t\t\t\t<div class=\"elementor-element elementor-element-7f767d2 e-flex e-con-boxed e-con e-parent\" data-id=\"7f767d2\" data-element_type=\"container\" data-e-type=\"container\">\n\t\t\t\t\t<div class=\"e-con-inner\">\n\t\t\t\t<div class=\"elementor-element elementor-element-527a0c6 elementor-widget elementor-widget-heading\" data-id=\"527a0c6\" data-element_type=\"widget\" data-e-type=\"widget\" data-widget_type=\"heading.default\">\n\t\t\t\t<div class=\"elementor-widget-container\">\n\t\t\t\t\t<h2 class=\"elementor-heading-title elementor-size-default\">Cecco Rivolta 2000-2025<\/h2>\t\t\t\t<\/div>\n\t\t\t\t<\/div>\n\t\t\t\t<div class=\"elementor-element elementor-element-beb30f9 elementor-widget elementor-widget-heading\" data-id=\"beb30f9\" data-element_type=\"widget\" data-e-type=\"widget\" data-widget_type=\"heading.default\">\n\t\t\t\t<div class=\"elementor-widget-container\">\n\t\t\t\t\t<h5 class=\"elementor-heading-title elementor-size-default\">Navigare tracce, memorie, desideri nella citt\u00e0 sommersa.<\/h5>\t\t\t\t<\/div>\n\t\t\t\t<\/div>\n\t\t\t\t<div class=\"elementor-element elementor-element-11261d5 elementor-widget elementor-widget-text-editor\" data-id=\"11261d5\" data-element_type=\"widget\" data-e-type=\"widget\" data-widget_type=\"text-editor.default\">\n\t\t\t\t<div class=\"elementor-widget-container\">\n\t\t\t\t\t\t\t\t\t<p>\u00a0<\/p><p><strong>Cecco Rivolta, via Dazzi 3, Firenze.<\/strong><\/p><p><span style=\"font-weight: 400;\">26-27-28 giugno 2025\u00a0\u00a0\u00a0\u00a0\u00a0\u00a0\u00a0\u00a0\u00a0\u00a0\u00a0\u00a0\u00a0\u00a0\u00a0\u00a0\u00a0\u00a0\u00a0\u00a0<\/span><\/p><p><span style=\"font-weight: 400;\">\u00a0<\/span><\/p><p><span style=\"font-weight: 400;\">Quando venticinque anni fa abbiamo occupato il Cecco Rivolta e avviato il nostro piccolo esperimento collettivo, non avremmo mai immaginato che sarebbe durato cos\u00ec a lungo.<\/span><\/p><p><span style=\"font-weight: 400;\">In questo quarto di secolo \u00e8 cambiato tutto: noi, la casa, il mondo. Abbiamo assecondato queste trasformazioni, superato le nostre rigidit\u00e0, accolto il movimento.<\/span><\/p><p><span style=\"font-weight: 400;\">Tantissime persone hanno attraversato la casa, hanno calpestato il vecchio pavimento di cotto, lanciato un ceppo nel camino, goduto del suo giardino in primavera, organizzato feste e cortei, partecipato ad estenuanti discussioni e liti furibonde.<\/span><\/p><p><span style=\"font-weight: 400;\">Ognuna di queste esperienze ha fatto di questa casa in collina una delle isole di questa citt\u00e0 sommersa dalle merci, dai flussi finanziari, dai turisti. Poco importa se chi la pensa provi rancore o amore incondizionato: quello che conta \u00e8 che questo pezzettino di territorio \u00e8 parte di una mappa condivisa.\u00a0<\/span><\/p><p><span style=\"font-weight: 400;\">Circa dieci anni fa abbiamo aperto un percorso che ci ha portato alla realizzazione di un cantiere di auto recupero della casa, partecipando al bando regionale destinato a \u201cMisure Straordinarie, urgenti e sperimentali, integrative delle azioni previste dal programma di ERP 2003-2005\u201d per interventi di autocostruzione o auto recupero di alloggi destinati alla locazione, grazie alla convenzione stabilita con la propriet\u00e0 dell\u2019area, l\u2019Universit\u00e0 degli Studi di Firenze.<\/span><\/p><p><span style=\"font-weight: 400;\">Abbiamo ricostruito la casa, tramite un cantiere in regime di auto recupero durato 5 anni circa, ma ad oggi la propriet\u00e0 continua silenziosamente a slittare la stipula del contratto d\u2019affitto senza addurre motivazioni.\u00a0<\/span><\/p><p><span style=\"font-weight: 400;\">Ci sembra inoltre che anno dopo anno, la nostra rete di relazioni si assottigli, che la routine del quotidiano stia erodendo il senso del nostro agire, delle nostre scelte. Le isole della nostra citt\u00e0 sommersa stanno lentamente scomparendo, rosicchiate dalla marea di individualismo e di apatia che questo modello di societ\u00e0 produce.<\/span><\/p><p><span style=\"font-weight: 400;\">Da venticinque anni, il 24 giugno festeggiamo la nostra casa, le persone che l\u2019attraversano, il traguardo improbabile di un altro anno di esistenza. Mettiamo su una festa, una specie di carnevale, in cui non conta la performance ma l\u2019esserci.<\/span><\/p><p><span style=\"font-weight: 400;\">Quest\u2019anno sentiamo il desiderio di rilanciare, di gettare il cuore oltre l\u2019ostacolo e provare a costruire una tre giorni, in cui ricomporre il passato, il presente e il futuro, interrogandoci sulla nostra citt\u00e0, raccontando storie che leghino luoghi apparentemente distanti.<\/span><\/p><p><span style=\"font-weight: 400;\">Per farlo per\u00f2 abbiamo bisogno di energie, di corpi, di progetti, di sogni e di soldi. Siamo certi di non essere gli unici a sentire la necessit\u00e0 di riconnettere ci\u00f2 che \u00e8 stato reciso, trovare un senso dove prima non c\u2019era, coltivare possibili sviluppi per un futuro in cui la collettivit\u00e0 continui ad avere un valore superiore al denaro. Questo piccolo testo vuole essere un appello.\u00a0<\/span><\/p><p><span style=\"font-weight: 400;\">Si tratta di far lavorare la differenza di potenziale tra il vuoto pneumatico delle nostre piazze e la necessit\u00e0 impellente del nostro desiderio. Raccogliere nuove energie ed entusiasmi, interrogarci su ci\u00f2 che \u00e8 stato, sovrapporre le nostre visioni e affermare con forza che questa casa \u00e8 uno spazio pubblico e collettivo, aperto e ricettivo alle proposte della citt\u00e0 per la citt\u00e0. Vorremmo condividere, con chi lo vorr\u00e0, la progettazione e la realizzazione di questo momento collettivo, aprendo il Cecco Rivolta alle energie e alle intelligenze che si muovono sul nostro stesso territorio.\u00a0<\/span><\/p><p><b><i>\u00c8 con questa premessa che vorremmo invitarvi ad essere parte di questo momento, a quella che sar\u00e0 una tre giorni di dibattiti, workshop, performance, concerti, festa, connessione delle isole e dei corpi che insieme costituiscono la citt\u00e0 sommersa, la nostra memoria fatta dei desideri, delle storie e dei corpi che hanno attraversato questo luogo.<\/i><\/b><\/p><p><span style=\"font-weight: 400;\">\u00a0<\/span><\/p><p><span style=\"font-weight: 400;\">per info:<\/span><\/p><p><a href=\"mailto:ceccorivolta-2000-2025@venerala.org\"><span style=\"font-weight: 400;\">ceccorivolta-2000-2025@venerala.org<\/span><\/a><\/p>\t\t\t\t\t\t\t\t<\/div>\n\t\t\t\t<\/div>\n\t\t\t\t\t<\/div>\n\t\t\t\t<\/div>\n\t\t\t\t<\/div>\n\t\t","protected":false},"excerpt":{"rendered":"<p>Cecco Rivolta 2000-2025 Navigare tracce, memorie, desideri nella citt\u00e0 sommersa. \u00a0 Cecco Rivolta, via Dazzi 3, Firenze. 26-27-28 giugno 2025\u00a0\u00a0\u00a0\u00a0\u00a0\u00a0\u00a0\u00a0\u00a0\u00a0\u00a0\u00a0\u00a0\u00a0\u00a0\u00a0\u00a0\u00a0\u00a0\u00a0 \u00a0 Quando venticinque anni fa abbiamo occupato il Cecco Rivolta e avviato il nostro piccolo esperimento collettivo, non avremmo mai immaginato che sarebbe durato cos\u00ec a lungo. In questo quarto di secolo \u00e8 cambiato tutto: [&hellip;]<\/p>\n","protected":false},"author":1,"featured_media":0,"parent":0,"menu_order":0,"comment_status":"closed","ping_status":"closed","template":"elementor_canvas","meta":{"_acf_changed":false,"footnotes":""},"class_list":["post-1659","page","type-page","status-publish","hentry"],"acf":[],"yoast_head":"<!-- This site is optimized with the Yoast SEO plugin v27.5 - https:\/\/yoast.com\/product\/yoast-seo-wordpress\/ -->\n<title>Perch\u00e9 una tre giorni - veneraLA<\/title>\n<meta name=\"robots\" content=\"index, follow, max-snippet:-1, max-image-preview:large, max-video-preview:-1\" \/>\n<link rel=\"canonical\" href=\"https:\/\/venerala.org\/?page_id=1659\" \/>\n<meta property=\"og:locale\" content=\"it_IT\" \/>\n<meta property=\"og:type\" content=\"article\" \/>\n<meta property=\"og:title\" content=\"Perch\u00e9 una tre giorni - veneraLA\" \/>\n<meta property=\"og:description\" content=\"Cecco Rivolta 2000-2025 Navigare tracce, memorie, desideri nella citt\u00e0 sommersa. \u00a0 Cecco Rivolta, via Dazzi 3, Firenze. 26-27-28 giugno 2025\u00a0\u00a0\u00a0\u00a0\u00a0\u00a0\u00a0\u00a0\u00a0\u00a0\u00a0\u00a0\u00a0\u00a0\u00a0\u00a0\u00a0\u00a0\u00a0\u00a0 \u00a0 Quando venticinque anni fa abbiamo occupato il Cecco Rivolta e avviato il nostro piccolo esperimento collettivo, non avremmo mai immaginato che sarebbe durato cos\u00ec a lungo. In questo quarto di secolo \u00e8 cambiato tutto: [&hellip;]\" \/>\n<meta property=\"og:url\" content=\"https:\/\/venerala.org\/?page_id=1659\" \/>\n<meta property=\"og:site_name\" content=\"veneraLA\" \/>\n<meta property=\"article:modified_time\" content=\"2025-06-09T09:38:08+00:00\" \/>\n<meta name=\"twitter:card\" content=\"summary_large_image\" \/>\n<meta name=\"twitter:label1\" content=\"Tempo di lettura stimato\" \/>\n\t<meta name=\"twitter:data1\" content=\"4 minuti\" \/>\n<script type=\"application\/ld+json\" class=\"yoast-schema-graph\">{\"@context\":\"https:\\\/\\\/schema.org\",\"@graph\":[{\"@type\":\"WebPage\",\"@id\":\"https:\\\/\\\/venerala.org\\\/?page_id=1659\",\"url\":\"https:\\\/\\\/venerala.org\\\/?page_id=1659\",\"name\":\"Perch\u00e9 una tre giorni - veneraLA\",\"isPartOf\":{\"@id\":\"https:\\\/\\\/venerala.org\\\/#website\"},\"datePublished\":\"2025-06-09T09:36:06+00:00\",\"dateModified\":\"2025-06-09T09:38:08+00:00\",\"breadcrumb\":{\"@id\":\"https:\\\/\\\/venerala.org\\\/?page_id=1659#breadcrumb\"},\"inLanguage\":\"it-IT\",\"potentialAction\":[{\"@type\":\"ReadAction\",\"target\":[\"https:\\\/\\\/venerala.org\\\/?page_id=1659\"]}]},{\"@type\":\"BreadcrumbList\",\"@id\":\"https:\\\/\\\/venerala.org\\\/?page_id=1659#breadcrumb\",\"itemListElement\":[{\"@type\":\"ListItem\",\"position\":1,\"name\":\"Home\",\"item\":\"https:\\\/\\\/venerala.org\\\/\"},{\"@type\":\"ListItem\",\"position\":2,\"name\":\"Perch\u00e9 una tre giorni\"}]},{\"@type\":\"WebSite\",\"@id\":\"https:\\\/\\\/venerala.org\\\/#website\",\"url\":\"https:\\\/\\\/venerala.org\\\/\",\"name\":\"veneraLA\",\"description\":\"l&#039;odissea continua...\",\"publisher\":{\"@id\":\"https:\\\/\\\/venerala.org\\\/#organization\"},\"potentialAction\":[{\"@type\":\"SearchAction\",\"target\":{\"@type\":\"EntryPoint\",\"urlTemplate\":\"https:\\\/\\\/venerala.org\\\/?s={search_term_string}\"},\"query-input\":{\"@type\":\"PropertyValueSpecification\",\"valueRequired\":true,\"valueName\":\"search_term_string\"}}],\"inLanguage\":\"it-IT\"},{\"@type\":\"Organization\",\"@id\":\"https:\\\/\\\/venerala.org\\\/#organization\",\"name\":\"veneraLA\",\"url\":\"https:\\\/\\\/venerala.org\\\/\",\"logo\":{\"@type\":\"ImageObject\",\"inLanguage\":\"it-IT\",\"@id\":\"https:\\\/\\\/venerala.org\\\/#\\\/schema\\\/logo\\\/image\\\/\",\"url\":\"https:\\\/\\\/venerala.org\\\/wp-content\\\/uploads\\\/2025\\\/03\\\/favicon-venere-80.jpg\",\"contentUrl\":\"https:\\\/\\\/venerala.org\\\/wp-content\\\/uploads\\\/2025\\\/03\\\/favicon-venere-80.jpg\",\"width\":512,\"height\":512,\"caption\":\"veneraLA\"},\"image\":{\"@id\":\"https:\\\/\\\/venerala.org\\\/#\\\/schema\\\/logo\\\/image\\\/\"}}]}<\/script>\n<!-- \/ Yoast SEO plugin. -->","yoast_head_json":{"title":"Perch\u00e9 una tre giorni - veneraLA","robots":{"index":"index","follow":"follow","max-snippet":"max-snippet:-1","max-image-preview":"max-image-preview:large","max-video-preview":"max-video-preview:-1"},"canonical":"https:\/\/venerala.org\/?page_id=1659","og_locale":"it_IT","og_type":"article","og_title":"Perch\u00e9 una tre giorni - veneraLA","og_description":"Cecco Rivolta 2000-2025 Navigare tracce, memorie, desideri nella citt\u00e0 sommersa. \u00a0 Cecco Rivolta, via Dazzi 3, Firenze. 26-27-28 giugno 2025\u00a0\u00a0\u00a0\u00a0\u00a0\u00a0\u00a0\u00a0\u00a0\u00a0\u00a0\u00a0\u00a0\u00a0\u00a0\u00a0\u00a0\u00a0\u00a0\u00a0 \u00a0 Quando venticinque anni fa abbiamo occupato il Cecco Rivolta e avviato il nostro piccolo esperimento collettivo, non avremmo mai immaginato che sarebbe durato cos\u00ec a lungo. In questo quarto di secolo \u00e8 cambiato tutto: [&hellip;]","og_url":"https:\/\/venerala.org\/?page_id=1659","og_site_name":"veneraLA","article_modified_time":"2025-06-09T09:38:08+00:00","twitter_card":"summary_large_image","twitter_misc":{"Tempo di lettura stimato":"4 minuti"},"schema":{"@context":"https:\/\/schema.org","@graph":[{"@type":"WebPage","@id":"https:\/\/venerala.org\/?page_id=1659","url":"https:\/\/venerala.org\/?page_id=1659","name":"Perch\u00e9 una tre giorni - veneraLA","isPartOf":{"@id":"https:\/\/venerala.org\/#website"},"datePublished":"2025-06-09T09:36:06+00:00","dateModified":"2025-06-09T09:38:08+00:00","breadcrumb":{"@id":"https:\/\/venerala.org\/?page_id=1659#breadcrumb"},"inLanguage":"it-IT","potentialAction":[{"@type":"ReadAction","target":["https:\/\/venerala.org\/?page_id=1659"]}]},{"@type":"BreadcrumbList","@id":"https:\/\/venerala.org\/?page_id=1659#breadcrumb","itemListElement":[{"@type":"ListItem","position":1,"name":"Home","item":"https:\/\/venerala.org\/"},{"@type":"ListItem","position":2,"name":"Perch\u00e9 una tre giorni"}]},{"@type":"WebSite","@id":"https:\/\/venerala.org\/#website","url":"https:\/\/venerala.org\/","name":"veneraLA","description":"l&#039;odissea continua...","publisher":{"@id":"https:\/\/venerala.org\/#organization"},"potentialAction":[{"@type":"SearchAction","target":{"@type":"EntryPoint","urlTemplate":"https:\/\/venerala.org\/?s={search_term_string}"},"query-input":{"@type":"PropertyValueSpecification","valueRequired":true,"valueName":"search_term_string"}}],"inLanguage":"it-IT"},{"@type":"Organization","@id":"https:\/\/venerala.org\/#organization","name":"veneraLA","url":"https:\/\/venerala.org\/","logo":{"@type":"ImageObject","inLanguage":"it-IT","@id":"https:\/\/venerala.org\/#\/schema\/logo\/image\/","url":"https:\/\/venerala.org\/wp-content\/uploads\/2025\/03\/favicon-venere-80.jpg","contentUrl":"https:\/\/venerala.org\/wp-content\/uploads\/2025\/03\/favicon-venere-80.jpg","width":512,"height":512,"caption":"veneraLA"},"image":{"@id":"https:\/\/venerala.org\/#\/schema\/logo\/image\/"}}]}},"_links":{"self":[{"href":"https:\/\/venerala.org\/index.php?rest_route=\/wp\/v2\/pages\/1659","targetHints":{"allow":["GET"]}}],"collection":[{"href":"https:\/\/venerala.org\/index.php?rest_route=\/wp\/v2\/pages"}],"about":[{"href":"https:\/\/venerala.org\/index.php?rest_route=\/wp\/v2\/types\/page"}],"author":[{"embeddable":true,"href":"https:\/\/venerala.org\/index.php?rest_route=\/wp\/v2\/users\/1"}],"replies":[{"embeddable":true,"href":"https:\/\/venerala.org\/index.php?rest_route=%2Fwp%2Fv2%2Fcomments&post=1659"}],"version-history":[{"count":6,"href":"https:\/\/venerala.org\/index.php?rest_route=\/wp\/v2\/pages\/1659\/revisions"}],"predecessor-version":[{"id":1665,"href":"https:\/\/venerala.org\/index.php?rest_route=\/wp\/v2\/pages\/1659\/revisions\/1665"}],"wp:attachment":[{"href":"https:\/\/venerala.org\/index.php?rest_route=%2Fwp%2Fv2%2Fmedia&parent=1659"}],"curies":[{"name":"wp","href":"https:\/\/api.w.org\/{rel}","templated":true}]}}