{"id":159,"date":"2025-03-21T11:16:30","date_gmt":"2025-03-21T10:16:30","guid":{"rendered":"https:\/\/venerala.org\/?page_id=159"},"modified":"2025-04-14T22:50:05","modified_gmt":"2025-04-14T20:50:05","slug":"timeline","status":"publish","type":"page","link":"https:\/\/venerala.org\/?page_id=159","title":{"rendered":"time-line"},"content":{"rendered":"\t\t<div data-elementor-type=\"wp-page\" data-elementor-id=\"159\" class=\"elementor elementor-159\" data-elementor-post-type=\"page\">\n\t\t\t\t<div class=\"elementor-element elementor-element-cb6e96b e-flex e-con-boxed e-con e-parent\" data-id=\"cb6e96b\" data-element_type=\"container\" data-e-type=\"container\">\n\t\t\t\t\t<div class=\"e-con-inner\">\n\t\t\t\t<div class=\"elementor-element elementor-element-f57b783 elementor-widget elementor-widget-heading\" data-id=\"f57b783\" data-element_type=\"widget\" data-e-type=\"widget\" data-widget_type=\"heading.default\">\n\t\t\t\t<div class=\"elementor-widget-container\">\n\t\t\t\t\t<h2 class=\"elementor-heading-title elementor-size-default\">Storia della Dea<\/h2>\t\t\t\t<\/div>\n\t\t\t\t<\/div>\n\t\t\t\t<div class=\"elementor-element elementor-element-73388fb elementor-widget elementor-widget-mdp-timeliner-elementor\" data-id=\"73388fb\" data-element_type=\"widget\" data-e-type=\"widget\" data-widget_type=\"mdp-timeliner-elementor.default\">\n\t\t\t\t<div class=\"elementor-widget-container\">\n\t\t\t\t\t\n        <!-- Start Timeliner WordPress Plugin -->\n\n        <div id=\"mdp-timeline-73388fb\" class=\"timeline mdp-timeline-73388fb\">\n            <div class=\"timeline__wrap\">\n                <div class=\"timeline__items\">\n                    \n       <div class=\"timeline__item\">\n            <div class=\"timeline__content\">\n                \n        <img decoding=\"async\" src=\"https:\/\/venerala.org\/wp-content\/uploads\/2025\/03\/meccanotessile1.jpg\"\n             class=\"mdp-timeliner-image\"\n             alt=\"\"\/>\n\n                <h3 class=\"mdp-timeliner-title\">\n            <span><\/span>\n            2000 - L&#039;Ex-Meccanotessile futuro Centro delle Arti Contemporanee            <span><\/span>\n        <\/h3>\n            <p class=\"mdp-timeliner-description\">\n            <span><\/span>\n            <span style=\"font-weight: 400\">Il 17 Aprile del 2000, dopo decenni di attesa, la Giunta Comunale approva il progetto esecutivo con delibera n. 488. Si realizzano tesi di laurea sul tema seguite direttamente dalla Commissione speciale sul Meccanotessile che organizza, insieme all\u2019Assessore alla Cultura del Comune di Firenze, presso il circolo SMS di Rifredi eventi e mostre sull\u2019arte contemporanea. Poi tutto si ferma, a seguito di vicissitudini legate ad appalti e ricorsi, inoltre la Commissione Meccanotessile si scioglie al termine del primo mandato del Sindaco Domenici.<\/span>            <span><\/span>\n        <\/p>\n              <\/div>\n       <\/div>\n\n    \n       <div class=\"timeline__item\">\n            <div class=\"timeline__content\">\n                \n        <img decoding=\"async\" src=\"https:\/\/venerala.org\/wp-content\/uploads\/2025\/03\/network.jpg\"\n             class=\"mdp-timeliner-image\"\n             alt=\"\"\/>\n\n                <h3 class=\"mdp-timeliner-title\">\n            <span><\/span>\n            Gennaio 2001 - nascita di un percorso            <span><\/span>\n        <\/h3>\n            <p class=\"mdp-timeliner-description\">\n            <span><\/span>\n            <span style=\"font-weight: 400\">Dai collettivi studenteschi fiorentini prende vita in soggetto nuovo e in rapida evoluzione: il <\/span>Network Odissea per lo spazio<span style=\"font-weight: 400\">. Rivendica spazi per la socialit\u00e0 e la creativit\u00e0, liberi dalle logiche di mercato che sempre pi\u00f9 stanno cambiando la citt\u00e0.\u00a0<\/span>            <span><\/span>\n        <\/p>\n              <\/div>\n       <\/div>\n\n    \n       <div class=\"timeline__item\">\n            <div class=\"timeline__content\">\n                \n        <img decoding=\"async\" src=\"\"\n             class=\"mdp-timeliner-image\"\n             alt=\"\"\/>\n\n                <h3 class=\"mdp-timeliner-title\">\n            <span><\/span>\n            Marzo 2001 - Via bufalini e gli Zot            <span><\/span>\n        <\/h3>\n            <p class=\"mdp-timeliner-description\">\n            <span><\/span>\n            <span style=\"font-weight: 400\">Il Network occupa uno stabile in via Bufalini che diventer\u00e0 il suo quartier generale. Dentro quel contenitore si creano relazioni e sinergie che porteranno alla costruzione di una serie di azioni volte a riappropriarsi temporaneamente di spazi abbandonati nel centro della citt\u00e0 tra cui il teatro Niccolini. Lo slogan che legava quelle azioni era: <a href=\"https:\/\/web.archive.org\/web\/20050203211013\/http:\/\/docom.inventati.org\/index.html\">\u201cColpire al cuore della citt\u00e0 vetrina.\u201d <\/a><\/span>            <span><\/span>\n        <\/p>\n              <\/div>\n       <\/div>\n\n    \n       <div class=\"timeline__item\">\n            <div class=\"timeline__content\">\n                \n        <img decoding=\"async\" src=\"\"\n             class=\"mdp-timeliner-image\"\n             alt=\"\"\/>\n\n                <h3 class=\"mdp-timeliner-title\">\n            <span><\/span>\n            Aprile 2002 - Prima tre giorni alle cascine            <span><\/span>\n        <\/h3>\n            <p class=\"mdp-timeliner-description\">\n            <span><\/span>\n            <span style=\"font-weight: 400\">Il 25 aprile 2002 migliaia di giovani presero possesso del prato delle cascine con installazioni, banchetti informativi, sound system, concerti dal vivo per tre giorni: la prima 72 ore di resistenza.\u00a0 Una notte di festa che coinvolse migliaia di giovani e meno giovani di ogni parte del mondo. La mattina seguente una scritta sui muri: \u201cHave a break\u201d<\/span>            <span><\/span>\n        <\/p>\n              <\/div>\n       <\/div>\n\n    \n       <div class=\"timeline__item\">\n            <div class=\"timeline__content\">\n                \n        <img decoding=\"async\" src=\"https:\/\/venerala.org\/wp-content\/uploads\/2025\/03\/glotek.jpg\"\n             class=\"mdp-timeliner-image\"\n             alt=\"\"\/>\n\n                <h3 class=\"mdp-timeliner-title\">\n            <span><\/span>\n            novembre 2002 - il Glotek\u00a0            <span><\/span>\n        <\/h3>\n            <p class=\"mdp-timeliner-description\">\n            <span><\/span>\n            <span style=\"font-weight: 400\">A seguito del grande Corteo del Social Forum, un nutrito gruppo di persone occupa per una notte l\u2019ex-meccanotessile, nel cuore di Rifredi. Lo spazio, vuoto da oltre vent\u2019anni, era stato promesso dall\u2019allora amministrazione a diventare un centro per la produzione d\u2019arte contemporanea. Nell\u2019attesa, diventa il teatro di un grande evento auto-organizzato, il GLoteK, che raccoglie migliaia di persone fino alla mattina del giorno successivo.<\/span>            <span><\/span>\n        <\/p>\n              <\/div>\n       <\/div>\n\n    \n       <div class=\"timeline__item\">\n            <div class=\"timeline__content\">\n                \n        <img decoding=\"async\" src=\"https:\/\/venerala.org\/wp-content\/uploads\/2025\/03\/venus-day.jpg\"\n             class=\"mdp-timeliner-image\"\n             alt=\"\"\/>\n\n                <h3 class=\"mdp-timeliner-title\">\n            <span><\/span>\n            2003 -La venere biomeccanica e la seconda tre giorni            <span><\/span>\n        <\/h3>\n            <p class=\"mdp-timeliner-description\">\n            <span><\/span>\n            <span style=\"font-weight: 400\">Il Network Odissea per lo spazio, composto da centinaia di giovani provenienti da molte realt\u00e0 fiorentine, occupa l\u2019ex-Meccanotessile nel cuore di Rifredi. Per due mesi l\u2019ex fabbrica si trasforma in un cantiere collettivo in cui verr\u00e0 costruita la statua di una venere Biomeccanica in lamine di metallo, plastilina e tubi innocenti. Alla fine del cantiere, oltre 5000 persone porteranno la statua in processione gioiosa fino al parco delle cascine, teatro di una grande <a href=\"https:\/\/www.youtube.com\/watch?v=4Q9QFrxp4-Y\">tre giorni autorganizzata di cultura dal basso e musica.<\/a><\/span>            <span><\/span>\n        <\/p>\n              <\/div>\n       <\/div>\n\n    \n       <div class=\"timeline__item\">\n            <div class=\"timeline__content\">\n                \n        <img decoding=\"async\" src=\"https:\/\/venerala.org\/wp-content\/uploads\/2025\/03\/elettro.jpg\"\n             class=\"mdp-timeliner-image\"\n             alt=\"\"\/>\n\n                <h3 class=\"mdp-timeliner-title\">\n            <span><\/span>\n            2004 - l&#039;elettro+            <span><\/span>\n        <\/h3>\n            <p class=\"mdp-timeliner-description\">\n            <span><\/span>\n            <span style=\"font-weight: 400\">Le tematiche portate avanti dalla rete del network in progress suscitano l\u2019interessamento del presidente e del consiglio del quartiere 4 e iniziano una serie di incontri volti a valutare la<\/span><span style=\"font-weight: 400\">possibilit\u00e0 di trovare uno spazio permanente in cui le diverse realt\u00e0 della rete potessero realizzare ed esprimere le proprie progettualit\u00e0. Partendo dunque da un percorso di Z.O.T., si apre la possibilit\u00e0 di un comodato d\u2019uso gratuito di una fabbrica in disuso per due <\/span><span style=\"font-weight: 400\">anni. Nasce Cos\u00ec l\u2019Elettro+, che diventer\u00e0 un centro per molte delle anime creative della citt\u00e0, producendo, eventi, mostre, concerti e una moltitudini di connessioni, artistiche, politiche e culturali. <\/span>            <span><\/span>\n        <\/p>\n              <\/div>\n       <\/div>\n\n    \n       <div class=\"timeline__item\">\n            <div class=\"timeline__content\">\n                \n        <img decoding=\"async\" src=\"https:\/\/venerala.org\/wp-content\/uploads\/2025\/03\/exmeccanotessile.jpg\"\n             class=\"mdp-timeliner-image\"\n             alt=\"\"\/>\n\n                <h3 class=\"mdp-timeliner-title\">\n            <span><\/span>\n            2009 - Cambia tutto            <span><\/span>\n        <\/h3>\n            <p class=\"mdp-timeliner-description\">\n            <span><\/span>\n            <span style=\"font-weight: 400\">Nel 2009 Matteo Renzi cambia rotta politica sul destino dell\u2019ex Meccanotessile e il progetto si interrompe totalmente: l\u2019area viene messa in vendita, infatti il 4 febbraio 2010 il lotto viene inserito nel piano di alienazione del Comune. E\u2019 in questo momento storico che nasce il secondo Comitato, cio\u00e8 l\u2019attuale \u201cIl Meccanotessile \u00e8 dei cittadini\u201d.<\/span>            <span><\/span>\n        <\/p>\n              <\/div>\n       <\/div>\n\n    \n       <div class=\"timeline__item\">\n            <div class=\"timeline__content\">\n                \n        <img decoding=\"async\" src=\"https:\/\/venerala.org\/wp-content\/uploads\/2025\/03\/cantiere-venere-mari_37.jpg\"\n             class=\"mdp-timeliner-image\"\n             alt=\"\"\/>\n\n                <h3 class=\"mdp-timeliner-title\">\n            <span><\/span>\n            2010-2020 - Il sonno della Venere            <span><\/span>\n        <\/h3>\n            <p class=\"mdp-timeliner-description\">\n            <span><\/span>\n            <span style=\"font-weight: 400\">Sono anni in cui tutto rimane immobile. Il meccanotessile, vuoto e abbandonato a se stesso, diventa rifugio per persone senza fissa dimora, la sua superficie si riempie di spazzatura e detriti. Writers e skaters a volte ne varcano i confini recintati per dipingere i muri o sfruttarne l\u2019architettura per i loro tricks. La Venere rimane l\u00ec, appoggiata ad un piedistallo di tubi innocenti arrugginiti, ad osservare in silenzio lo scorrere del tempo. <\/span>            <span><\/span>\n        <\/p>\n              <\/div>\n       <\/div>\n\n    \n       <div class=\"timeline__item\">\n            <div class=\"timeline__content\">\n                \n        <img decoding=\"async\" src=\"\"\n             class=\"mdp-timeliner-image\"\n             alt=\"\"\/>\n\n                <h3 class=\"mdp-timeliner-title\">\n            <span><\/span>\n            2020-2021 ITACA             <span><\/span>\n        <\/h3>\n            <p class=\"mdp-timeliner-description\">\n            <span><\/span>\n            <span style=\"font-weight: 400\">Con l\u2019avvicinarsi del ventennale della realizzazione della Venere BIOmeccanica, un gruppo eterogeneo di soggetti mette in piedi un\u2019assemblea aperta, per costruire una serie di azioni legate alla costruzione di un archivio dei materiali prodotti durante il cantiere al Meccanotessile e alla tre giorni successiva. Il progetto viene chiamato ITACA a simboleggiare il ritorno a casa della Venere biomeccanica, per troppo tempo abbandonata a se stessa.\u00a0 <\/span>            <span><\/span>\n        <\/p>\n              <\/div>\n       <\/div>\n\n    \n       <div class=\"timeline__item\">\n            <div class=\"timeline__content\">\n                \n        <img decoding=\"async\" src=\"https:\/\/venerala.org\/wp-content\/uploads\/2025\/03\/cantiere-venere-mari_53.jpg\"\n             class=\"mdp-timeliner-image\"\n             alt=\"\"\/>\n\n                <h3 class=\"mdp-timeliner-title\">\n            <span><\/span>\n            Marzo 2021 - Petizione \u201cLa casa della Venere\u201d            <span><\/span>\n        <\/h3>\n            <p class=\"mdp-timeliner-description\">\n            <span><\/span>\n            <span style=\"font-weight: 400\">Parallelamente<\/span> <span style=\"font-weight: 400\">al progetto ITACA, viene creata e messa online una petizione pubblica per\u00a0 chiedere che la Venere Biomeccanica venga riconosciuta come opera d\u2019arte pubblica e gli venga trovato un posto definitivo all\u2019interno del ex meccanotessile, una volta riqualificato e ristrutturato, indipendentemente dalla sua destinazione d\u2019uso. La petizione fu firmata da pi\u00f9 di 200 persone.<\/span>            <span><\/span>\n        <\/p>\n              <\/div>\n       <\/div>\n\n    \n       <div class=\"timeline__item\">\n            <div class=\"timeline__content\">\n                \n        <img decoding=\"async\" src=\"https:\/\/venerala.org\/wp-content\/uploads\/2025\/03\/favoloska.jpg\"\n             class=\"mdp-timeliner-image\"\n             alt=\"\"\/>\n\n                <h3 class=\"mdp-timeliner-title\">\n            <span><\/span>\n            Settembre 2023 - Il Pride Favoloska.            <span><\/span>\n        <\/h3>\n            <p class=\"mdp-timeliner-description\">\n            <span><\/span>\n            <span style=\"font-weight: 400\">Sabato 30 settembre 2023, il pride Favoloska giunge in via Taddeo Alderotti. Una transumanza di bassi, calze a rete, alcol, seni scoperti, rabbia, gioia, colore, dolore,<\/span><span style=\"font-weight: 400\">emancipazione, liberazione, staziona davanti alle ex Galilei. Lentamente, attraverso un varco nella rete metallica, la gente inizia a confluire dentro l'edificio. Lo scenario \u00e8 di una strana e affascinante purezza post-apocalittica: una foresta simmetrica di centinaia di altissimi pali di metallo sorreggono come una cattedrale gotica il soffitto di vetro e cemento, i resti dello squat, bottiglie, materassi, lattine; i profili delle persone scompaiono e ricompaiono alla luce della strobo.<\/span>            <span><\/span>\n        <\/p>\n              <\/div>\n       <\/div>\n\n                    <\/div>\n            <\/div>\n        <\/div>\n\n        <script>jQuery( window ).on( 'elementor\/frontend\/init', function(){window.MDPTimeliner_73388fb = function () {elementorFrontend.hooks.addAction( 'frontend\/element_ready\/global', function() {jQuery('#mdp-timeline-73388fb').timeline({\nverticalStartPosition: 'left',\nverticalTrigger: '87'\n}); });}; \nwindow.MDPTimeliner_73388fb();});<\/script>\n\n        <!-- End Timeliner WordPress Plugin -->\n\t    \t\t\t\t<\/div>\n\t\t\t\t<\/div>\n\t\t\t\t\t<\/div>\n\t\t\t\t<\/div>\n\t\t<div class=\"elementor-element elementor-element-fbe7938 e-flex e-con-boxed e-con e-parent\" data-id=\"fbe7938\" data-element_type=\"container\" data-e-type=\"container\">\n\t\t\t\t\t<div class=\"e-con-inner\">\n\t\t<div class=\"elementor-element elementor-element-b0a3966 e-con-full e-flex e-con e-child\" data-id=\"b0a3966\" data-element_type=\"container\" data-e-type=\"container\">\n\t\t\t\t<div class=\"elementor-element elementor-element-a2424fd elementor-widget elementor-widget-heading\" data-id=\"a2424fd\" data-element_type=\"widget\" data-e-type=\"widget\" data-widget_type=\"heading.default\">\n\t\t\t\t<div class=\"elementor-widget-container\">\n\t\t\t\t\t<h6 class=\"elementor-heading-title elementor-size-default\">Condividi questo contenuto<\/h6>\t\t\t\t<\/div>\n\t\t\t\t<\/div>\n\t\t\t\t<div class=\"elementor-element elementor-element-da19b39 elementor-share-buttons--view-icon elementor-share-buttons--skin-flat elementor-share-buttons--color-custom elementor-share-buttons--shape-square elementor-grid-0 elementor-widget elementor-widget-share-buttons\" data-id=\"da19b39\" data-element_type=\"widget\" data-e-type=\"widget\" data-widget_type=\"share-buttons.default\">\n\t\t\t\t<div class=\"elementor-widget-container\">\n\t\t\t\t\t\t\t<div class=\"elementor-grid\" role=\"list\">\n\t\t\t\t\t\t\t\t<div class=\"elementor-grid-item\" role=\"listitem\">\n\t\t\t\t\t\t<div class=\"elementor-share-btn elementor-share-btn_facebook\" role=\"button\" tabindex=\"0\" aria-label=\"Condividi su facebook\">\n\t\t\t\t\t\t\t\t\t\t\t\t\t\t\t<span class=\"elementor-share-btn__icon\">\n\t\t\t\t\t\t\t\t<i class=\"fab fa-facebook\" aria-hidden=\"true\"><\/i>\t\t\t\t\t\t\t<\/span>\n\t\t\t\t\t\t\t\t\t\t\t\t\t\t\t\t\t\t\t\t<\/div>\n\t\t\t\t\t<\/div>\n\t\t\t\t\t\t\t\t\t<div class=\"elementor-grid-item\" role=\"listitem\">\n\t\t\t\t\t\t<div class=\"elementor-share-btn elementor-share-btn_whatsapp\" role=\"button\" tabindex=\"0\" aria-label=\"Condividi su whatsapp\">\n\t\t\t\t\t\t\t\t\t\t\t\t\t\t\t<span class=\"elementor-share-btn__icon\">\n\t\t\t\t\t\t\t\t<i class=\"fab fa-whatsapp\" aria-hidden=\"true\"><\/i>\t\t\t\t\t\t\t<\/span>\n\t\t\t\t\t\t\t\t\t\t\t\t\t\t\t\t\t\t\t\t<\/div>\n\t\t\t\t\t<\/div>\n\t\t\t\t\t\t\t\t\t<div class=\"elementor-grid-item\" role=\"listitem\">\n\t\t\t\t\t\t<div class=\"elementor-share-btn elementor-share-btn_telegram\" role=\"button\" tabindex=\"0\" aria-label=\"Condividi su telegram\">\n\t\t\t\t\t\t\t\t\t\t\t\t\t\t\t<span class=\"elementor-share-btn__icon\">\n\t\t\t\t\t\t\t\t<i class=\"fab fa-telegram\" aria-hidden=\"true\"><\/i>\t\t\t\t\t\t\t<\/span>\n\t\t\t\t\t\t\t\t\t\t\t\t\t\t\t\t\t\t\t\t<\/div>\n\t\t\t\t\t<\/div>\n\t\t\t\t\t\t<\/div>\n\t\t\t\t\t\t<\/div>\n\t\t\t\t<\/div>\n\t\t\t\t<\/div>\n\t\t<div class=\"elementor-element elementor-element-1f43ecc e-con-full e-flex e-con e-child\" data-id=\"1f43ecc\" data-element_type=\"container\" data-e-type=\"container\">\n\t\t\t\t<div class=\"elementor-element elementor-element-a696b2c elementor-align-right elementor-widget elementor-widget-button\" data-id=\"a696b2c\" data-element_type=\"widget\" data-e-type=\"widget\" data-widget_type=\"button.default\">\n\t\t\t\t<div class=\"elementor-widget-container\">\n\t\t\t\t\t\t\t\t\t<div class=\"elementor-button-wrapper\">\n\t\t\t\t\t<a class=\"elementor-button elementor-button-link elementor-size-sm\" href=\"https:\/\/venerala.org\">\n\t\t\t\t\t\t<span class=\"elementor-button-content-wrapper\">\n\t\t\t\t\t\t\t\t\t<span class=\"elementor-button-text\">torna alla home<\/span>\n\t\t\t\t\t<\/span>\n\t\t\t\t\t<\/a>\n\t\t\t\t<\/div>\n\t\t\t\t\t\t\t\t<\/div>\n\t\t\t\t<\/div>\n\t\t\t\t<\/div>\n\t\t\t\t\t<\/div>\n\t\t\t\t<\/div>\n\t\t\t\t<\/div>\n\t\t","protected":false},"excerpt":{"rendered":"<p>Storia della Dea 2000 &#8211; L&#039;Ex-Meccanotessile futuro Centro delle Arti Contemporanee Il 17 Aprile del 2000, dopo decenni di attesa, la Giunta Comunale approva il progetto esecutivo con delibera n. 488. Si realizzano tesi di laurea sul tema seguite direttamente dalla Commissione speciale sul Meccanotessile che organizza, insieme all\u2019Assessore alla Cultura del Comune di Firenze, [&hellip;]<\/p>\n","protected":false},"author":1,"featured_media":0,"parent":0,"menu_order":0,"comment_status":"closed","ping_status":"closed","template":"elementor_canvas","meta":{"_acf_changed":false,"footnotes":""},"class_list":["post-159","page","type-page","status-publish","hentry"],"acf":[],"yoast_head":"<!-- This site is optimized with the Yoast SEO plugin v27.5 - https:\/\/yoast.com\/product\/yoast-seo-wordpress\/ -->\n<title>time-line - veneraLA<\/title>\n<meta name=\"robots\" content=\"index, follow, max-snippet:-1, max-image-preview:large, max-video-preview:-1\" \/>\n<link rel=\"canonical\" href=\"https:\/\/venerala.org\/?page_id=159\" \/>\n<meta property=\"og:locale\" content=\"it_IT\" \/>\n<meta property=\"og:type\" content=\"article\" \/>\n<meta property=\"og:title\" content=\"time-line - veneraLA\" \/>\n<meta property=\"og:description\" content=\"Storia della Dea 2000 &#8211; L&#039;Ex-Meccanotessile futuro Centro delle Arti Contemporanee Il 17 Aprile del 2000, dopo decenni di attesa, la Giunta Comunale approva il progetto esecutivo con delibera n. 488. Si realizzano tesi di laurea sul tema seguite direttamente dalla Commissione speciale sul Meccanotessile che organizza, insieme all\u2019Assessore alla Cultura del Comune di Firenze, [&hellip;]\" \/>\n<meta property=\"og:url\" content=\"https:\/\/venerala.org\/?page_id=159\" \/>\n<meta property=\"og:site_name\" content=\"veneraLA\" \/>\n<meta property=\"article:modified_time\" content=\"2025-04-14T20:50:05+00:00\" \/>\n<meta property=\"og:image\" content=\"https:\/\/venerala.org\/wp-content\/uploads\/2025\/03\/meccanotessile1.jpg\" \/>\n<meta name=\"twitter:card\" content=\"summary_large_image\" \/>\n<meta name=\"twitter:label1\" content=\"Tempo di lettura stimato\" \/>\n\t<meta name=\"twitter:data1\" content=\"8 minuti\" \/>\n<script type=\"application\/ld+json\" class=\"yoast-schema-graph\">{\"@context\":\"https:\\\/\\\/schema.org\",\"@graph\":[{\"@type\":\"WebPage\",\"@id\":\"https:\\\/\\\/venerala.org\\\/?page_id=159\",\"url\":\"https:\\\/\\\/venerala.org\\\/?page_id=159\",\"name\":\"time-line - veneraLA\",\"isPartOf\":{\"@id\":\"https:\\\/\\\/venerala.org\\\/#website\"},\"primaryImageOfPage\":{\"@id\":\"https:\\\/\\\/venerala.org\\\/?page_id=159#primaryimage\"},\"image\":{\"@id\":\"https:\\\/\\\/venerala.org\\\/?page_id=159#primaryimage\"},\"thumbnailUrl\":\"https:\\\/\\\/venerala.org\\\/wp-content\\\/uploads\\\/2025\\\/03\\\/meccanotessile1.jpg\",\"datePublished\":\"2025-03-21T10:16:30+00:00\",\"dateModified\":\"2025-04-14T20:50:05+00:00\",\"breadcrumb\":{\"@id\":\"https:\\\/\\\/venerala.org\\\/?page_id=159#breadcrumb\"},\"inLanguage\":\"it-IT\",\"potentialAction\":[{\"@type\":\"ReadAction\",\"target\":[\"https:\\\/\\\/venerala.org\\\/?page_id=159\"]}]},{\"@type\":\"ImageObject\",\"inLanguage\":\"it-IT\",\"@id\":\"https:\\\/\\\/venerala.org\\\/?page_id=159#primaryimage\",\"url\":\"https:\\\/\\\/venerala.org\\\/wp-content\\\/uploads\\\/2025\\\/03\\\/meccanotessile1.jpg\",\"contentUrl\":\"https:\\\/\\\/venerala.org\\\/wp-content\\\/uploads\\\/2025\\\/03\\\/meccanotessile1.jpg\",\"width\":720,\"height\":720},{\"@type\":\"BreadcrumbList\",\"@id\":\"https:\\\/\\\/venerala.org\\\/?page_id=159#breadcrumb\",\"itemListElement\":[{\"@type\":\"ListItem\",\"position\":1,\"name\":\"Home\",\"item\":\"https:\\\/\\\/venerala.org\\\/\"},{\"@type\":\"ListItem\",\"position\":2,\"name\":\"time-line\"}]},{\"@type\":\"WebSite\",\"@id\":\"https:\\\/\\\/venerala.org\\\/#website\",\"url\":\"https:\\\/\\\/venerala.org\\\/\",\"name\":\"veneraLA\",\"description\":\"l&#039;odissea continua...\",\"publisher\":{\"@id\":\"https:\\\/\\\/venerala.org\\\/#organization\"},\"potentialAction\":[{\"@type\":\"SearchAction\",\"target\":{\"@type\":\"EntryPoint\",\"urlTemplate\":\"https:\\\/\\\/venerala.org\\\/?s={search_term_string}\"},\"query-input\":{\"@type\":\"PropertyValueSpecification\",\"valueRequired\":true,\"valueName\":\"search_term_string\"}}],\"inLanguage\":\"it-IT\"},{\"@type\":\"Organization\",\"@id\":\"https:\\\/\\\/venerala.org\\\/#organization\",\"name\":\"veneraLA\",\"url\":\"https:\\\/\\\/venerala.org\\\/\",\"logo\":{\"@type\":\"ImageObject\",\"inLanguage\":\"it-IT\",\"@id\":\"https:\\\/\\\/venerala.org\\\/#\\\/schema\\\/logo\\\/image\\\/\",\"url\":\"https:\\\/\\\/venerala.org\\\/wp-content\\\/uploads\\\/2025\\\/03\\\/favicon-venere-80.jpg\",\"contentUrl\":\"https:\\\/\\\/venerala.org\\\/wp-content\\\/uploads\\\/2025\\\/03\\\/favicon-venere-80.jpg\",\"width\":512,\"height\":512,\"caption\":\"veneraLA\"},\"image\":{\"@id\":\"https:\\\/\\\/venerala.org\\\/#\\\/schema\\\/logo\\\/image\\\/\"}}]}<\/script>\n<!-- \/ Yoast SEO plugin. -->","yoast_head_json":{"title":"time-line - veneraLA","robots":{"index":"index","follow":"follow","max-snippet":"max-snippet:-1","max-image-preview":"max-image-preview:large","max-video-preview":"max-video-preview:-1"},"canonical":"https:\/\/venerala.org\/?page_id=159","og_locale":"it_IT","og_type":"article","og_title":"time-line - veneraLA","og_description":"Storia della Dea 2000 &#8211; L&#039;Ex-Meccanotessile futuro Centro delle Arti Contemporanee Il 17 Aprile del 2000, dopo decenni di attesa, la Giunta Comunale approva il progetto esecutivo con delibera n. 488. Si realizzano tesi di laurea sul tema seguite direttamente dalla Commissione speciale sul Meccanotessile che organizza, insieme all\u2019Assessore alla Cultura del Comune di Firenze, [&hellip;]","og_url":"https:\/\/venerala.org\/?page_id=159","og_site_name":"veneraLA","article_modified_time":"2025-04-14T20:50:05+00:00","og_image":[{"url":"https:\/\/venerala.org\/wp-content\/uploads\/2025\/03\/meccanotessile1.jpg","type":"","width":"","height":""}],"twitter_card":"summary_large_image","twitter_misc":{"Tempo di lettura stimato":"8 minuti"},"schema":{"@context":"https:\/\/schema.org","@graph":[{"@type":"WebPage","@id":"https:\/\/venerala.org\/?page_id=159","url":"https:\/\/venerala.org\/?page_id=159","name":"time-line - veneraLA","isPartOf":{"@id":"https:\/\/venerala.org\/#website"},"primaryImageOfPage":{"@id":"https:\/\/venerala.org\/?page_id=159#primaryimage"},"image":{"@id":"https:\/\/venerala.org\/?page_id=159#primaryimage"},"thumbnailUrl":"https:\/\/venerala.org\/wp-content\/uploads\/2025\/03\/meccanotessile1.jpg","datePublished":"2025-03-21T10:16:30+00:00","dateModified":"2025-04-14T20:50:05+00:00","breadcrumb":{"@id":"https:\/\/venerala.org\/?page_id=159#breadcrumb"},"inLanguage":"it-IT","potentialAction":[{"@type":"ReadAction","target":["https:\/\/venerala.org\/?page_id=159"]}]},{"@type":"ImageObject","inLanguage":"it-IT","@id":"https:\/\/venerala.org\/?page_id=159#primaryimage","url":"https:\/\/venerala.org\/wp-content\/uploads\/2025\/03\/meccanotessile1.jpg","contentUrl":"https:\/\/venerala.org\/wp-content\/uploads\/2025\/03\/meccanotessile1.jpg","width":720,"height":720},{"@type":"BreadcrumbList","@id":"https:\/\/venerala.org\/?page_id=159#breadcrumb","itemListElement":[{"@type":"ListItem","position":1,"name":"Home","item":"https:\/\/venerala.org\/"},{"@type":"ListItem","position":2,"name":"time-line"}]},{"@type":"WebSite","@id":"https:\/\/venerala.org\/#website","url":"https:\/\/venerala.org\/","name":"veneraLA","description":"l&#039;odissea continua...","publisher":{"@id":"https:\/\/venerala.org\/#organization"},"potentialAction":[{"@type":"SearchAction","target":{"@type":"EntryPoint","urlTemplate":"https:\/\/venerala.org\/?s={search_term_string}"},"query-input":{"@type":"PropertyValueSpecification","valueRequired":true,"valueName":"search_term_string"}}],"inLanguage":"it-IT"},{"@type":"Organization","@id":"https:\/\/venerala.org\/#organization","name":"veneraLA","url":"https:\/\/venerala.org\/","logo":{"@type":"ImageObject","inLanguage":"it-IT","@id":"https:\/\/venerala.org\/#\/schema\/logo\/image\/","url":"https:\/\/venerala.org\/wp-content\/uploads\/2025\/03\/favicon-venere-80.jpg","contentUrl":"https:\/\/venerala.org\/wp-content\/uploads\/2025\/03\/favicon-venere-80.jpg","width":512,"height":512,"caption":"veneraLA"},"image":{"@id":"https:\/\/venerala.org\/#\/schema\/logo\/image\/"}}]}},"_links":{"self":[{"href":"https:\/\/venerala.org\/index.php?rest_route=\/wp\/v2\/pages\/159","targetHints":{"allow":["GET"]}}],"collection":[{"href":"https:\/\/venerala.org\/index.php?rest_route=\/wp\/v2\/pages"}],"about":[{"href":"https:\/\/venerala.org\/index.php?rest_route=\/wp\/v2\/types\/page"}],"author":[{"embeddable":true,"href":"https:\/\/venerala.org\/index.php?rest_route=\/wp\/v2\/users\/1"}],"replies":[{"embeddable":true,"href":"https:\/\/venerala.org\/index.php?rest_route=%2Fwp%2Fv2%2Fcomments&post=159"}],"version-history":[{"count":84,"href":"https:\/\/venerala.org\/index.php?rest_route=\/wp\/v2\/pages\/159\/revisions"}],"predecessor-version":[{"id":1205,"href":"https:\/\/venerala.org\/index.php?rest_route=\/wp\/v2\/pages\/159\/revisions\/1205"}],"wp:attachment":[{"href":"https:\/\/venerala.org\/index.php?rest_route=%2Fwp%2Fv2%2Fmedia&parent=159"}],"curies":[{"name":"wp","href":"https:\/\/api.w.org\/{rel}","templated":true}]}}