{"id":2234,"date":"2025-11-11T18:23:54","date_gmt":"2025-11-11T17:23:54","guid":{"rendered":"https:\/\/venerala.org\/?post_type=approfondimenti&#038;p=2234"},"modified":"2025-11-11T19:16:28","modified_gmt":"2025-11-11T18:16:28","slug":"il-cerchio-intorno-alla-venere","status":"publish","type":"approfondimenti","link":"https:\/\/venerala.org\/?approfondimenti=il-cerchio-intorno-alla-venere","title":{"rendered":"Il cerchio intorno alla Venere"},"content":{"rendered":"<p class=\"p1\">Questo cerchio \u00e8 il frutto di un percorso iniziato il 29 marzo 2025, quando la\u00a0<b>Venere Biomeccanica<\/b>\u00a0\u00e8 stata risvegliata da un torpore durato due decenni. Riteniamo che la connessione dell\u2019<b>assemblea<\/b><a href=\"http:\/\/venerala.org\/\"><span class=\"s1\">\u00a0<b>venerala.org<\/b><\/span><\/a>\u00a0con la\u00a0<b>rete di collettivi Wish Parade<\/b>, ossia la\u00a0<b>convergenza<\/b>\u00a0che ha alimentato questa esperienza, sia significativa per almeno due aspetti: l\u2019eterogeneit\u00e0 delle persone coinvolte e, soprattutto, l<b>\u2019intergenerazionalit\u00e0<\/b>\u00a0di tale riunione.<\/p>\n<p class=\"p1\">Nata sull\u2019onda della resistenza alla rinnovata repressione anti-rave, elettrizzata dalla possibilit\u00e0 di comunicare mediante un linguaggio meticcio tale da smuovere le nuove generazioni verso la mobilitazione, la rete Wish Parade sta portando avanti un graduale percorso di\u00a0<b>politicizzazione intersezionale<\/b>\u00a0dei collettivi e delle collettive artistiche che la animano. L\u2019evoluzione delle azioni compiute nell\u2019ultimo anno tra presidi sonori e street parade ne \u00e8 la traccia.<\/p>\n<p class=\"p1\">L\u2019assemblea di recente formazione<a href=\"http:\/\/venerala.org\/\"><span class=\"s1\">\u00a0venerala.org<\/span><\/a>\u00a0\u00e8 invece una miscela variamente composita; al proprio interno, infatti, c\u2019\u00e8 chi nel 2003 faceva parte di\u00a0<b>Netwip \u2013 Odissea PER lo spazio<\/b>\u00a0(il movimento che scelse di occupare l\u2019ex Meccanotessile di Firenze per la creazione del cantiere da cui \u00e8 poi sorta la Venere); fanno parte dell\u2019assemblea alcune figure che hanno attraverso diverse esperienze di autogestione e occupazione a Firenze; infine, l\u2019assemblea \u00e8 composta da persone singole quali\u00a0<b>attivist3, artist3\u00a0e studios3<\/b>\u00a0i cui contributi rendono l\u2019amalgama specialmente proteiforme.<\/p>\n<p class=\"p1\">\u00c8 opportuno soffermarsi sulle affinit\u00e0 che legano<a href=\"http:\/\/venerala.org\/\"><span class=\"s1\">\u00a0venerala.org<\/span><\/a>\u00a0e la rete Wish Parade. Tali analogie si riassumono nel\u00a0<b>Workshop<\/b>\u00a0che si \u00e8 svolto il 27 giugno 2025 presso il Cecco Rivolta, durante la tre giorni di celebrazione dei 25 anni di vita collettiva del \u201cghetto supergiovani antinoia\u201d. Il Workshop si \u00e8 focalizzato sull\u2019uso temporaneo degli spazi come opportunit\u00e0 per riattivare desideri collettivi e\u00a0<b>pratiche di autogestione<\/b>, ed \u00e8 stato un punto di snodo fondamentale per tentare di iniziare a mettere in pratica le riflessioni politiche comuni emerse.<\/p>\n<p class=\"p1\">Oltre a questa attivit\u00e0 laboratoriale, quali sono gli altri punti di contatto fra la rete di collettivi Wish Parade e l\u2019assemblea\u00a0<a href=\"http:\/\/venerala.org\/\"><span class=\"s1\">venerala.org<\/span><\/a>?<\/p>\n<p class=\"p1\">Un primo punto risiede nei contenuti del\u00a0<b>manifesto<\/b>\u00a0prodotto dalla rete di collettivi Wish Parade. Il manifesto mette in chiaro la volont\u00e0 della rete di auto-rappresentarsi al cospetto delle dinamiche politiche locali, al fine di avanzare tre richieste per sopperire alla mancanza dei servizi messi a disposizione della cultura dal basso: la\u00a0<b>concessione di uno spazio<\/b>\u00a0che, smarcandosi dalla messa a rendita dei luoghi di aggregazione sociale, legittimi le pratiche di autogestione; il rifinanziamento del progetto Extreme portato avanti dalla Cooperativa Sociale CAT; l\u2019ampliamento del servizio notturno offerto dal trasporto pubblico locale e la fornitura di bagni pubblici.<\/p>\n<p class=\"p1\">Un secondo punto si basa sui valori e gli ideali che hanno segnato le azioni di chi oggi fa parte dell\u2019assemblea<a href=\"http:\/\/venerala.org\/\"><span class=\"s1\">\u00a0venerala.org<\/span><\/a>\u00a0(e ieri ha dato corpo alle istanze di vari movimenti dal basso): la riconquista del\u00a0<b>diritto collettivo, autogestito e non mercificato agli spazi<\/b>; il contrasto dei progetti speculativi che nel presente (come nel passato) devastano (hanno devastato) la citt\u00e0 di Firenze, rendendola una terribile Disneyland del Rinascimento a dimensione dei grandi capitali; un uso sociale degli spazi e delle risorse pubbliche; l\u2019autogestione delle esperienze artistiche, culturali e politiche.<\/p>\n<p class=\"p1\">Un terzo punto consiste nel realizzare che il\u00a0<b>contatto fra realt\u00e0 distinte<\/b>, ossia l\u2019intersezione tra gruppi di persone di et\u00e0, estrazione e formazione differenti, sia assolutamente necessario per pensare di poter opporre una resistenza in grado di creare un\u2019<b>alternativa al paradigma politico-economico neoliberista<\/b>\u00a0che svuota di umanit\u00e0 le societ\u00e0 occidentali.<\/p>\n<p class=\"p1\">Una precisazione: quest\u2019ultima osservazione non vuole giustificare un\u2019esaltazione a priori dell\u2019incontro che \u00e8 avvenuto fra la rete di collettivi Wish Parade e l\u2019assemblea<a href=\"http:\/\/venerala.org\/\"><span class=\"s1\">\u00a0venerala.org<\/span><\/a>; chiunque sia portatore\/portatrice di spirito critico e di memoria, infatti, potr\u00e0 (se vorr\u00e0) cogliere certe\u00a0<b>contraddizioni<\/b>\u00a0legate alla ri-attualizzazione della Venere Biomeccanica. Ma questo non significa doverle trattare come\u00a0<b>aporie<\/b>, come impossibilit\u00e0 di soluzione delle contraddizioni. Piuttosto come fonte vitale per pensarsi nel mondo.<\/p>\n<p class=\"p1\"><b>Prendersi<\/b>\u00a0<b>cura<\/b>\u00a0di possibili contraddizioni rappresenta una possibilit\u00e0 di far convergere le istanze dei diversi movimenti sociali. Ed \u00e8 in quest\u2019ottica che, da quando abbiamo celebrato la recente gravi-danza della Venere, ci siamo moss3\u00a0insieme a lei in luoghi diversi e significativi: il presidio permanente dell\u2019<b>ex-GKN<\/b>; la fattoria senza padroni\u00a0<b>Mondeggi Bene Comune<\/b>; le strade di Firenze e i prati del Parco delle Cascine; il Cecco Rivolta; il Lumen\u2026 e poi? In corteo il 6 settembre a Milano per reagire allo sgombero del centro sociale occupato\u00a0<b>Leoncavallo<\/b>? In difesa di un picchetto sindacale? Per celebrare un nuovo cantiere sociale autogestito? Chiss\u00e0.<\/p>\n<p class=\"p1\">Quel che \u00e8 certo \u00e8 che la Venere Biomeccanica \u00e8 di nuovo<b>\u00a0in viaggio<\/b>\u00a0per avviare ed esplorare nuove connessioni, e noi siamo\u00a0<i>semplicemente<\/i>\u00a0a disposizione di questa espansione. Fiducios3\u00a0che solo cos\u00ec possa innescarsi un\u2019intenzione collettiva di\u00a0<b>ri-unione dei saperi e delle pratiche\u00a0<\/b>di resistenza. Superando insieme quegli ostacoli abilmente architettati per disinnescare le convergenze tra i movimenti dal basso che lottano per un\u00a0<b>mondo migliore<\/b>.<\/p>\n<p class=\"p1\">Ringraziando Lumen per l\u2019ospitalit\u00e0, concludiamo ricordando che questo cerchio vuole essere un\u00a0<b>insieme plurale<\/b>\u00a0di voci e idee. Vuole essere inclusivo e stimolare una partecipazione cosciente e desiderante. Per rendere sempre pi\u00f9 reale l\u2019orizzonte di uno spazio pubblico orizzontalmente autogestito che sia\u00a0<i>safer<\/i>\u00a0e, di conseguenza, a disposizione di tutt3.<\/p>\n<p class=\"p1\">Per questo motivo, in continuit\u00e0 con il Workshop di giugno al Cecco Rivolta, il cerchio di oggi ambisce a dare vita ad un \u201c<b>laboratorio politico generativo<\/b>\u201d. I prossimi momenti di confronto si terranno il 14 e il 21 settembre, sempre qui, al Lumen; sar\u00e0 l\u2019occasione di tentare, con chi vorr\u00e0 esserci, di ideare e strutturare un autunno in cui cresca il livello del\u00a0<b>conflitto<\/b>, se a Firenze continuer\u00e0 ad essere ignorato il valore della socialit\u00e0 auto organizzata.<\/p>\n","protected":false},"excerpt":{"rendered":"<p>Questo cerchio non \u00e8 un evento, ma un processo.\u00a0Non un luogo chiuso, ma una chiamata aperta a chi sente la necessit\u00e0 di nuove convergenze, di nuove forme di resistenza, di una socialit\u00e0 libera dalle logiche di rendita e di mercato. Vi invitiamo a portare le vostre voci, idee, visioni, perch\u00e9 il cerchio sia davvero corale, desiderante e proteiforme.<\/p>\n","protected":false},"featured_media":2240,"template":"","class_list":["post-2234","approfondimenti","type-approfondimenti","status-publish","has-post-thumbnail","hentry"],"acf":{"photo_gallery":{"gallery-approfondimenti":[[{"id":2243,"title":"gallery-laboratorio57","caption":"","full_image_url":"https:\/\/venerala.org\/wp-content\/uploads\/2025\/11\/gallery-laboratorio57.jpg","thumbnail_image_url":"https:\/\/venerala.org\/wp-content\/uploads\/2025\/11\/gallery-laboratorio57-150x150.jpg","large_srcset":"https:\/\/venerala.org\/wp-content\/uploads\/2025\/11\/gallery-laboratorio57.jpg 900w, https:\/\/venerala.org\/wp-content\/uploads\/2025\/11\/gallery-laboratorio57-300x200.jpg 300w, https:\/\/venerala.org\/wp-content\/uploads\/2025\/11\/gallery-laboratorio57-768x512.jpg 768w","medium_srcset":"https:\/\/venerala.org\/wp-content\/uploads\/2025\/11\/gallery-laboratorio57-300x200.jpg 300w, https:\/\/venerala.org\/wp-content\/uploads\/2025\/11\/gallery-laboratorio57-768x512.jpg 768w, https:\/\/venerala.org\/wp-content\/uploads\/2025\/11\/gallery-laboratorio57.jpg 900w","media_details":{"width":900,"height":600,"sizes":{"medium":{"file":"gallery-laboratorio57-300x200.jpg","width":300,"height":200,"mime-type":"image\/jpeg","filesize":21704,"source_url":"https:\/\/venerala.org\/wp-content\/uploads\/2025\/11\/gallery-laboratorio57-300x200.jpg"},"thumbnail":{"file":"gallery-laboratorio57-150x150.jpg","width":150,"height":150,"mime-type":"image\/jpeg","filesize":16215,"source_url":"https:\/\/venerala.org\/wp-content\/uploads\/2025\/11\/gallery-laboratorio57-150x150.jpg"},"medium_large":{"file":"gallery-laboratorio57-768x512.jpg","width":768,"height":512,"mime-type":"image\/jpeg","filesize":61274,"source_url":"https:\/\/venerala.org\/wp-content\/uploads\/2025\/11\/gallery-laboratorio57-768x512.jpg"}}},"alt_text":"","url":"","target":""},{"id":2242,"title":"gallery-laboratorio59","caption":"","full_image_url":"https:\/\/venerala.org\/wp-content\/uploads\/2025\/11\/gallery-laboratorio59.jpg","thumbnail_image_url":"https:\/\/venerala.org\/wp-content\/uploads\/2025\/11\/gallery-laboratorio59-150x150.jpg","large_srcset":"https:\/\/venerala.org\/wp-content\/uploads\/2025\/11\/gallery-laboratorio59.jpg 600w, https:\/\/venerala.org\/wp-content\/uploads\/2025\/11\/gallery-laboratorio59-200x300.jpg 200w","medium_srcset":"https:\/\/venerala.org\/wp-content\/uploads\/2025\/11\/gallery-laboratorio59-200x300.jpg 200w, https:\/\/venerala.org\/wp-content\/uploads\/2025\/11\/gallery-laboratorio59.jpg 600w","media_details":{"width":600,"height":900,"sizes":{"medium":{"file":"gallery-laboratorio59-200x300.jpg","width":200,"height":300,"mime-type":"image\/jpeg","filesize":27022,"source_url":"https:\/\/venerala.org\/wp-content\/uploads\/2025\/11\/gallery-laboratorio59-200x300.jpg"},"thumbnail":{"file":"gallery-laboratorio59-150x150.jpg","width":150,"height":150,"mime-type":"image\/jpeg","filesize":20173,"source_url":"https:\/\/venerala.org\/wp-content\/uploads\/2025\/11\/gallery-laboratorio59-150x150.jpg"}}},"alt_text":"","url":"","target":""},{"id":2241,"title":"gallery-laboratorio58","caption":"","full_image_url":"https:\/\/venerala.org\/wp-content\/uploads\/2025\/11\/gallery-laboratorio58.jpg","thumbnail_image_url":"https:\/\/venerala.org\/wp-content\/uploads\/2025\/11\/gallery-laboratorio58-150x150.jpg","large_srcset":"https:\/\/venerala.org\/wp-content\/uploads\/2025\/11\/gallery-laboratorio58.jpg 600w, https:\/\/venerala.org\/wp-content\/uploads\/2025\/11\/gallery-laboratorio58-200x300.jpg 200w","medium_srcset":"https:\/\/venerala.org\/wp-content\/uploads\/2025\/11\/gallery-laboratorio58-200x300.jpg 200w, https:\/\/venerala.org\/wp-content\/uploads\/2025\/11\/gallery-laboratorio58.jpg 600w","media_details":{"width":600,"height":900,"sizes":{"medium":{"file":"gallery-laboratorio58-200x300.jpg","width":200,"height":300,"mime-type":"image\/jpeg","filesize":21340,"source_url":"https:\/\/venerala.org\/wp-content\/uploads\/2025\/11\/gallery-laboratorio58-200x300.jpg"},"thumbnail":{"file":"gallery-laboratorio58-150x150.jpg","width":150,"height":150,"mime-type":"image\/jpeg","filesize":15755,"source_url":"https:\/\/venerala.org\/wp-content\/uploads\/2025\/11\/gallery-laboratorio58-150x150.jpg"}}},"alt_text":"","url":"","target":""}]]}},"yoast_head":"<!-- This site is optimized with the Yoast SEO plugin v27.5 - https:\/\/yoast.com\/product\/yoast-seo-wordpress\/ -->\n<title>Il cerchio intorno alla Venere - veneraLA<\/title>\n<meta name=\"robots\" content=\"index, follow, max-snippet:-1, max-image-preview:large, max-video-preview:-1\" \/>\n<link rel=\"canonical\" href=\"https:\/\/venerala.org\/?approfondimenti=il-cerchio-intorno-alla-venere\" \/>\n<meta property=\"og:locale\" content=\"it_IT\" \/>\n<meta property=\"og:type\" content=\"article\" \/>\n<meta property=\"og:title\" content=\"Il cerchio intorno alla Venere - veneraLA\" \/>\n<meta property=\"og:description\" content=\"Questo cerchio non \u00e8 un evento, ma un processo.\u00a0Non un luogo chiuso, ma una chiamata aperta a chi sente la necessit\u00e0 di nuove convergenze, di nuove forme di resistenza, di una socialit\u00e0 libera dalle logiche di rendita e di mercato. Vi invitiamo a portare le vostre voci, idee, visioni, perch\u00e9 il cerchio sia davvero corale, desiderante e proteiforme.\" \/>\n<meta property=\"og:url\" content=\"https:\/\/venerala.org\/?approfondimenti=il-cerchio-intorno-alla-venere\" \/>\n<meta property=\"og:site_name\" content=\"veneraLA\" \/>\n<meta property=\"article:modified_time\" content=\"2025-11-11T18:16:28+00:00\" \/>\n<meta property=\"og:image\" content=\"https:\/\/venerala.org\/wp-content\/uploads\/2025\/11\/copertina-laboratorio56.jpg\" \/>\n\t<meta property=\"og:image:width\" content=\"900\" \/>\n\t<meta property=\"og:image:height\" content=\"600\" \/>\n\t<meta property=\"og:image:type\" content=\"image\/jpeg\" \/>\n<meta name=\"twitter:card\" content=\"summary_large_image\" \/>\n<meta name=\"twitter:label1\" content=\"Tempo di lettura stimato\" \/>\n\t<meta name=\"twitter:data1\" content=\"6 minuti\" \/>\n<script type=\"application\/ld+json\" class=\"yoast-schema-graph\">{\"@context\":\"https:\\\/\\\/schema.org\",\"@graph\":[{\"@type\":\"WebPage\",\"@id\":\"https:\\\/\\\/venerala.org\\\/?approfondimenti=il-cerchio-intorno-alla-venere\",\"url\":\"https:\\\/\\\/venerala.org\\\/?approfondimenti=il-cerchio-intorno-alla-venere\",\"name\":\"Il cerchio intorno alla Venere - veneraLA\",\"isPartOf\":{\"@id\":\"https:\\\/\\\/venerala.org\\\/#website\"},\"primaryImageOfPage\":{\"@id\":\"https:\\\/\\\/venerala.org\\\/?approfondimenti=il-cerchio-intorno-alla-venere#primaryimage\"},\"image\":{\"@id\":\"https:\\\/\\\/venerala.org\\\/?approfondimenti=il-cerchio-intorno-alla-venere#primaryimage\"},\"thumbnailUrl\":\"https:\\\/\\\/venerala.org\\\/wp-content\\\/uploads\\\/2025\\\/11\\\/copertina-laboratorio56.jpg\",\"datePublished\":\"2025-11-11T17:23:54+00:00\",\"dateModified\":\"2025-11-11T18:16:28+00:00\",\"breadcrumb\":{\"@id\":\"https:\\\/\\\/venerala.org\\\/?approfondimenti=il-cerchio-intorno-alla-venere#breadcrumb\"},\"inLanguage\":\"it-IT\",\"potentialAction\":[{\"@type\":\"ReadAction\",\"target\":[\"https:\\\/\\\/venerala.org\\\/?approfondimenti=il-cerchio-intorno-alla-venere\"]}]},{\"@type\":\"ImageObject\",\"inLanguage\":\"it-IT\",\"@id\":\"https:\\\/\\\/venerala.org\\\/?approfondimenti=il-cerchio-intorno-alla-venere#primaryimage\",\"url\":\"https:\\\/\\\/venerala.org\\\/wp-content\\\/uploads\\\/2025\\\/11\\\/copertina-laboratorio56.jpg\",\"contentUrl\":\"https:\\\/\\\/venerala.org\\\/wp-content\\\/uploads\\\/2025\\\/11\\\/copertina-laboratorio56.jpg\",\"width\":900,\"height\":600},{\"@type\":\"BreadcrumbList\",\"@id\":\"https:\\\/\\\/venerala.org\\\/?approfondimenti=il-cerchio-intorno-alla-venere#breadcrumb\",\"itemListElement\":[{\"@type\":\"ListItem\",\"position\":1,\"name\":\"Home\",\"item\":\"https:\\\/\\\/venerala.org\\\/\"},{\"@type\":\"ListItem\",\"position\":2,\"name\":\"approfondimenti\",\"item\":\"https:\\\/\\\/venerala.org\\\/?post_type=approfondimenti\"},{\"@type\":\"ListItem\",\"position\":3,\"name\":\"Il cerchio intorno alla Venere\"}]},{\"@type\":\"WebSite\",\"@id\":\"https:\\\/\\\/venerala.org\\\/#website\",\"url\":\"https:\\\/\\\/venerala.org\\\/\",\"name\":\"veneraLA\",\"description\":\"l&#039;odissea continua...\",\"publisher\":{\"@id\":\"https:\\\/\\\/venerala.org\\\/#organization\"},\"potentialAction\":[{\"@type\":\"SearchAction\",\"target\":{\"@type\":\"EntryPoint\",\"urlTemplate\":\"https:\\\/\\\/venerala.org\\\/?s={search_term_string}\"},\"query-input\":{\"@type\":\"PropertyValueSpecification\",\"valueRequired\":true,\"valueName\":\"search_term_string\"}}],\"inLanguage\":\"it-IT\"},{\"@type\":\"Organization\",\"@id\":\"https:\\\/\\\/venerala.org\\\/#organization\",\"name\":\"veneraLA\",\"url\":\"https:\\\/\\\/venerala.org\\\/\",\"logo\":{\"@type\":\"ImageObject\",\"inLanguage\":\"it-IT\",\"@id\":\"https:\\\/\\\/venerala.org\\\/#\\\/schema\\\/logo\\\/image\\\/\",\"url\":\"https:\\\/\\\/venerala.org\\\/wp-content\\\/uploads\\\/2025\\\/03\\\/favicon-venere-80.jpg\",\"contentUrl\":\"https:\\\/\\\/venerala.org\\\/wp-content\\\/uploads\\\/2025\\\/03\\\/favicon-venere-80.jpg\",\"width\":512,\"height\":512,\"caption\":\"veneraLA\"},\"image\":{\"@id\":\"https:\\\/\\\/venerala.org\\\/#\\\/schema\\\/logo\\\/image\\\/\"}}]}<\/script>\n<!-- \/ Yoast SEO plugin. -->","yoast_head_json":{"title":"Il cerchio intorno alla Venere - veneraLA","robots":{"index":"index","follow":"follow","max-snippet":"max-snippet:-1","max-image-preview":"max-image-preview:large","max-video-preview":"max-video-preview:-1"},"canonical":"https:\/\/venerala.org\/?approfondimenti=il-cerchio-intorno-alla-venere","og_locale":"it_IT","og_type":"article","og_title":"Il cerchio intorno alla Venere - veneraLA","og_description":"Questo cerchio non \u00e8 un evento, ma un processo.\u00a0Non un luogo chiuso, ma una chiamata aperta a chi sente la necessit\u00e0 di nuove convergenze, di nuove forme di resistenza, di una socialit\u00e0 libera dalle logiche di rendita e di mercato. Vi invitiamo a portare le vostre voci, idee, visioni, perch\u00e9 il cerchio sia davvero corale, desiderante e proteiforme.","og_url":"https:\/\/venerala.org\/?approfondimenti=il-cerchio-intorno-alla-venere","og_site_name":"veneraLA","article_modified_time":"2025-11-11T18:16:28+00:00","og_image":[{"width":900,"height":600,"url":"https:\/\/venerala.org\/wp-content\/uploads\/2025\/11\/copertina-laboratorio56.jpg","type":"image\/jpeg"}],"twitter_card":"summary_large_image","twitter_misc":{"Tempo di lettura stimato":"6 minuti"},"schema":{"@context":"https:\/\/schema.org","@graph":[{"@type":"WebPage","@id":"https:\/\/venerala.org\/?approfondimenti=il-cerchio-intorno-alla-venere","url":"https:\/\/venerala.org\/?approfondimenti=il-cerchio-intorno-alla-venere","name":"Il cerchio intorno alla Venere - veneraLA","isPartOf":{"@id":"https:\/\/venerala.org\/#website"},"primaryImageOfPage":{"@id":"https:\/\/venerala.org\/?approfondimenti=il-cerchio-intorno-alla-venere#primaryimage"},"image":{"@id":"https:\/\/venerala.org\/?approfondimenti=il-cerchio-intorno-alla-venere#primaryimage"},"thumbnailUrl":"https:\/\/venerala.org\/wp-content\/uploads\/2025\/11\/copertina-laboratorio56.jpg","datePublished":"2025-11-11T17:23:54+00:00","dateModified":"2025-11-11T18:16:28+00:00","breadcrumb":{"@id":"https:\/\/venerala.org\/?approfondimenti=il-cerchio-intorno-alla-venere#breadcrumb"},"inLanguage":"it-IT","potentialAction":[{"@type":"ReadAction","target":["https:\/\/venerala.org\/?approfondimenti=il-cerchio-intorno-alla-venere"]}]},{"@type":"ImageObject","inLanguage":"it-IT","@id":"https:\/\/venerala.org\/?approfondimenti=il-cerchio-intorno-alla-venere#primaryimage","url":"https:\/\/venerala.org\/wp-content\/uploads\/2025\/11\/copertina-laboratorio56.jpg","contentUrl":"https:\/\/venerala.org\/wp-content\/uploads\/2025\/11\/copertina-laboratorio56.jpg","width":900,"height":600},{"@type":"BreadcrumbList","@id":"https:\/\/venerala.org\/?approfondimenti=il-cerchio-intorno-alla-venere#breadcrumb","itemListElement":[{"@type":"ListItem","position":1,"name":"Home","item":"https:\/\/venerala.org\/"},{"@type":"ListItem","position":2,"name":"approfondimenti","item":"https:\/\/venerala.org\/?post_type=approfondimenti"},{"@type":"ListItem","position":3,"name":"Il cerchio intorno alla Venere"}]},{"@type":"WebSite","@id":"https:\/\/venerala.org\/#website","url":"https:\/\/venerala.org\/","name":"veneraLA","description":"l&#039;odissea continua...","publisher":{"@id":"https:\/\/venerala.org\/#organization"},"potentialAction":[{"@type":"SearchAction","target":{"@type":"EntryPoint","urlTemplate":"https:\/\/venerala.org\/?s={search_term_string}"},"query-input":{"@type":"PropertyValueSpecification","valueRequired":true,"valueName":"search_term_string"}}],"inLanguage":"it-IT"},{"@type":"Organization","@id":"https:\/\/venerala.org\/#organization","name":"veneraLA","url":"https:\/\/venerala.org\/","logo":{"@type":"ImageObject","inLanguage":"it-IT","@id":"https:\/\/venerala.org\/#\/schema\/logo\/image\/","url":"https:\/\/venerala.org\/wp-content\/uploads\/2025\/03\/favicon-venere-80.jpg","contentUrl":"https:\/\/venerala.org\/wp-content\/uploads\/2025\/03\/favicon-venere-80.jpg","width":512,"height":512,"caption":"veneraLA"},"image":{"@id":"https:\/\/venerala.org\/#\/schema\/logo\/image\/"}}]}},"_links":{"self":[{"href":"https:\/\/venerala.org\/index.php?rest_route=\/wp\/v2\/approfondimenti\/2234","targetHints":{"allow":["GET"]}}],"collection":[{"href":"https:\/\/venerala.org\/index.php?rest_route=\/wp\/v2\/approfondimenti"}],"about":[{"href":"https:\/\/venerala.org\/index.php?rest_route=\/wp\/v2\/types\/approfondimenti"}],"wp:featuredmedia":[{"embeddable":true,"href":"https:\/\/venerala.org\/index.php?rest_route=\/wp\/v2\/media\/2240"}],"wp:attachment":[{"href":"https:\/\/venerala.org\/index.php?rest_route=%2Fwp%2Fv2%2Fmedia&parent=2234"}],"curies":[{"name":"wp","href":"https:\/\/api.w.org\/{rel}","templated":true}]}}